{"id":187,"date":"2022-10-18T09:51:06","date_gmt":"2022-10-18T07:51:06","guid":{"rendered":"https:\/\/lp-interentreprises.com\/?page_id=187"},"modified":"2026-03-31T10:00:14","modified_gmt":"2026-03-31T08:00:14","slug":"article-de-presse","status":"publish","type":"page","link":"https:\/\/lp-interentreprises.com\/index.php\/article-de-presse\/","title":{"rendered":"PRESSE"},"content":{"rendered":"\t\t<div data-elementor-type=\"wp-page\" data-elementor-id=\"187\" class=\"elementor elementor-187\">\n\t\t\t\t\t\t<section class=\"elementor-section elementor-top-section elementor-element elementor-element-84ab24b elementor-section-boxed elementor-section-height-default elementor-section-height-default\" data-id=\"84ab24b\" data-element_type=\"section\">\n\t\t\t\t\t\t<div class=\"elementor-container elementor-column-gap-default\">\n\t\t\t\t\t<div class=\"elementor-column elementor-col-100 elementor-top-column elementor-element elementor-element-f5add91\" data-id=\"f5add91\" data-element_type=\"column\">\n\t\t\t<div class=\"elementor-widget-wrap elementor-element-populated\">\n\t\t\t\t\t\t<div class=\"elementor-element elementor-element-c017f9d elementor-widget-divider--view-line elementor-widget elementor-widget-divider\" data-id=\"c017f9d\" data-element_type=\"widget\" data-widget_type=\"divider.default\">\n\t\t\t\t<div class=\"elementor-widget-container\">\n\t\t\t<style>\/*! elementor - v3.22.0 - 24-06-2024 *\/\n.elementor-widget-divider{--divider-border-style:none;--divider-border-width:1px;--divider-color:#0c0d0e;--divider-icon-size:20px;--divider-element-spacing:10px;--divider-pattern-height:24px;--divider-pattern-size:20px;--divider-pattern-url:none;--divider-pattern-repeat:repeat-x}.elementor-widget-divider .elementor-divider{display:flex}.elementor-widget-divider .elementor-divider__text{font-size:15px;line-height:1;max-width:95%}.elementor-widget-divider .elementor-divider__element{margin:0 var(--divider-element-spacing);flex-shrink:0}.elementor-widget-divider .elementor-icon{font-size:var(--divider-icon-size)}.elementor-widget-divider .elementor-divider-separator{display:flex;margin:0;direction:ltr}.elementor-widget-divider--view-line_icon .elementor-divider-separator,.elementor-widget-divider--view-line_text .elementor-divider-separator{align-items:center}.elementor-widget-divider--view-line_icon .elementor-divider-separator:after,.elementor-widget-divider--view-line_icon .elementor-divider-separator:before,.elementor-widget-divider--view-line_text .elementor-divider-separator:after,.elementor-widget-divider--view-line_text .elementor-divider-separator:before{display:block;content:\"\";border-block-end:0;flex-grow:1;border-block-start:var(--divider-border-width) var(--divider-border-style) var(--divider-color)}.elementor-widget-divider--element-align-left .elementor-divider .elementor-divider-separator>.elementor-divider__svg:first-of-type{flex-grow:0;flex-shrink:100}.elementor-widget-divider--element-align-left .elementor-divider-separator:before{content:none}.elementor-widget-divider--element-align-left .elementor-divider__element{margin-left:0}.elementor-widget-divider--element-align-right .elementor-divider .elementor-divider-separator>.elementor-divider__svg:last-of-type{flex-grow:0;flex-shrink:100}.elementor-widget-divider--element-align-right .elementor-divider-separator:after{content:none}.elementor-widget-divider--element-align-right .elementor-divider__element{margin-right:0}.elementor-widget-divider--element-align-start .elementor-divider .elementor-divider-separator>.elementor-divider__svg:first-of-type{flex-grow:0;flex-shrink:100}.elementor-widget-divider--element-align-start .elementor-divider-separator:before{content:none}.elementor-widget-divider--element-align-start .elementor-divider__element{margin-inline-start:0}.elementor-widget-divider--element-align-end .elementor-divider .elementor-divider-separator>.elementor-divider__svg:last-of-type{flex-grow:0;flex-shrink:100}.elementor-widget-divider--element-align-end .elementor-divider-separator:after{content:none}.elementor-widget-divider--element-align-end .elementor-divider__element{margin-inline-end:0}.elementor-widget-divider:not(.elementor-widget-divider--view-line_text):not(.elementor-widget-divider--view-line_icon) .elementor-divider-separator{border-block-start:var(--divider-border-width) var(--divider-border-style) var(--divider-color)}.elementor-widget-divider--separator-type-pattern{--divider-border-style:none}.elementor-widget-divider--separator-type-pattern.elementor-widget-divider--view-line .elementor-divider-separator,.elementor-widget-divider--separator-type-pattern:not(.elementor-widget-divider--view-line) .elementor-divider-separator:after,.elementor-widget-divider--separator-type-pattern:not(.elementor-widget-divider--view-line) .elementor-divider-separator:before,.elementor-widget-divider--separator-type-pattern:not([class*=elementor-widget-divider--view]) .elementor-divider-separator{width:100%;min-height:var(--divider-pattern-height);-webkit-mask-size:var(--divider-pattern-size) 100%;mask-size:var(--divider-pattern-size) 100%;-webkit-mask-repeat:var(--divider-pattern-repeat);mask-repeat:var(--divider-pattern-repeat);background-color:var(--divider-color);-webkit-mask-image:var(--divider-pattern-url);mask-image:var(--divider-pattern-url)}.elementor-widget-divider--no-spacing{--divider-pattern-size:auto}.elementor-widget-divider--bg-round{--divider-pattern-repeat:round}.rtl .elementor-widget-divider .elementor-divider__text{direction:rtl}.e-con-inner>.elementor-widget-divider,.e-con>.elementor-widget-divider{width:var(--container-widget-width,100%);--flex-grow:var(--container-widget-flex-grow)}<\/style>\t\t<div class=\"elementor-divider\">\n\t\t\t<span class=\"elementor-divider-separator\">\n\t\t\t\t\t\t<\/span>\n\t\t<\/div>\n\t\t\t\t<\/div>\n\t\t\t\t<\/div>\n\t\t\t\t\t<\/div>\n\t\t<\/div>\n\t\t\t\t\t<\/div>\n\t\t<\/section>\n\t\t\t\t<section class=\"elementor-section elementor-top-section elementor-element elementor-element-432133a elementor-section-content-middle elementor-section-stretched elementor-section-boxed elementor-section-height-default elementor-section-height-default\" data-id=\"432133a\" data-element_type=\"section\" data-settings=\"{&quot;stretch_section&quot;:&quot;section-stretched&quot;,&quot;background_background&quot;:&quot;classic&quot;}\">\n\t\t\t\t\t\t<div class=\"elementor-container elementor-column-gap-no\">\n\t\t\t\t\t<div class=\"elementor-column elementor-col-100 elementor-top-column elementor-element elementor-element-44dc65d\" data-id=\"44dc65d\" data-element_type=\"column\">\n\t\t\t<div class=\"elementor-widget-wrap elementor-element-populated\">\n\t\t\t\t\t\t<div class=\"elementor-element elementor-element-b2cf796 elementor-widget elementor-widget-image\" data-id=\"b2cf796\" data-element_type=\"widget\" data-widget_type=\"image.default\">\n\t\t\t\t<div class=\"elementor-widget-container\">\n\t\t\t<style>\/*! elementor - v3.22.0 - 24-06-2024 *\/\n.elementor-widget-image{text-align:center}.elementor-widget-image a{display:inline-block}.elementor-widget-image a img[src$=\".svg\"]{width:48px}.elementor-widget-image img{vertical-align:middle;display:inline-block}<\/style>\t\t\t\t\t\t\t\t\t\t<img fetchpriority=\"high\" decoding=\"async\" width=\"1030\" height=\"654\" src=\"https:\/\/lp-interentreprises.com\/wp-content\/uploads\/2026\/03\/Capture-decran-2026-03-31-a-10.12.56.png\" class=\"attachment-full size-full wp-image-3508\" alt=\"\" srcset=\"https:\/\/lp-interentreprises.com\/wp-content\/uploads\/2026\/03\/Capture-decran-2026-03-31-a-10.12.56.png 1030w, https:\/\/lp-interentreprises.com\/wp-content\/uploads\/2026\/03\/Capture-decran-2026-03-31-a-10.12.56-300x190.png 300w, https:\/\/lp-interentreprises.com\/wp-content\/uploads\/2026\/03\/Capture-decran-2026-03-31-a-10.12.56-1024x650.png 1024w, https:\/\/lp-interentreprises.com\/wp-content\/uploads\/2026\/03\/Capture-decran-2026-03-31-a-10.12.56-768x488.png 768w\" sizes=\"(max-width: 1030px) 100vw, 1030px\" \/>\t\t\t\t\t\t\t\t\t\t\t\t\t<\/div>\n\t\t\t\t<\/div>\n\t\t\t\t<div class=\"elementor-element elementor-element-b67dec8 elementor-widget elementor-widget-heading\" data-id=\"b67dec8\" data-element_type=\"widget\" data-widget_type=\"heading.default\">\n\t\t\t\t<div class=\"elementor-widget-container\">\n\t\t\t<style>\/*! elementor - v3.22.0 - 24-06-2024 *\/\n.elementor-heading-title{padding:0;margin:0;line-height:1}.elementor-widget-heading .elementor-heading-title[class*=elementor-size-]>a{color:inherit;font-size:inherit;line-height:inherit}.elementor-widget-heading .elementor-heading-title.elementor-size-small{font-size:15px}.elementor-widget-heading .elementor-heading-title.elementor-size-medium{font-size:19px}.elementor-widget-heading .elementor-heading-title.elementor-size-large{font-size:29px}.elementor-widget-heading .elementor-heading-title.elementor-size-xl{font-size:39px}.elementor-widget-heading .elementor-heading-title.elementor-size-xxl{font-size:59px}<\/style><h3 class=\"elementor-heading-title elementor-size-medium\">Le lyc\u00e9e professionnel a fait d\u00e9couvrir ses installations et ses fili\u00e8res<\/h3>\t\t<\/div>\n\t\t\t\t<\/div>\n\t\t\t\t<div class=\"elementor-element elementor-element-3e146a7 elementor-widget__width-initial elementor-widget elementor-widget-text-editor\" data-id=\"3e146a7\" data-element_type=\"widget\" data-widget_type=\"text-editor.default\">\n\t\t\t\t<div class=\"elementor-widget-container\">\n\t\t\t<style>\/*! elementor - v3.22.0 - 24-06-2024 *\/\n.elementor-widget-text-editor.elementor-drop-cap-view-stacked .elementor-drop-cap{background-color:#69727d;color:#fff}.elementor-widget-text-editor.elementor-drop-cap-view-framed .elementor-drop-cap{color:#69727d;border:3px solid;background-color:transparent}.elementor-widget-text-editor:not(.elementor-drop-cap-view-default) .elementor-drop-cap{margin-top:8px}.elementor-widget-text-editor:not(.elementor-drop-cap-view-default) .elementor-drop-cap-letter{width:1em;height:1em}.elementor-widget-text-editor .elementor-drop-cap{float:left;text-align:center;line-height:1;font-size:50px}.elementor-widget-text-editor .elementor-drop-cap-letter{display:inline-block}<\/style>\t\t\t\t<div class=\"xdj266r x14z9mp xat24cr x1lziwak x1vvkbs x126k92a\"><div dir=\"auto\">Le lyc\u00e9e professionnel a fait d\u00e9couvrir ses installations et ses fili\u00e8res<\/div><\/div><div class=\"x14z9mp xat24cr x1lziwak x1vvkbs xtlvy1s x126k92a\"><div dir=\"auto\">La journ\u00e9e de samedi a \u00e9t\u00e9 anim\u00e9e au lyc\u00e9e professionnel interentreprises, \u00e0 l\u2019occasion des portes ouvertes. M\u00eame si l\u2019op\u00e9ration n\u2019a pas accueilli la grande foule, elle a attir\u00e9 parents et futurs \u00e9l\u00e8ves potentiels, le but de l\u2019op\u00e9ration.<\/div><\/div><div class=\"x14z9mp xat24cr x1lziwak x1vvkbs xtlvy1s x126k92a\"><div dir=\"auto\">Les deux antennes du lyc\u00e9e professionnel interentreprises de Boulay et de Faulquemont ont ouvert leurs portes de 9 h \u00e0 15 h 30, en pr\u00e9sence des \u00e9l\u00e8ves, des professeurs et de l\u2019administration, afin de r\u00e9pondre \u00e0 toutes les questions que l\u2019on peut se poser sur les formations et les d\u00e9bouch\u00e9s.<\/div><\/div>\t\t\t\t\t\t<\/div>\n\t\t\t\t<\/div>\n\t\t\t\t<div class=\"elementor-element elementor-element-e89c8ac elementor-widget elementor-widget-button\" data-id=\"e89c8ac\" data-element_type=\"widget\" data-widget_type=\"button.default\">\n\t\t\t\t<div class=\"elementor-widget-container\">\n\t\t\t\t\t<div class=\"elementor-button-wrapper\">\n\t\t\t<a class=\"elementor-button elementor-button-link elementor-size-sm\" href=\"https:\/\/c.republicain-lorrain.fr\/education\/2026\/03\/15\/le-lycee-professionnel-a-fait-decouvrir-ses-installations-et-ses-filieres\">\n\t\t\t\t\t\t<span class=\"elementor-button-content-wrapper\">\n\t\t\t\t\t\t\t\t\t<span class=\"elementor-button-text\">En savoir plus<\/span>\n\t\t\t\t\t<\/span>\n\t\t\t\t\t<\/a>\n\t\t<\/div>\n\t\t\t\t<\/div>\n\t\t\t\t<\/div>\n\t\t\t\t\t<\/div>\n\t\t<\/div>\n\t\t\t\t\t<\/div>\n\t\t<\/section>\n\t\t\t\t<section class=\"elementor-section elementor-top-section elementor-element elementor-element-f6cf3de elementor-section-content-middle elementor-section-stretched elementor-section-boxed elementor-section-height-default elementor-section-height-default\" data-id=\"f6cf3de\" data-element_type=\"section\" data-settings=\"{&quot;stretch_section&quot;:&quot;section-stretched&quot;,&quot;background_background&quot;:&quot;classic&quot;}\">\n\t\t\t\t\t\t<div class=\"elementor-container elementor-column-gap-no\">\n\t\t\t\t\t<div class=\"elementor-column elementor-col-100 elementor-top-column elementor-element elementor-element-24adfd7\" data-id=\"24adfd7\" data-element_type=\"column\">\n\t\t\t<div class=\"elementor-widget-wrap elementor-element-populated\">\n\t\t\t\t\t\t<div class=\"elementor-element elementor-element-0fdd77a elementor-widget elementor-widget-image\" data-id=\"0fdd77a\" data-element_type=\"widget\" data-widget_type=\"image.default\">\n\t\t\t\t<div class=\"elementor-widget-container\">\n\t\t\t\t\t\t\t\t\t\t\t\t\t<img decoding=\"async\" width=\"736\" height=\"488\" src=\"https:\/\/lp-interentreprises.com\/wp-content\/uploads\/2026\/03\/Capture-decran-2026-03-13-a-16.50.35.png\" class=\"attachment-full size-full wp-image-3503\" alt=\"\" srcset=\"https:\/\/lp-interentreprises.com\/wp-content\/uploads\/2026\/03\/Capture-decran-2026-03-13-a-16.50.35.png 736w, https:\/\/lp-interentreprises.com\/wp-content\/uploads\/2026\/03\/Capture-decran-2026-03-13-a-16.50.35-300x199.png 300w\" sizes=\"(max-width: 736px) 100vw, 736px\" \/>\t\t\t\t\t\t\t\t\t\t\t\t\t<\/div>\n\t\t\t\t<\/div>\n\t\t\t\t<div class=\"elementor-element elementor-element-25122fb elementor-widget elementor-widget-heading\" data-id=\"25122fb\" data-element_type=\"widget\" data-widget_type=\"heading.default\">\n\t\t\t\t<div class=\"elementor-widget-container\">\n\t\t\t<h3 class=\"elementor-heading-title elementor-size-medium\">Le lyc\u00e9e professionnel ouvre ses portes pour d\u00e9voiler les m\u00e9tiers de l\u2019industrie<\/h3>\t\t<\/div>\n\t\t\t\t<\/div>\n\t\t\t\t<div class=\"elementor-element elementor-element-ff05182 elementor-widget elementor-widget-text-editor\" data-id=\"ff05182\" data-element_type=\"widget\" data-widget_type=\"text-editor.default\">\n\t\t\t\t<div class=\"elementor-widget-container\">\n\t\t\t\t\t\t\t<p>Le lyc\u00e9e professionnel interentreprises (LPI) de Faulquemont organise une journ\u00e9e portes ouvertes ce samedi 14\u00a0mars. L\u2019occasion de d\u00e9couvrir des formations en chaudronnerie et maintenance industrielle, des secteurs en pleine \u00e9volution et porteurs d\u2019emplois.<\/p><p>\u00a0<\/p><p>\u00c0 l\u2019occasion de ces portes ouvertes, samedi 14\u00a0mars, le\u00a0<a href=\"https:\/\/www.republicain-lorrain.fr\/education\/2025\/03\/19\/le-lycee-professionnel-devoile-ses-atouts\" target=\"_blank\" rel=\"noopener\">lyc\u00e9e professionnel interentreprises (LPI)<\/a>\u00a0de Faulquemont fera d\u00e9couvrir au public deux fili\u00e8res au c\u0153ur du monde industriel\u00a0: la chaudronnerie et la maintenance industrielle.<\/p><p>\u00a0<\/p><p>\u00ab\u00a0Souvent m\u00e9connus, ces m\u00e9tiers jouent pourtant un r\u00f4le essentiel dans de nombreux secteurs comme l\u2019\u00e9nergie, le transport, l\u2019agroalimentaire, l\u2019a\u00e9ronautique ou encore la construction\u00a0\u00bb, souligne St\u00e9phane Mostefa, responsable de l\u2019\u00e9tablissement. Les chaudronniers con\u00e7oivent et fabriquent des pi\u00e8ces m\u00e9talliques indispensables aux installations industrielles, tandis que les techniciens de maintenance veillent au bon fonctionnement des machines et des syst\u00e8mes de production.<\/p>\t\t\t\t\t\t<\/div>\n\t\t\t\t<\/div>\n\t\t\t\t<div class=\"elementor-element elementor-element-b542142 elementor-widget elementor-widget-button\" data-id=\"b542142\" data-element_type=\"widget\" data-widget_type=\"button.default\">\n\t\t\t\t<div class=\"elementor-widget-container\">\n\t\t\t\t\t<div class=\"elementor-button-wrapper\">\n\t\t\t<a class=\"elementor-button elementor-button-link elementor-size-sm\" href=\"https:\/\/c.republicain-lorrain.fr\/education\/2026\/03\/12\/le-lycee-professionnel-ouvre-ses-portes-pour-devoiler-les-metiers-de-l-industrie-porteurs-d-emploi?at_content=link&#038;at_term=RepublicainLorrainSaintAvoldCreutzwald&#038;at_campaign=Facebook&#038;at_medium=Social&#038;at_source=nonli\">\n\t\t\t\t\t\t<span class=\"elementor-button-content-wrapper\">\n\t\t\t\t\t\t\t\t\t<span class=\"elementor-button-text\">En savoir plus<\/span>\n\t\t\t\t\t<\/span>\n\t\t\t\t\t<\/a>\n\t\t<\/div>\n\t\t\t\t<\/div>\n\t\t\t\t<\/div>\n\t\t\t\t\t<\/div>\n\t\t<\/div>\n\t\t\t\t\t<\/div>\n\t\t<\/section>\n\t\t\t\t<section class=\"elementor-section elementor-top-section elementor-element elementor-element-9c271b0 elementor-section-content-middle elementor-section-stretched elementor-section-boxed elementor-section-height-default elementor-section-height-default\" data-id=\"9c271b0\" data-element_type=\"section\" data-settings=\"{&quot;stretch_section&quot;:&quot;section-stretched&quot;,&quot;background_background&quot;:&quot;classic&quot;}\">\n\t\t\t\t\t\t<div class=\"elementor-container elementor-column-gap-no\">\n\t\t\t\t\t<div class=\"elementor-column elementor-col-100 elementor-top-column elementor-element elementor-element-3f8dc36\" data-id=\"3f8dc36\" data-element_type=\"column\">\n\t\t\t<div class=\"elementor-widget-wrap elementor-element-populated\">\n\t\t\t\t\t\t<div class=\"elementor-element elementor-element-a956761 elementor-widget elementor-widget-image\" data-id=\"a956761\" data-element_type=\"widget\" data-widget_type=\"image.default\">\n\t\t\t\t<div class=\"elementor-widget-container\">\n\t\t\t\t\t\t\t\t\t\t\t\t\t<img decoding=\"async\" width=\"487\" height=\"499\" src=\"https:\/\/lp-interentreprises.com\/wp-content\/uploads\/2025\/08\/Capture-decran-2025-08-31-a-13.26.40.png\" class=\"attachment-full size-full wp-image-3444\" alt=\"\" srcset=\"https:\/\/lp-interentreprises.com\/wp-content\/uploads\/2025\/08\/Capture-decran-2025-08-31-a-13.26.40.png 487w, https:\/\/lp-interentreprises.com\/wp-content\/uploads\/2025\/08\/Capture-decran-2025-08-31-a-13.26.40-293x300.png 293w\" sizes=\"(max-width: 487px) 100vw, 487px\" \/>\t\t\t\t\t\t\t\t\t\t\t\t\t<\/div>\n\t\t\t\t<\/div>\n\t\t\t\t<div class=\"elementor-element elementor-element-59a0c82 elementor-widget elementor-widget-heading\" data-id=\"59a0c82\" data-element_type=\"widget\" data-widget_type=\"heading.default\">\n\t\t\t\t<div class=\"elementor-widget-container\">\n\t\t\t<h3 class=\"elementor-heading-title elementor-size-medium\"> Lyc\u00e9e professionnel : des effectifs stables et de nouveaux mat\u00e9riels<\/h3>\t\t<\/div>\n\t\t\t\t<\/div>\n\t\t\t\t<div class=\"elementor-element elementor-element-9d294f6 elementor-widget__width-initial elementor-widget elementor-widget-text-editor\" data-id=\"9d294f6\" data-element_type=\"widget\" data-widget_type=\"text-editor.default\">\n\t\t\t\t<div class=\"elementor-widget-container\">\n\t\t\t\t\t\t\t<p>Avec 152 \u00e9l\u00e8ves attendus, le lyc\u00e9e professionnel interentreprises de Boulay et de Faulquemont enregistre une stabilit\u00e9 de ses effectifs pour la rentr\u00e9e. Le proviseur St\u00e9phane Becker se f\u00e9licite des r\u00e9sultats obtenus en 2025 et annonce de nouveaux investissements dans les outils num\u00e9riques.<\/p><div class=\"textComponent element1\"><p>St\u00e9phane Becker, proviseur du lyc\u00e9e professionnel interentreprises de Boulay et de Faulquemont, dresse un bilan positif \u00e0 l\u2019approche de la rentr\u00e9e.<\/p><p>\u00ab\u00a0Les r\u00e9sultats du Bac professionnel 2025 sont excellents, avec 100\u00a0% de r\u00e9ussite\u00a0; au niveau BTS, ils sont tr\u00e8s bons \u00e9galement, s\u2019\u00e9levant \u00e0 85\u00a0%\u00a0\u00bb, souligne-t-il. Selon lui, 90\u00a0% des \u00e9tudiants en BTS proviennent de baccalaur\u00e9ats professionnels. Les taux de r\u00e9ussite sont de 70\u00a0% pour les CAP (certificats d\u2019aptitude professionnelle) et de 67\u00a0% pour le brevet des coll\u00e8ges des \u00e9l\u00e8ves de 3<sup>e<\/sup> en pr\u00e9pa m\u00e9tiers.<\/p><p>\u00a0<\/p><\/div><div class=\"textComponent element2\"><h6><span style=\"color: #000000;\">Suivi individualis\u00e9<\/span><\/h6><p>\u00a0<\/p><p>Pour cette rentr\u00e9e, 152 \u00e9l\u00e8ves sont inscrits, un effectif comparable \u00e0 celui de l\u2019an dernier, dont 28 en centre de formation d\u2019apprentis. \u00ab\u00a0Il reste quelques places disponibles, il n\u2019est pas trop tard pour s\u2019inscrire\u00a0\u00bb, pr\u00e9cise le proviseur, rappelant que les classes accueillent au maximum 15 \u00e9l\u00e8ves, ce qui favorise un suivi individualis\u00e9. Afin de renforcer la formation aux outils num\u00e9riques en usage dans les entreprises, le lyc\u00e9e vient d\u2019acqu\u00e9rir deux \u00e9quipements de derni\u00e8re g\u00e9n\u00e9ration\u00a0: une machine de d\u00e9coupe plasma et une scie \u00e0 ruban informatis\u00e9e. Un durom\u00e8tre et un robot collaboratif viendront prochainement compl\u00e9ter ces installations.<\/p><p>\u00ab\u00a0La technique n\u2019est pas tout. Le lyc\u00e9e forme les jeunes dans leur int\u00e9gralit\u00e9, aussi bien leur savoir-\u00eatre que leurs comp\u00e9tences professionnelles\u00a0\u00bb, insiste St\u00e9phane Becker.<\/p><\/div><p>Deux d\u00e9parts \u00e0 la retraite ont \u00e9t\u00e9 enregistr\u00e9s parmi le personnel, compens\u00e9s par l\u2019arriv\u00e9e de trois enseignants et d\u2019une responsable de la vie scolaire.<\/p><p>L\u2019\u00e9tablissement, int\u00e9gr\u00e9 depuis l\u2019an dernier \u00e0 l\u2019enseignement catholique, b\u00e9n\u00e9ficie d\u00e9sormais d\u2019un acc\u00e8s \u00e9largi \u00e0 des r\u00e9seaux d\u2019\u00e9changes et d\u2019informations avec d\u2019autres structures scolaires. La rentr\u00e9e de l\u2019ensemble des \u00e9l\u00e8ves aura lieu le lundi 1<sup>er<\/sup> \u00a0septembre \u00e0 8\u00a0h\u00a030.<\/p>\t\t\t\t\t\t<\/div>\n\t\t\t\t<\/div>\n\t\t\t\t<div class=\"elementor-element elementor-element-5f08bf6 elementor-widget elementor-widget-button\" data-id=\"5f08bf6\" data-element_type=\"widget\" data-widget_type=\"button.default\">\n\t\t\t\t<div class=\"elementor-widget-container\">\n\t\t\t\t\t<div class=\"elementor-button-wrapper\">\n\t\t\t<a class=\"elementor-button elementor-button-link elementor-size-sm\" href=\"https:\/\/c.republicain-lorrain.fr\/education\/2025\/08\/30\/lycee-professionnel-des-effectifs-stables-et-de-nouveaux-materiels\">\n\t\t\t\t\t\t<span class=\"elementor-button-content-wrapper\">\n\t\t\t\t\t\t\t\t\t<span class=\"elementor-button-text\">En savoir plus<\/span>\n\t\t\t\t\t<\/span>\n\t\t\t\t\t<\/a>\n\t\t<\/div>\n\t\t\t\t<\/div>\n\t\t\t\t<\/div>\n\t\t\t\t\t<\/div>\n\t\t<\/div>\n\t\t\t\t\t<\/div>\n\t\t<\/section>\n\t\t\t\t<section class=\"elementor-section elementor-top-section elementor-element elementor-element-3c62557 elementor-section-content-middle elementor-section-stretched elementor-section-boxed elementor-section-height-default elementor-section-height-default\" data-id=\"3c62557\" data-element_type=\"section\" data-settings=\"{&quot;stretch_section&quot;:&quot;section-stretched&quot;,&quot;background_background&quot;:&quot;classic&quot;}\">\n\t\t\t\t\t\t<div class=\"elementor-container elementor-column-gap-no\">\n\t\t\t\t\t<div class=\"elementor-column elementor-col-100 elementor-top-column elementor-element elementor-element-8f44772\" data-id=\"8f44772\" data-element_type=\"column\">\n\t\t\t<div class=\"elementor-widget-wrap elementor-element-populated\">\n\t\t\t\t\t\t<div class=\"elementor-element elementor-element-39fc648 elementor-widget elementor-widget-image\" data-id=\"39fc648\" data-element_type=\"widget\" data-widget_type=\"image.default\">\n\t\t\t\t<div class=\"elementor-widget-container\">\n\t\t\t\t\t\t\t\t\t\t\t\t\t<img loading=\"lazy\" decoding=\"async\" width=\"786\" height=\"704\" src=\"https:\/\/lp-interentreprises.com\/wp-content\/uploads\/2025\/03\/Capture-decran-2025-03-21-a-18.00.52.png\" class=\"attachment-full size-full wp-image-3419\" alt=\"\" srcset=\"https:\/\/lp-interentreprises.com\/wp-content\/uploads\/2025\/03\/Capture-decran-2025-03-21-a-18.00.52.png 786w, https:\/\/lp-interentreprises.com\/wp-content\/uploads\/2025\/03\/Capture-decran-2025-03-21-a-18.00.52-300x269.png 300w, https:\/\/lp-interentreprises.com\/wp-content\/uploads\/2025\/03\/Capture-decran-2025-03-21-a-18.00.52-768x688.png 768w\" sizes=\"(max-width: 786px) 100vw, 786px\" \/>\t\t\t\t\t\t\t\t\t\t\t\t\t<\/div>\n\t\t\t\t<\/div>\n\t\t\t\t<div class=\"elementor-element elementor-element-a638653 elementor-widget elementor-widget-heading\" data-id=\"a638653\" data-element_type=\"widget\" data-widget_type=\"heading.default\">\n\t\t\t\t<div class=\"elementor-widget-container\">\n\t\t\t<h3 class=\"elementor-heading-title elementor-size-medium\">Le lyc\u00e9e professionnel d\u00e9voile ses atouts<\/h3>\t\t<\/div>\n\t\t\t\t<\/div>\n\t\t\t\t<div class=\"elementor-element elementor-element-e40c886 elementor-widget elementor-widget-text-editor\" data-id=\"e40c886\" data-element_type=\"widget\" data-widget_type=\"text-editor.default\">\n\t\t\t\t<div class=\"elementor-widget-container\">\n\t\t\t\t\t\t\t<p>Les enseignants et \u00e9l\u00e8ves du lyc\u00e9e professionnel interentreprises (LPI) se sont mobilis\u00e9s \u00e0 l\u2019occasion des portes ouvertes de l\u2019\u00e9tablissement de Faulquemont. Une op\u00e9ration qui a rencontr\u00e9 un franc succ\u00e8s, attirant de nombreux visiteurs.<\/p><p>\u00a0<\/p><p>\u00ab\u00a0L\u2019objectif de cette journ\u00e9e \u00e9tait de pr\u00e9senter nos fili\u00e8res industrielles sur nos deux sites, Faulquemont et Boulay\u00a0\u00bb, explique St\u00e9phane Mostefa, responsable de l\u2019antenne du LPI (lyc\u00e9e professionnel interentreprises) de Faulquemont. Sur ce site, les formations propos\u00e9es incluent le bac pro technicien en chaudronnerie industrielle (TCI), et dans la continuit\u00e9 le BTS conception et r\u00e9alisation en chaudronnerie industrielle, le BTS maintenance des syst\u00e8mes (MS) et la 3<sup>e<\/sup> Pr\u00e9pa m\u00e9tiers, qui pr\u00e9pare les \u00e9l\u00e8ves aux formations professionnelles.<\/p><p>\u00a0<\/p><p>Du c\u00f4t\u00e9 de Boulay, le lyc\u00e9e propose le bac pro technicien en r\u00e9alisation de produits m\u00e9caniques (TRPM) \u2013 option r\u00e9alisation et suivi de production, le bac pro maintenance, le CAP \u00e9lectricien, le CAP serrurier-m\u00e9tallier et une 3e Pr\u00e9pa m\u00e9tiers.<\/p>\t\t\t\t\t\t<\/div>\n\t\t\t\t<\/div>\n\t\t\t\t<div class=\"elementor-element elementor-element-6a23aff elementor-widget elementor-widget-button\" data-id=\"6a23aff\" data-element_type=\"widget\" data-widget_type=\"button.default\">\n\t\t\t\t<div class=\"elementor-widget-container\">\n\t\t\t\t\t<div class=\"elementor-button-wrapper\">\n\t\t\t<a class=\"elementor-button elementor-button-link elementor-size-sm\" href=\"https:\/\/c.republicain-lorrain.fr\/education\/2025\/03\/19\/le-lycee-professionnel-devoile-ses-atouts\">\n\t\t\t\t\t\t<span class=\"elementor-button-content-wrapper\">\n\t\t\t\t\t\t\t\t\t<span class=\"elementor-button-text\">En savoir plus<\/span>\n\t\t\t\t\t<\/span>\n\t\t\t\t\t<\/a>\n\t\t<\/div>\n\t\t\t\t<\/div>\n\t\t\t\t<\/div>\n\t\t\t\t\t<\/div>\n\t\t<\/div>\n\t\t\t\t\t<\/div>\n\t\t<\/section>\n\t\t\t\t<section class=\"elementor-section elementor-top-section elementor-element elementor-element-e762e39 elementor-section-content-middle elementor-section-stretched elementor-section-boxed elementor-section-height-default elementor-section-height-default\" data-id=\"e762e39\" data-element_type=\"section\" data-settings=\"{&quot;stretch_section&quot;:&quot;section-stretched&quot;,&quot;background_background&quot;:&quot;classic&quot;}\">\n\t\t\t\t\t\t<div class=\"elementor-container elementor-column-gap-no\">\n\t\t\t\t\t<div class=\"elementor-column elementor-col-100 elementor-top-column elementor-element elementor-element-c574ce6\" data-id=\"c574ce6\" data-element_type=\"column\">\n\t\t\t<div class=\"elementor-widget-wrap elementor-element-populated\">\n\t\t\t\t\t\t<div class=\"elementor-element elementor-element-cf8b732 elementor-widget elementor-widget-image\" data-id=\"cf8b732\" data-element_type=\"widget\" data-widget_type=\"image.default\">\n\t\t\t\t<div class=\"elementor-widget-container\">\n\t\t\t\t\t\t\t\t\t\t\t\t\t<img loading=\"lazy\" decoding=\"async\" width=\"875\" height=\"704\" src=\"https:\/\/lp-interentreprises.com\/wp-content\/uploads\/2025\/03\/Capture-decran-2025-03-17-a-15.46.41.png\" class=\"attachment-full size-full wp-image-3411\" alt=\"\" srcset=\"https:\/\/lp-interentreprises.com\/wp-content\/uploads\/2025\/03\/Capture-decran-2025-03-17-a-15.46.41.png 875w, https:\/\/lp-interentreprises.com\/wp-content\/uploads\/2025\/03\/Capture-decran-2025-03-17-a-15.46.41-300x241.png 300w, https:\/\/lp-interentreprises.com\/wp-content\/uploads\/2025\/03\/Capture-decran-2025-03-17-a-15.46.41-768x618.png 768w\" sizes=\"(max-width: 875px) 100vw, 875px\" \/>\t\t\t\t\t\t\t\t\t\t\t\t\t<\/div>\n\t\t\t\t<\/div>\n\t\t\t\t<div class=\"elementor-element elementor-element-bce94af elementor-widget elementor-widget-heading\" data-id=\"bce94af\" data-element_type=\"widget\" data-widget_type=\"heading.default\">\n\t\t\t\t<div class=\"elementor-widget-container\">\n\t\t\t<h3 class=\"elementor-heading-title elementor-size-medium\"> Le LPI ouvre ses portes sur l\u2019avenir en accueillant de futurs \u00e9l\u00e8ves<\/h3>\t\t<\/div>\n\t\t\t\t<\/div>\n\t\t\t\t<div class=\"elementor-element elementor-element-865a9c8 elementor-widget__width-initial elementor-widget elementor-widget-text-editor\" data-id=\"865a9c8\" data-element_type=\"widget\" data-widget_type=\"text-editor.default\">\n\t\t\t\t<div class=\"elementor-widget-container\">\n\t\t\t\t\t\t\t<p>Le lyc\u00e9e professionnel Interentreprises de Boulay &#8211; Bouzonville &#8211; Faulquemont a ouvert ses portes samedi. Une journ\u00e9e qui a permis de d\u00e9couvrir les orientations d\u2019avenir de l\u2019\u00e9tablissement.<\/p><p><br><\/p>\n<p>Ils ont bien montr\u00e9 leur attachement \u00e0 l\u2019\u00e9tablissement&nbsp;: sous la conduite de St\u00e9phane Becker, proviseur \u00e0 la t\u00eate des deux sites de Boulay et Faulquemont, les \u00e9lus ont profit\u00e9 d\u2019une visite comment\u00e9e des lieux. Avec bien s\u00fbr Jean-Michel Brun, pr\u00e9sident de la CCHPB chapeautant le lyc\u00e9e, Philippe Schutz, maire de Boulay et Armel Chabanne de Bouzonville.<\/p><p><br><\/p>\n<p>Une d\u00e9couverte des locaux pour certains, une plong\u00e9e dans les innovations pour les autres, avec les explications des professeurs et des \u00e9l\u00e8ves, en formation et m\u00eame des anciens, heureux d\u2019avoir l\u2019opportunit\u00e9 de mettre en valeur leur travail. Le public, parents et peut-\u00eatre futurs \u00e9l\u00e8ves, \u00e9tait bien au rendez-vous et n\u2019a pas boud\u00e9 son plaisir ni ses demandes de pr\u00e9cisions concernant les cursus de formation.<\/p>\n<p><br><\/p>\t\t\t\t\t\t<\/div>\n\t\t\t\t<\/div>\n\t\t\t\t<div class=\"elementor-element elementor-element-46a4c15 elementor-widget elementor-widget-button\" data-id=\"46a4c15\" data-element_type=\"widget\" data-widget_type=\"button.default\">\n\t\t\t\t<div class=\"elementor-widget-container\">\n\t\t\t\t\t<div class=\"elementor-button-wrapper\">\n\t\t\t<a class=\"elementor-button elementor-button-link elementor-size-sm\" href=\"https:\/\/c.republicain-lorrain.fr\/education\/2025\/03\/16\/le-lpi-ouvre-ses-portes-sur-l-avenir-en-accueillant-de-futurs-eleves\">\n\t\t\t\t\t\t<span class=\"elementor-button-content-wrapper\">\n\t\t\t\t\t\t\t\t\t<span class=\"elementor-button-text\">En savoir plus<\/span>\n\t\t\t\t\t<\/span>\n\t\t\t\t\t<\/a>\n\t\t<\/div>\n\t\t\t\t<\/div>\n\t\t\t\t<\/div>\n\t\t\t\t\t<\/div>\n\t\t<\/div>\n\t\t\t\t\t<\/div>\n\t\t<\/section>\n\t\t\t\t<section class=\"elementor-section elementor-top-section elementor-element elementor-element-dc28ffc elementor-section-content-middle elementor-section-stretched elementor-section-boxed elementor-section-height-default elementor-section-height-default\" data-id=\"dc28ffc\" data-element_type=\"section\" data-settings=\"{&quot;stretch_section&quot;:&quot;section-stretched&quot;,&quot;background_background&quot;:&quot;classic&quot;}\">\n\t\t\t\t\t\t<div class=\"elementor-container elementor-column-gap-no\">\n\t\t\t\t\t<div class=\"elementor-column elementor-col-100 elementor-top-column elementor-element elementor-element-31b5082\" data-id=\"31b5082\" data-element_type=\"column\">\n\t\t\t<div class=\"elementor-widget-wrap elementor-element-populated\">\n\t\t\t\t\t\t<div class=\"elementor-element elementor-element-3ce6dd0 elementor-widget elementor-widget-image\" data-id=\"3ce6dd0\" data-element_type=\"widget\" data-widget_type=\"image.default\">\n\t\t\t\t<div class=\"elementor-widget-container\">\n\t\t\t\t\t\t\t\t\t\t\t\t\t<img loading=\"lazy\" decoding=\"async\" width=\"660\" height=\"491\" src=\"https:\/\/lp-interentreprises.com\/wp-content\/uploads\/2025\/03\/Capture-decran-2025-03-13-a-20.34.22.png\" class=\"attachment-full size-full wp-image-3398\" alt=\"\" srcset=\"https:\/\/lp-interentreprises.com\/wp-content\/uploads\/2025\/03\/Capture-decran-2025-03-13-a-20.34.22.png 660w, https:\/\/lp-interentreprises.com\/wp-content\/uploads\/2025\/03\/Capture-decran-2025-03-13-a-20.34.22-300x223.png 300w\" sizes=\"(max-width: 660px) 100vw, 660px\" \/>\t\t\t\t\t\t\t\t\t\t\t\t\t<\/div>\n\t\t\t\t<\/div>\n\t\t\t\t<div class=\"elementor-element elementor-element-789514a elementor-widget elementor-widget-heading\" data-id=\"789514a\" data-element_type=\"widget\" data-widget_type=\"heading.default\">\n\t\t\t\t<div class=\"elementor-widget-container\">\n\t\t\t<h3 class=\"elementor-heading-title elementor-size-medium\">Le lyc\u00e9e professionnel interentreprises forme \u00e0 des m\u00e9tiers qui recrutent et ouvre ses portes ce samedi<\/h3>\t\t<\/div>\n\t\t\t\t<\/div>\n\t\t\t\t<div class=\"elementor-element elementor-element-a83662f elementor-widget elementor-widget-text-editor\" data-id=\"a83662f\" data-element_type=\"widget\" data-widget_type=\"text-editor.default\">\n\t\t\t\t<div class=\"elementor-widget-container\">\n\t\t\t\t\t\t\t<p>Le lyc\u00e9e professionnel interentreprises de Boulay-Moselle et Faulquemont ouvre ses portes ce samedi 15 mars de 9 h \u00e0 15 h 30 sur ses deux sites. Plusieurs formations en CAP et bac pro sont propos\u00e9es ainsi que deux BTS en alternance. Le d\u00e9tail avec St\u00e9phane Becker, chef d\u2019\u00e9tablissement.<\/p><p><br><\/p>\n<p>Quelles formations sont propos\u00e9es au lyc\u00e9e interentreprises de Boulay et Faulquemont ?<\/p>\n<p>\u00ab\u00c0 Boulay, nous proposons une 3<sup>e&nbsp;<\/sup> &nbsp;pr\u00e9pa m\u00e9tiers, deux CAP en m\u00e9tallier ou \u00e9lectricien ainsi que deux bacs pros en usinage (TRPM) et maintenance (MSPC). \u00c0 Faulquemont, nous retrouvons une 3<sup>e&nbsp;<\/sup>&nbsp;pr\u00e9pa m\u00e9tiers, un bac pro en chaudronnerie et deux BTS en alternance en maintenance et en chaudronnerie. <a href=\"https:\/\/www.republicain-lorrain.fr\/education\/2025\/02\/18\/le-lycee-professionnel-interentreprises-remonte-ses-effectifs\" target=\"_blank\" rel=\"noopener\">Nous avons 156 \u00e9l\u00e8ves r\u00e9partis<\/a> sur nos deux sites ainsi que 28 apprentis en BTS.<\/p><p><br><\/p>\n<p>Quelle est la particularit\u00e9 de votre \u00e9tablissement ?<\/p>\n<p>\u00abNous avons des classes \u00e0 faibles effectifs pour favoriser les conditions d\u2019apprentissage, notamment pour les \u00e9l\u00e8ves en difficult\u00e9. <a href=\"https:\/\/www.republicain-lorrain.fr\/education\/2024\/09\/01\/le-lycee-professionnel-interentreprises-rejoint-l-enseignement-prive-catholique-pour-la-rentree\" target=\"_blank\" rel=\"noopener\">Les m\u00e9tiers enseign\u00e9s<\/a> sont porteurs d\u2019emploi sur notre territoire. Les jeunes qui sortent de chez nous trouvent du boulot. Nous avons davantage d\u2019offres d\u2019emploi que de demandes.\u00bb<\/p>\t\t\t\t\t\t<\/div>\n\t\t\t\t<\/div>\n\t\t\t\t<div class=\"elementor-element elementor-element-889266b elementor-widget elementor-widget-button\" data-id=\"889266b\" data-element_type=\"widget\" data-widget_type=\"button.default\">\n\t\t\t\t<div class=\"elementor-widget-container\">\n\t\t\t\t\t<div class=\"elementor-button-wrapper\">\n\t\t\t<a class=\"elementor-button elementor-button-link elementor-size-sm\" href=\"https:\/\/c.republicain-lorrain.fr\/education\/2025\/03\/12\/le-lycee-professionnel-interentreprises-forme-a-des-metiers-qui-recrutent-et-ouvre-ses-portes-ce-samedi\">\n\t\t\t\t\t\t<span class=\"elementor-button-content-wrapper\">\n\t\t\t\t\t\t\t\t\t<span class=\"elementor-button-text\">En savoir plus<\/span>\n\t\t\t\t\t<\/span>\n\t\t\t\t\t<\/a>\n\t\t<\/div>\n\t\t\t\t<\/div>\n\t\t\t\t<\/div>\n\t\t\t\t\t<\/div>\n\t\t<\/div>\n\t\t\t\t\t<\/div>\n\t\t<\/section>\n\t\t\t\t<section class=\"elementor-section elementor-top-section elementor-element elementor-element-0f87594 elementor-section-content-middle elementor-section-stretched elementor-section-boxed elementor-section-height-default elementor-section-height-default\" data-id=\"0f87594\" data-element_type=\"section\" data-settings=\"{&quot;stretch_section&quot;:&quot;section-stretched&quot;,&quot;background_background&quot;:&quot;classic&quot;}\">\n\t\t\t\t\t\t<div class=\"elementor-container elementor-column-gap-no\">\n\t\t\t\t\t<div class=\"elementor-column elementor-col-100 elementor-top-column elementor-element elementor-element-a034603\" data-id=\"a034603\" data-element_type=\"column\">\n\t\t\t<div class=\"elementor-widget-wrap elementor-element-populated\">\n\t\t\t\t\t\t<div class=\"elementor-element elementor-element-f579a10 elementor-widget elementor-widget-image\" data-id=\"f579a10\" data-element_type=\"widget\" data-widget_type=\"image.default\">\n\t\t\t\t<div class=\"elementor-widget-container\">\n\t\t\t\t\t\t\t\t\t\t\t\t\t<img loading=\"lazy\" decoding=\"async\" width=\"683\" height=\"461\" src=\"https:\/\/lp-interentreprises.com\/wp-content\/uploads\/2025\/03\/Capture-decran-2025-03-13-a-20.15.36.png\" class=\"attachment-full size-full wp-image-3394\" alt=\"\" srcset=\"https:\/\/lp-interentreprises.com\/wp-content\/uploads\/2025\/03\/Capture-decran-2025-03-13-a-20.15.36.png 683w, https:\/\/lp-interentreprises.com\/wp-content\/uploads\/2025\/03\/Capture-decran-2025-03-13-a-20.15.36-300x202.png 300w\" sizes=\"(max-width: 683px) 100vw, 683px\" \/>\t\t\t\t\t\t\t\t\t\t\t\t\t<\/div>\n\t\t\t\t<\/div>\n\t\t\t\t<div class=\"elementor-element elementor-element-95185de elementor-widget elementor-widget-heading\" data-id=\"95185de\" data-element_type=\"widget\" data-widget_type=\"heading.default\">\n\t\t\t\t<div class=\"elementor-widget-container\">\n\t\t\t<h3 class=\"elementor-heading-title elementor-size-medium\">Les professeurs du LPI form\u00e9s \u00e0 la num\u00e9risation 3D<\/h3>\t\t<\/div>\n\t\t\t\t<\/div>\n\t\t\t\t<div class=\"elementor-element elementor-element-1c76f82 elementor-widget__width-initial elementor-widget elementor-widget-text-editor\" data-id=\"1c76f82\" data-element_type=\"widget\" data-widget_type=\"text-editor.default\">\n\t\t\t\t<div class=\"elementor-widget-container\">\n\t\t\t\t\t\t\t<p><span style=\"font-family: var( --e-global-typography-text-font-family ), Sans-serif;\">Cinq professeurs du lyc\u00e9e professionnel interentreprises (LPI) de Faulquemont ont suivi une formation au scanner 3D. Assur\u00e9e sur trois jours par Corentin Vilmant de la soci\u00e9t\u00e9 3D Solutions, elle leur permettra d\u2019int\u00e9grer cette technologie dans leurs enseignements.<\/span><br><\/p>\n<p><span style=\"font-family: var( --e-global-typography-text-font-family ), Sans-serif;\"><br><\/span><\/p>\n<p>\u00ab&nbsp;C\u2019est une formation qui va nous permettre d\u2019utiliser le scanner 3D et de num\u00e9riser, gr\u00e2ce \u00e0 son capteur \u00e0 infrarouge, les diff\u00e9rentes pi\u00e8ces industrielles ou autres pour les exploiter sur des logiciels de dessin assist\u00e9 par ordinateur et de conception assist\u00e9e par ordinateur&nbsp;\u00bb, pr\u00e9cise St\u00e9phane Mostefa, responsable de l\u2019antenne du LPI.<\/p><p><br><\/p>\t\t\t\t\t\t<\/div>\n\t\t\t\t<\/div>\n\t\t\t\t<div class=\"elementor-element elementor-element-56cba45 elementor-widget elementor-widget-button\" data-id=\"56cba45\" data-element_type=\"widget\" data-widget_type=\"button.default\">\n\t\t\t\t<div class=\"elementor-widget-container\">\n\t\t\t\t\t<div class=\"elementor-button-wrapper\">\n\t\t\t<a class=\"elementor-button elementor-button-link elementor-size-sm\" href=\"https:\/\/c.republicain-lorrain.fr\/education\/2025\/02\/28\/les-professeurs-du-lpi-formes-a-la-numerisation-3d\">\n\t\t\t\t\t\t<span class=\"elementor-button-content-wrapper\">\n\t\t\t\t\t\t\t\t\t<span class=\"elementor-button-text\">En savoir plus<\/span>\n\t\t\t\t\t<\/span>\n\t\t\t\t\t<\/a>\n\t\t<\/div>\n\t\t\t\t<\/div>\n\t\t\t\t<\/div>\n\t\t\t\t\t<\/div>\n\t\t<\/div>\n\t\t\t\t\t<\/div>\n\t\t<\/section>\n\t\t\t\t<section class=\"elementor-section elementor-top-section elementor-element elementor-element-ee03501 elementor-section-content-middle elementor-section-stretched elementor-section-boxed elementor-section-height-default elementor-section-height-default\" data-id=\"ee03501\" data-element_type=\"section\" data-settings=\"{&quot;stretch_section&quot;:&quot;section-stretched&quot;,&quot;background_background&quot;:&quot;classic&quot;}\">\n\t\t\t\t\t\t<div class=\"elementor-container elementor-column-gap-no\">\n\t\t\t\t\t<div class=\"elementor-column elementor-col-100 elementor-top-column elementor-element elementor-element-1d57389\" data-id=\"1d57389\" data-element_type=\"column\">\n\t\t\t<div class=\"elementor-widget-wrap elementor-element-populated\">\n\t\t\t\t\t\t<div class=\"elementor-element elementor-element-5b69db9 elementor-widget elementor-widget-image\" data-id=\"5b69db9\" data-element_type=\"widget\" data-widget_type=\"image.default\">\n\t\t\t\t<div class=\"elementor-widget-container\">\n\t\t\t\t\t\t\t\t\t\t\t\t\t<img loading=\"lazy\" decoding=\"async\" width=\"795\" height=\"472\" src=\"https:\/\/lp-interentreprises.com\/wp-content\/uploads\/2025\/03\/Capture-decran-2025-03-13-a-20.06.27.png\" class=\"attachment-full size-full wp-image-3389\" alt=\"\" srcset=\"https:\/\/lp-interentreprises.com\/wp-content\/uploads\/2025\/03\/Capture-decran-2025-03-13-a-20.06.27.png 795w, https:\/\/lp-interentreprises.com\/wp-content\/uploads\/2025\/03\/Capture-decran-2025-03-13-a-20.06.27-300x178.png 300w, https:\/\/lp-interentreprises.com\/wp-content\/uploads\/2025\/03\/Capture-decran-2025-03-13-a-20.06.27-768x456.png 768w\" sizes=\"(max-width: 795px) 100vw, 795px\" \/>\t\t\t\t\t\t\t\t\t\t\t\t\t<\/div>\n\t\t\t\t<\/div>\n\t\t\t\t<div class=\"elementor-element elementor-element-b087399 elementor-widget elementor-widget-heading\" data-id=\"b087399\" data-element_type=\"widget\" data-widget_type=\"heading.default\">\n\t\t\t\t<div class=\"elementor-widget-container\">\n\t\t\t<h3 class=\"elementor-heading-title elementor-size-medium\">Le lyc\u00e9e professionnel ouvrira ses portes le samedi 15 mars<\/h3>\t\t<\/div>\n\t\t\t\t<\/div>\n\t\t\t\t<div class=\"elementor-element elementor-element-260e1ee elementor-widget elementor-widget-text-editor\" data-id=\"260e1ee\" data-element_type=\"widget\" data-widget_type=\"text-editor.default\">\n\t\t\t\t<div class=\"elementor-widget-container\">\n\t\t\t\t\t\t\t<p>Que vous soyez parents ou \u00e9l\u00e8ves de 4<sup>e<\/sup> ou de 3<sup>e<\/sup> au coll\u00e8ge, \u00e0 la recherche d\u2019une orientation autre que l\u2019enseignement g\u00e9n\u00e9ral, le lyc\u00e9e professionnel interentreprises de Boulay &#8211; Bouzonville &#8211; Faulquemont vous attend le samedi 15\u00a0mars de 9\u00a0h \u00e0 15\u00a0h\u00a030 sur ses deux sites de Boulay et Faulquemont.<\/p><p>\u00a0<\/p><p>L\u2019occasion de d\u00e9couvrir les fili\u00e8res propos\u00e9es, du CAP au BTS, dans les m\u00e9tiers de l\u2019usinage, de la maintenance, de la m\u00e9tallerie, de la chaudronnerie ou de l\u2019\u00e9lectricit\u00e9, \u00ab\u00a0des m\u00e9tiers en tension aux dipl\u00f4mes recherch\u00e9s par les entreprises, aussi bien celles du secteur que celles de l\u2019autre c\u00f4t\u00e9 de la fronti\u00e8re, en Allemagne et au Luxembourg\u00a0\u00bb, pr\u00e9cise St\u00e9phane Becker, proviseur de l\u2019\u00e9tablissement.<\/p><p>\u00a0<\/p><p>Il poursuit\u00a0: \u00ab\u00a0Nous accueillons aussi les \u00e9l\u00e8ves de 4<sup>e<\/sup> et de 3<sup>e<\/sup>pr\u00e9paratoire, qu\u2019ils aient fait ce choix ou ne souhaitent pas poursuivre en scolarit\u00e9 g\u00e9n\u00e9rale, \u00e9tant entendu que tous les niveaux de formation jusqu\u2019\u00e0 Bac +\u00a03 peuvent leur \u00eatre accessibles, en maintenance et chaudronnerie\u00a0\u00bb.<\/p>\t\t\t\t\t\t<\/div>\n\t\t\t\t<\/div>\n\t\t\t\t<div class=\"elementor-element elementor-element-61bd9f5 elementor-widget elementor-widget-button\" data-id=\"61bd9f5\" data-element_type=\"widget\" data-widget_type=\"button.default\">\n\t\t\t\t<div class=\"elementor-widget-container\">\n\t\t\t\t\t<div class=\"elementor-button-wrapper\">\n\t\t\t<a class=\"elementor-button elementor-button-link elementor-size-sm\" href=\"https:\/\/c.republicain-lorrain.fr\/education\/2025\/03\/09\/le-lycee-professionnel-ouvrira-ses-portes-le-samedi-15-mars?fbclid=IwY2xjawJACmxleHRuA2FlbQIxMAABHVSqTlXCZJx9uuOr7oI-GwCoQB7sxbf4gQbjuugHikP0v1U6g0YXKX-xSw_aem_0uTAga5ZH0pkYW1HfQeAKQ\">\n\t\t\t\t\t\t<span class=\"elementor-button-content-wrapper\">\n\t\t\t\t\t\t\t\t\t<span class=\"elementor-button-text\">En savoir plus<\/span>\n\t\t\t\t\t<\/span>\n\t\t\t\t\t<\/a>\n\t\t<\/div>\n\t\t\t\t<\/div>\n\t\t\t\t<\/div>\n\t\t\t\t\t<\/div>\n\t\t<\/div>\n\t\t\t\t\t<\/div>\n\t\t<\/section>\n\t\t\t\t<section class=\"elementor-section elementor-top-section elementor-element elementor-element-45295de elementor-section-content-middle elementor-section-stretched elementor-section-boxed elementor-section-height-default elementor-section-height-default\" data-id=\"45295de\" data-element_type=\"section\" data-settings=\"{&quot;stretch_section&quot;:&quot;section-stretched&quot;,&quot;background_background&quot;:&quot;classic&quot;}\">\n\t\t\t\t\t\t<div class=\"elementor-container elementor-column-gap-no\">\n\t\t\t\t\t<div class=\"elementor-column elementor-col-100 elementor-top-column elementor-element elementor-element-0f1da64\" data-id=\"0f1da64\" data-element_type=\"column\">\n\t\t\t<div class=\"elementor-widget-wrap elementor-element-populated\">\n\t\t\t\t\t\t<div class=\"elementor-element elementor-element-8f5e9b3 elementor-widget elementor-widget-image\" data-id=\"8f5e9b3\" data-element_type=\"widget\" data-widget_type=\"image.default\">\n\t\t\t\t<div class=\"elementor-widget-container\">\n\t\t\t\t\t\t\t\t\t\t\t\t\t<img loading=\"lazy\" decoding=\"async\" width=\"947\" height=\"707\" src=\"https:\/\/lp-interentreprises.com\/wp-content\/uploads\/2025\/02\/Capture-decran-2025-02-23-a-10.27.11.png\" class=\"attachment-full size-full wp-image-3323\" alt=\"\" srcset=\"https:\/\/lp-interentreprises.com\/wp-content\/uploads\/2025\/02\/Capture-decran-2025-02-23-a-10.27.11.png 947w, https:\/\/lp-interentreprises.com\/wp-content\/uploads\/2025\/02\/Capture-decran-2025-02-23-a-10.27.11-300x224.png 300w, https:\/\/lp-interentreprises.com\/wp-content\/uploads\/2025\/02\/Capture-decran-2025-02-23-a-10.27.11-768x573.png 768w\" sizes=\"(max-width: 947px) 100vw, 947px\" \/>\t\t\t\t\t\t\t\t\t\t\t\t\t<\/div>\n\t\t\t\t<\/div>\n\t\t\t\t<div class=\"elementor-element elementor-element-f25a2e6 elementor-widget elementor-widget-heading\" data-id=\"f25a2e6\" data-element_type=\"widget\" data-widget_type=\"heading.default\">\n\t\t\t\t<div class=\"elementor-widget-container\">\n\t\t\t<h3 class=\"elementor-heading-title elementor-size-medium\">Le lyc\u00e9e professionnel interentreprises remonte ses effectifs<\/h3>\t\t<\/div>\n\t\t\t\t<\/div>\n\t\t\t\t<div class=\"elementor-element elementor-element-5154377 elementor-widget elementor-widget-text-editor\" data-id=\"5154377\" data-element_type=\"widget\" data-widget_type=\"text-editor.default\">\n\t\t\t\t<div class=\"elementor-widget-container\">\n\t\t\t\t\t\t\t<p><span style=\"color: #000000;\">En 2024-2025, le lyc\u00e9e professionnel interentreprises de Boulay et Faulquemont a augment\u00e9 ses effectifs de 10\u00a0%, apr\u00e8s des ann\u00e9es plus compliqu\u00e9es. Une bonne nouvelle pour cet \u00e9tablissement qui propose des fili\u00e8res allant de la 3<sup>e\u00a0<\/sup> \u00a0pr\u00e9pa m\u00e9tiers au BTS.\u00a0<\/span><\/p><p><span style=\"color: #000000;\">\u00a0<\/span><\/p><p><span style=\"color: #000000;\"><span style=\"caret-color: rgba(25, 16, 16, 0.87); font-family: Merriweather, 'Lucida Bright', Georgia, serif; text-align: left;\">Samedi 15\u00a0mars, le lyc\u00e9e professionnel interentreprises ouvrira ses portes sur ses deux sites de Boulay et Faulquemont.\u00a0<\/span><span style=\"font-family: Merriweather, 'Lucida Bright', Georgia, serif;\"><span style=\"touch-action: manipulation; text-align: left;\">L\u2019\u00e9tablissement propose<\/span><\/span><span style=\"caret-color: rgba(25, 16, 16, 0.87); font-family: Merriweather, 'Lucida Bright', Georgia, serif; text-align: left;\">\u00a0deux CAP en m\u00e9tallier et \u00e9lectricit\u00e9, trois bacs pro en maintenance, usinage et chaudronnerie, une 3<\/span><span style=\"margin: 0px; padding: 0px; position: relative; font-size: 12px; line-height: 0; vertical-align: baseline; top: -0.5em; caret-color: rgba(25, 16, 16, 0.87); font-family: Merriweather, 'Lucida Bright', Georgia, serif; text-align: left;\">e\u00a0<\/span><span style=\"caret-color: rgba(25, 16, 16, 0.87); font-family: Merriweather, 'Lucida Bright', Georgia, serif; text-align: left;\">pr\u00e9pa-m\u00e9tiers ainsi que deux BTS en alternance en chaudronnerie et maintenance. \u00ab\u00a0La force de notre lyc\u00e9e est d\u2019\u00eatre situ\u00e9 dans une zone \u00e9conomique qui recrute dans ces domaines, explique St\u00e9phane Becker, directeur. Nous connaissons les entreprises capables de proposer des emplois mais aussi de prendre nos BTS en alternance. Aujourd\u2019hui, nous accueillons 156 \u00e9l\u00e8ves au lyc\u00e9e et 28 en BTS et avons gagn\u00e9 en effectifs cette ann\u00e9e, signe que nous sommes sur la bonne voie.\u00a0\u00bb<\/span><\/span><\/p><p><span style=\"color: #000000;\"><span style=\"caret-color: rgba(25, 16, 16, 0.87); font-family: Merriweather, 'Lucida Bright', Georgia, serif; text-align: left;\">\u00a0<\/span><\/span><\/p><h2><span style=\"color: #000000;\">Avec l\u2019enseignement catholique<\/span><\/h2><div><span style=\"color: #000000;\">\u00a0<\/span><\/div><p><span style=\"color: #000000;\">Apr\u00e8s quelques ann\u00e9es difficiles , le lyc\u00e9e a op\u00e9r\u00e9 des changements. \u00ab\u00a0Le LPI est g\u00e9r\u00e9 par une association dans laquelle si\u00e8gent trois intercommunalit\u00e9s, celles de Boulay, celle de Bouzonville-Trois Fronti\u00e8res et celle de Faulquemont, d\u00e9taille Jean-Michel Brun, pr\u00e9sident de la CCHPB. Nous y retrouvons \u00e9galement des repr\u00e9sentants d\u2019entreprises et\u00a0personnalit\u00e9s de la vie civile. Depuis cette rentr\u00e9e, l\u2019enseignement catholique est aussi associ\u00e9 \u00e0 notre \u00e9tablissement. Cependant, cela ne change rien \u00e0 la structure du lyc\u00e9e ni \u00e0 sa gouvernance. En revanche, nous b\u00e9n\u00e9ficions de l\u2019expertise, du r\u00e9seau et l\u2019exp\u00e9rience de l\u2019enseignement catholique.\u00a0\u00bb<\/span><\/p>\t\t\t\t\t\t<\/div>\n\t\t\t\t<\/div>\n\t\t\t\t<div class=\"elementor-element elementor-element-e649ff4 elementor-widget elementor-widget-button\" data-id=\"e649ff4\" data-element_type=\"widget\" data-widget_type=\"button.default\">\n\t\t\t\t<div class=\"elementor-widget-container\">\n\t\t\t\t\t<div class=\"elementor-button-wrapper\">\n\t\t\t<a class=\"elementor-button elementor-button-link elementor-size-sm\" href=\"https:\/\/c.republicain-lorrain.fr\/education\/2025\/02\/18\/le-lycee-professionnel-interentreprises-remonte-ses-effectifs\">\n\t\t\t\t\t\t<span class=\"elementor-button-content-wrapper\">\n\t\t\t\t\t\t\t\t\t<span class=\"elementor-button-text\">En savoir plus<\/span>\n\t\t\t\t\t<\/span>\n\t\t\t\t\t<\/a>\n\t\t<\/div>\n\t\t\t\t<\/div>\n\t\t\t\t<\/div>\n\t\t\t\t\t<\/div>\n\t\t<\/div>\n\t\t\t\t\t<\/div>\n\t\t<\/section>\n\t\t\t\t<section class=\"elementor-section elementor-top-section elementor-element elementor-element-4f17fd8 elementor-section-content-middle elementor-section-stretched elementor-section-boxed elementor-section-height-default elementor-section-height-default\" data-id=\"4f17fd8\" data-element_type=\"section\" data-settings=\"{&quot;stretch_section&quot;:&quot;section-stretched&quot;,&quot;background_background&quot;:&quot;classic&quot;}\">\n\t\t\t\t\t\t<div class=\"elementor-container elementor-column-gap-no\">\n\t\t\t\t\t<div class=\"elementor-column elementor-col-100 elementor-top-column elementor-element elementor-element-a4d5424\" data-id=\"a4d5424\" data-element_type=\"column\">\n\t\t\t<div class=\"elementor-widget-wrap elementor-element-populated\">\n\t\t\t\t\t\t<div class=\"elementor-element elementor-element-9c05b7c elementor-widget elementor-widget-image\" data-id=\"9c05b7c\" data-element_type=\"widget\" data-widget_type=\"image.default\">\n\t\t\t\t<div class=\"elementor-widget-container\">\n\t\t\t\t\t\t\t\t\t\t\t\t\t<img loading=\"lazy\" decoding=\"async\" width=\"740\" height=\"467\" src=\"https:\/\/lp-interentreprises.com\/wp-content\/uploads\/2025\/02\/Capture-decran-2025-02-14-a-09.16.47.png\" class=\"attachment-full size-full wp-image-3315\" alt=\"\" srcset=\"https:\/\/lp-interentreprises.com\/wp-content\/uploads\/2025\/02\/Capture-decran-2025-02-14-a-09.16.47.png 740w, https:\/\/lp-interentreprises.com\/wp-content\/uploads\/2025\/02\/Capture-decran-2025-02-14-a-09.16.47-300x189.png 300w\" sizes=\"(max-width: 740px) 100vw, 740px\" \/>\t\t\t\t\t\t\t\t\t\t\t\t\t<\/div>\n\t\t\t\t<\/div>\n\t\t\t\t<div class=\"elementor-element elementor-element-b7a301a elementor-widget elementor-widget-heading\" data-id=\"b7a301a\" data-element_type=\"widget\" data-widget_type=\"heading.default\">\n\t\t\t\t<div class=\"elementor-widget-container\">\n\t\t\t<h3 class=\"elementor-heading-title elementor-size-medium\">La machine \u00e0 caf\u00e9 pour former \u00e0 la maintenance au lyc\u00e9e<\/h3>\t\t<\/div>\n\t\t\t\t<\/div>\n\t\t\t\t<div class=\"elementor-element elementor-element-20940b5 elementor-widget elementor-widget-text-editor\" data-id=\"20940b5\" data-element_type=\"widget\" data-widget_type=\"text-editor.default\">\n\t\t\t\t<div class=\"elementor-widget-container\">\n\t\t\t\t\t\t\t<p>Les \u00e9l\u00e8ves du lyc\u00e9e professionnel ont d\u00e9couvert une machine \u00e0 caf\u00e9 destin\u00e9e aux torr\u00e9facteurs d\u00e9sireux de multiplier leur prix de vente du kilo de caf\u00e9 par quatre en le mettant sous dosettes.<\/p><p>\u00a0<\/p><p>Celle-ci a \u00e9t\u00e9 pr\u00e9sent\u00e9e aux \u00e9l\u00e8ves par les professionnels des soci\u00e9t\u00e9s Bema et Astriante, le but \u00e9tant de montrer aux \u00e9l\u00e8ves que la maintenance d\u2019une machine ou ligne de production n\u2019est pas forc\u00e9ment synonyme de graisse et de pi\u00e8ces sales, afin de casser les pr\u00e9jug\u00e9s.<\/p><p>\u00a0<\/p><p>Avec les d\u00e9monstrateurs, les \u00e9l\u00e8ves ont d\u00e9couvert le syst\u00e8me, ses possibilit\u00e9s, les points \u00e0 surveiller, \u00e0 nettoyer, une maintenance technique et informatique qui s\u2019accorde parfaitement avec le cursus de formation des \u00e9l\u00e8ves concern\u00e9s.<\/p>\t\t\t\t\t\t<\/div>\n\t\t\t\t<\/div>\n\t\t\t\t<div class=\"elementor-element elementor-element-408f5cc elementor-widget elementor-widget-button\" data-id=\"408f5cc\" data-element_type=\"widget\" data-widget_type=\"button.default\">\n\t\t\t\t<div class=\"elementor-widget-container\">\n\t\t\t\t\t<div class=\"elementor-button-wrapper\">\n\t\t\t<a class=\"elementor-button elementor-button-link elementor-size-sm\" href=\"https:\/\/www.republicain-lorrain.fr\/education\/2025\/02\/07\/la-machine-a-cafe-pour-former-a-la-maintenance-au-lycee#:~:text=Les%20\u00e9l\u00e8ves%20du%20lyc\u00e9e%20professionnel%20ont%20d\u00e9couvert%20une%20machine%20\u00e0,en%20le%20mettant%20sous%20dosettes.\">\n\t\t\t\t\t\t<span class=\"elementor-button-content-wrapper\">\n\t\t\t\t\t\t\t\t\t<span class=\"elementor-button-text\">En savoir plus<\/span>\n\t\t\t\t\t<\/span>\n\t\t\t\t\t<\/a>\n\t\t<\/div>\n\t\t\t\t<\/div>\n\t\t\t\t<\/div>\n\t\t\t\t\t<\/div>\n\t\t<\/div>\n\t\t\t\t\t<\/div>\n\t\t<\/section>\n\t\t\t\t<section class=\"elementor-section elementor-top-section elementor-element elementor-element-0e7259b elementor-section-content-middle elementor-section-stretched elementor-section-boxed elementor-section-height-default elementor-section-height-default\" data-id=\"0e7259b\" data-element_type=\"section\" data-settings=\"{&quot;stretch_section&quot;:&quot;section-stretched&quot;,&quot;background_background&quot;:&quot;classic&quot;}\">\n\t\t\t\t\t\t<div class=\"elementor-container elementor-column-gap-no\">\n\t\t\t\t\t<div class=\"elementor-column elementor-col-100 elementor-top-column elementor-element elementor-element-277cce1\" data-id=\"277cce1\" data-element_type=\"column\">\n\t\t\t<div class=\"elementor-widget-wrap elementor-element-populated\">\n\t\t\t\t\t\t<div class=\"elementor-element elementor-element-7dcf83a elementor-widget elementor-widget-image\" data-id=\"7dcf83a\" data-element_type=\"widget\" data-widget_type=\"image.default\">\n\t\t\t\t<div class=\"elementor-widget-container\">\n\t\t\t\t\t\t\t\t\t\t\t\t\t<img loading=\"lazy\" decoding=\"async\" width=\"1368\" height=\"1026\" src=\"https:\/\/lp-interentreprises.com\/wp-content\/uploads\/2025\/01\/474592847_1150546910412822_8690875118694846929_n.jpg\" class=\"attachment-full size-full wp-image-3241\" alt=\"\" srcset=\"https:\/\/lp-interentreprises.com\/wp-content\/uploads\/2025\/01\/474592847_1150546910412822_8690875118694846929_n.jpg 1368w, https:\/\/lp-interentreprises.com\/wp-content\/uploads\/2025\/01\/474592847_1150546910412822_8690875118694846929_n-300x225.jpg 300w, https:\/\/lp-interentreprises.com\/wp-content\/uploads\/2025\/01\/474592847_1150546910412822_8690875118694846929_n-1024x768.jpg 1024w, https:\/\/lp-interentreprises.com\/wp-content\/uploads\/2025\/01\/474592847_1150546910412822_8690875118694846929_n-768x576.jpg 768w\" sizes=\"(max-width: 1368px) 100vw, 1368px\" \/>\t\t\t\t\t\t\t\t\t\t\t\t\t<\/div>\n\t\t\t\t<\/div>\n\t\t\t\t<div class=\"elementor-element elementor-element-180e26e elementor-widget elementor-widget-heading\" data-id=\"180e26e\" data-element_type=\"widget\" data-widget_type=\"heading.default\">\n\t\t\t\t<div class=\"elementor-widget-container\">\n\t\t\t<h3 class=\"elementor-heading-title elementor-size-medium\">Les jeunes m\u00e9talliers faulquinois \u00e0 l\u2019honneur<\/h3>\t\t<\/div>\n\t\t\t\t<\/div>\n\t\t\t\t<div class=\"elementor-element elementor-element-105a82d elementor-widget elementor-widget-text-editor\" data-id=\"105a82d\" data-element_type=\"widget\" data-widget_type=\"text-editor.default\">\n\t\t\t\t<div class=\"elementor-widget-container\">\n\t\t\t\t\t\t\t<p>L\u2019avenir des m\u00e9tiers se pr\u00e9parent chaque jour en Moselle dans des cursus d\u2019excellence. L\u2019un des derniers exemples en date nous vient du Lyc\u00e9e Professionnel Interentreprises de Faulquemont. Plusieurs de ces jeunes viennent d\u2019\u00eatre mis sous les feux des projecteurs pour une initiative remarquable.<\/p><p>Lors de la derni\u00e8re ann\u00e9e scolaire, le Lyc\u00e9e Professionnel Interentreprises &#8211; Antenne de Faulquemont &#8211; a re\u00e7u le 2e prix M\u00e9tal jeunes, d\u00e9livr\u00e9 par les Assises de la m\u00e9tallerie pour leur \u0153uvre \u00abl\u2019Aci\u00e9oro\u00efde\u00bb sur le th\u00e8me des r\u00e9volutions spatiales. Sur des sujets toujours diff\u00e9rents, ce concours est destin\u00e9 aux jeunes form\u00e9s aux m\u00e9tiers du m\u00e9tal, autour d\u2019un projet concert\u00e9. Ce travail permet aussi de nouer des partenariats. La d\u00e9marche va dans le sens de la p\u00e9dagogie mise en avant par St\u00e9phane Becker, directeur du LP Interentreprises, et St\u00e9phane Mostefa, responsable de l\u2019antenne de Faulquemont.<br \/>Dans cet esprit et afin d&#8217;\u00e9tablir une base permanente sur Mars, les \u00e9l\u00e8ves ont ainsi con\u00e7u \u00abl&#8217;Aci\u00e9ro\u00efde\u00bb, un vaisseau spatial r\u00e9volutionnaire dont l&#8217;objectif est de transporter le rayon vert, un dispositif capable de convertir la glace de la plan\u00e8te en oxyg\u00e8ne respirable. La pi\u00e8ce a \u00e9t\u00e9 expos\u00e9e au salon M\u00e9tal Expo en 2024 \u00e0 Paris jusqu&#8217;\u00e0 ces jours derniers. Elle va repartir pour un concours international de M\u00e9tallerie organis\u00e9 par Amada, l\u2019un des des leaders mondiaux des fabricants de machines de t\u00f4lerie, au Japon dans quelques mois. Le CFA bas\u00e9 \u00e0 Faulquemont propose deux BTS : Maintenance des Syst\u00e8mes (destin\u00e9e essentiellement aux \u00e9l\u00e8ves de Bac Pro Maintenance ou \u00c9lectricit\u00e9 ainsi que STI2D) et &#8211; Conception et R\u00e9alisation en Chaudronnerie Industrielle (destin\u00e9es essentiellement aux \u00e9l\u00e8ves de Bac Pro TCI). Du c\u00f4t\u00e9 du lyc\u00e9e, la 3e Pr\u00e9pa M\u00e9tiers et le Bac Pro TCI (Technicien en Chaudronnerie Industrielle) sont \u00e9galement propos\u00e9s sur le site de Faulquemont.<\/p>\t\t\t\t\t\t<\/div>\n\t\t\t\t<\/div>\n\t\t\t\t<div class=\"elementor-element elementor-element-d8dd943 elementor-widget elementor-widget-button\" data-id=\"d8dd943\" data-element_type=\"widget\" data-widget_type=\"button.default\">\n\t\t\t\t<div class=\"elementor-widget-container\">\n\t\t\t\t\t<div class=\"elementor-button-wrapper\">\n\t\t\t<a class=\"elementor-button elementor-button-link elementor-size-sm\" href=\"https:\/\/www.lagazettefrance.fr\/index.php\/article\/les-jeunes-metalliers-faulquinois-a-l-honneur?fbclid=IwY2xjawIAWJFleHRuA2FlbQIxMAABHSTtFU2O07VdCop66FyGmG4MveRRjzfsOdGoeaZPsnd4fWkhjO0cMlG-7g_aem_Zkum-5y3LzMTlMEH2yoKhg\">\n\t\t\t\t\t\t<span class=\"elementor-button-content-wrapper\">\n\t\t\t\t\t\t\t\t\t<span class=\"elementor-button-text\">En savoir plus<\/span>\n\t\t\t\t\t<\/span>\n\t\t\t\t\t<\/a>\n\t\t<\/div>\n\t\t\t\t<\/div>\n\t\t\t\t<\/div>\n\t\t\t\t\t<\/div>\n\t\t<\/div>\n\t\t\t\t\t<\/div>\n\t\t<\/section>\n\t\t\t\t<section class=\"elementor-section elementor-top-section elementor-element elementor-element-c89f900 elementor-section-content-middle elementor-section-stretched elementor-section-boxed elementor-section-height-default elementor-section-height-default\" data-id=\"c89f900\" data-element_type=\"section\" data-settings=\"{&quot;stretch_section&quot;:&quot;section-stretched&quot;,&quot;background_background&quot;:&quot;classic&quot;}\">\n\t\t\t\t\t\t<div class=\"elementor-container elementor-column-gap-no\">\n\t\t\t\t\t<div class=\"elementor-column elementor-col-100 elementor-top-column elementor-element elementor-element-eccf117\" data-id=\"eccf117\" data-element_type=\"column\">\n\t\t\t<div class=\"elementor-widget-wrap elementor-element-populated\">\n\t\t\t\t\t\t<div class=\"elementor-element elementor-element-786b467 elementor-widget elementor-widget-image\" data-id=\"786b467\" data-element_type=\"widget\" data-widget_type=\"image.default\">\n\t\t\t\t<div class=\"elementor-widget-container\">\n\t\t\t\t\t\t\t\t\t\t\t\t\t<img loading=\"lazy\" decoding=\"async\" width=\"1600\" height=\"875\" src=\"https:\/\/lp-interentreprises.com\/wp-content\/uploads\/2025\/01\/des-eleves-de-classe-de-cap-serrurier-metallier-du-lycee-professionnel-interentre-prises-de-boulay-ont-concu-la-capsule-photo-thierry-nicolas-1517395836.jpg\" class=\"attachment-full size-full wp-image-3235\" alt=\"\" srcset=\"https:\/\/lp-interentreprises.com\/wp-content\/uploads\/2025\/01\/des-eleves-de-classe-de-cap-serrurier-metallier-du-lycee-professionnel-interentre-prises-de-boulay-ont-concu-la-capsule-photo-thierry-nicolas-1517395836.jpg 1600w, https:\/\/lp-interentreprises.com\/wp-content\/uploads\/2025\/01\/des-eleves-de-classe-de-cap-serrurier-metallier-du-lycee-professionnel-interentre-prises-de-boulay-ont-concu-la-capsule-photo-thierry-nicolas-1517395836-300x164.jpg 300w, https:\/\/lp-interentreprises.com\/wp-content\/uploads\/2025\/01\/des-eleves-de-classe-de-cap-serrurier-metallier-du-lycee-professionnel-interentre-prises-de-boulay-ont-concu-la-capsule-photo-thierry-nicolas-1517395836-1024x560.jpg 1024w, https:\/\/lp-interentreprises.com\/wp-content\/uploads\/2025\/01\/des-eleves-de-classe-de-cap-serrurier-metallier-du-lycee-professionnel-interentre-prises-de-boulay-ont-concu-la-capsule-photo-thierry-nicolas-1517395836-768x420.jpg 768w, https:\/\/lp-interentreprises.com\/wp-content\/uploads\/2025\/01\/des-eleves-de-classe-de-cap-serrurier-metallier-du-lycee-professionnel-interentre-prises-de-boulay-ont-concu-la-capsule-photo-thierry-nicolas-1517395836-1536x840.jpg 1536w, https:\/\/lp-interentreprises.com\/wp-content\/uploads\/2025\/01\/des-eleves-de-classe-de-cap-serrurier-metallier-du-lycee-professionnel-interentre-prises-de-boulay-ont-concu-la-capsule-photo-thierry-nicolas-1517395836-1568x858.jpg 1568w\" sizes=\"(max-width: 1600px) 100vw, 1600px\" \/>\t\t\t\t\t\t\t\t\t\t\t\t\t<\/div>\n\t\t\t\t<\/div>\n\t\t\t\t<div class=\"elementor-element elementor-element-0ee46dc elementor-widget elementor-widget-heading\" data-id=\"0ee46dc\" data-element_type=\"widget\" data-widget_type=\"heading.default\">\n\t\t\t\t<div class=\"elementor-widget-container\">\n\t\t\t<h3 class=\"elementor-heading-title elementor-size-medium\">Sarreguemines : une capsule temporelle \u00e0 la m\u00e9moire de Charlie<\/h3>\t\t<\/div>\n\t\t\t\t<\/div>\n\t\t\t\t<div class=\"elementor-element elementor-element-5870189 elementor-widget elementor-widget-text-editor\" data-id=\"5870189\" data-element_type=\"widget\" data-widget_type=\"text-editor.default\">\n\t\t\t\t<div class=\"elementor-widget-container\">\n\t\t\t\t\t\t\t<p>Les jeunes du lyc\u00e9e Simon-Lazard participent chaque ann\u00e9e \u00e0 la comm\u00e9moration du 11\u00a0janvier 2015. Pour 2018, une capsule temporelle a \u00e9t\u00e9 inaugur\u00e9e et sera d\u00e9terr\u00e9e pour les 20 ans des attentats.\u00a0<span style=\"font-family: var( --e-global-typography-text-font-family ), Sans-serif;\">Une capsule temporelle sur le th\u00e8me des valeurs r\u00e9publicaines. C\u2019est ce qu\u2019ont inaugur\u00e9 hier, les \u00e9l\u00e8ves et l\u2019\u00e9quipe p\u00e9dagogique du lyc\u00e9e Simon-Lazard de Sarreguemines.\u00a0<\/span><span style=\"font-family: var( --e-global-typography-text-font-family ), Sans-serif;\">La date n\u2019est pas anodine. Un jour anniversaire pour la marche r\u00e9publicaine de 2015. \u00c0 l\u2019\u00e9poque, entre le 7 et le 9\u00a0janvier, dix-sept personnes avaient \u00e9t\u00e9 tu\u00e9es dans des attaques terroristes, la premi\u00e8re action s\u2019\u00e9tant d\u00e9roul\u00e9e dans les locaux de Charlie Hebdo.<\/span><\/p>\t\t\t\t\t\t<\/div>\n\t\t\t\t<\/div>\n\t\t\t\t<div class=\"elementor-element elementor-element-b98d1d1 elementor-widget elementor-widget-button\" data-id=\"b98d1d1\" data-element_type=\"widget\" data-widget_type=\"button.default\">\n\t\t\t\t<div class=\"elementor-widget-container\">\n\t\t\t\t\t<div class=\"elementor-button-wrapper\">\n\t\t\t<a class=\"elementor-button elementor-button-link elementor-size-sm\" href=\"https:\/\/c.republicain-lorrain.fr\/edition-de-sarreguemines-bitche\/2018\/01\/12\/une-capsule-temporelle-a-la-memoire-de-charlie\">\n\t\t\t\t\t\t<span class=\"elementor-button-content-wrapper\">\n\t\t\t\t\t\t\t\t\t<span class=\"elementor-button-text\">En savoir plus<\/span>\n\t\t\t\t\t<\/span>\n\t\t\t\t\t<\/a>\n\t\t<\/div>\n\t\t\t\t<\/div>\n\t\t\t\t<\/div>\n\t\t\t\t\t<\/div>\n\t\t<\/div>\n\t\t\t\t\t<\/div>\n\t\t<\/section>\n\t\t\t\t<section class=\"elementor-section elementor-top-section elementor-element elementor-element-a18d8e2 elementor-section-content-middle elementor-section-stretched elementor-section-boxed elementor-section-height-default elementor-section-height-default\" data-id=\"a18d8e2\" data-element_type=\"section\" data-settings=\"{&quot;stretch_section&quot;:&quot;section-stretched&quot;,&quot;background_background&quot;:&quot;classic&quot;}\">\n\t\t\t\t\t\t<div class=\"elementor-container elementor-column-gap-no\">\n\t\t\t\t\t<div class=\"elementor-column elementor-col-100 elementor-top-column elementor-element elementor-element-5febe18\" data-id=\"5febe18\" data-element_type=\"column\">\n\t\t\t<div class=\"elementor-widget-wrap elementor-element-populated\">\n\t\t\t\t\t\t<div class=\"elementor-element elementor-element-7e41f76 elementor-widget elementor-widget-image\" data-id=\"7e41f76\" data-element_type=\"widget\" data-widget_type=\"image.default\">\n\t\t\t\t<div class=\"elementor-widget-container\">\n\t\t\t\t\t\t\t\t\t\t\t\t\t<img loading=\"lazy\" decoding=\"async\" width=\"916\" height=\"469\" src=\"https:\/\/lp-interentreprises.com\/wp-content\/uploads\/2025\/01\/Capture-decran-2025-01-16-a-08.19.18.png\" class=\"attachment-full size-full wp-image-3231\" alt=\"\" srcset=\"https:\/\/lp-interentreprises.com\/wp-content\/uploads\/2025\/01\/Capture-decran-2025-01-16-a-08.19.18.png 916w, https:\/\/lp-interentreprises.com\/wp-content\/uploads\/2025\/01\/Capture-decran-2025-01-16-a-08.19.18-300x154.png 300w, https:\/\/lp-interentreprises.com\/wp-content\/uploads\/2025\/01\/Capture-decran-2025-01-16-a-08.19.18-768x393.png 768w\" sizes=\"(max-width: 916px) 100vw, 916px\" \/>\t\t\t\t\t\t\t\t\t\t\t\t\t<\/div>\n\t\t\t\t<\/div>\n\t\t\t\t<div class=\"elementor-element elementor-element-a9761fd elementor-widget elementor-widget-heading\" data-id=\"a9761fd\" data-element_type=\"widget\" data-widget_type=\"heading.default\">\n\t\t\t\t<div class=\"elementor-widget-container\">\n\t\t\t<h3 class=\"elementor-heading-title elementor-size-medium\">La lumi\u00e8re de Bethl\u00e9em c\u00e9l\u00e9br\u00e9e sous la pluie<\/h3>\t\t<\/div>\n\t\t\t\t<\/div>\n\t\t\t\t<div class=\"elementor-element elementor-element-124a578 elementor-widget elementor-widget-text-editor\" data-id=\"124a578\" data-element_type=\"widget\" data-widget_type=\"text-editor.default\">\n\t\t\t\t<div class=\"elementor-widget-container\">\n\t\t\t\t\t\t\t<p>Cette ann\u00e9e \u00e9tait une ann\u00e9e particuli\u00e8re pour l\u2019arriv\u00e9e de la lumi\u00e8re de Bethl\u00e9em dans l\u2019\u00e9glise Saint-R\u00e9mi de Leidingen (Sarre). Trois \u00e9v\u00eaques s\u2019\u00e9taient d\u00e9plac\u00e9s pour l\u2019occasion\u00a0: Monseigneur Ackermann, \u00e9v\u00eaque de Tr\u00e8ves, Monseigneur Ballot \u00e9v\u00eaque de Metz et Monseigneur Stenger venu de Strasbourg.<\/p><p>\u00a0<\/p><p>\u00c0 cause de la guerre dans la r\u00e9gion, la lumi\u00e8re n\u2019a pas pu \u00eatre pr\u00e9lev\u00e9e dans la grotte de la nativit\u00e9 par les scouts comme les ann\u00e9es pr\u00e9c\u00e9dentes, mais elle est arriv\u00e9e de Vienne o\u00f9 elle avait \u00e9t\u00e9 conserv\u00e9e durant toute l\u2019ann\u00e9e depuis 2023.\u00a0<span style=\"font-family: var( --e-global-typography-text-font-family ), Sans-serif;\">Apr\u00e8s l\u2019animation des enfants de Leidingen autour du th\u00e8me de la lumi\u00e8re et l\u2019intervention des scouts de Roden (Sarre) la procession des lanternes s\u2019est dirig\u00e9e vers la fronti\u00e8re sous une pluie battante, accompagn\u00e9 de la fanfare de Ihn et des pompiers allemands et fran\u00e7ais.<\/span><\/p><p><span style=\"caret-color: rgba(25, 16, 16, 0.87); color: rgba(25, 16, 16, 0.87); font-family: Merriweather, 'Lucida Bright', Georgia, serif; text-align: left;\">\u00a0<\/span><\/p><p><span style=\"caret-color: rgba(25, 16, 16, 0.87); color: rgba(25, 16, 16, 0.87); font-family: Merriweather, 'Lucida Bright', Georgia, serif; text-align: left;\">Ont suivi\u00a0: l\u2019inauguration de la structure r\u00e9alis\u00e9e par les jeunes du Lepi de Boulay, la passation de la lumi\u00e8re cot\u00e9 fran\u00e7ais, la procession jusqu\u2019\u00e0 l\u2019\u00e9glise de Leiding et la b\u00e9n\u00e9diction du groupe de marche de Remeldorff qui empotera la lumi\u00e8re pour la distribuer dans diff\u00e9rents villages avec leurs \u00e2nes. L\u2019\u00e9glise de Leiding \u00e9tait trop petite pour accueillir la foule qui s\u2019\u00e9tait d\u00e9plac\u00e9e tr\u00e8s nombreuse, des deux c\u00f4t\u00e9s de la fronti\u00e8re, pour assister \u00e0 la messe pr\u00e9sid\u00e9e par Monseigneur Ballot.<\/span><\/p><p><span style=\"caret-color: rgba(25, 16, 16, 0.87); color: rgba(25, 16, 16, 0.87); font-family: Merriweather, 'Lucida Bright', Georgia, serif; text-align: left;\">\u00a0<\/span><\/p><p><span style=\"caret-color: rgba(25, 16, 16, 0.87); color: rgba(25, 16, 16, 0.87); font-family: Merriweather, 'Lucida Bright', Georgia, serif; text-align: left;\">\u00c0 l\u2019issue de l\u2019office, les personnes qui le souhaitaient ont pu emporter la lumi\u00e8re de Bethl\u00e9em chez eux. Pour prolonger ce temps festif, une petite restauration a \u00e9t\u00e9 propos\u00e9e \u00e0 la sortie de l\u2019\u00e9glise autour de br\u00fblots qui illuminaient la nuit pour ainsi continuer \u00e0 c\u00e9l\u00e9brer cette f\u00eate de la lumi\u00e8re.<\/span><\/p>\t\t\t\t\t\t<\/div>\n\t\t\t\t<\/div>\n\t\t\t\t<div class=\"elementor-element elementor-element-378be19 elementor-widget elementor-widget-button\" data-id=\"378be19\" data-element_type=\"widget\" data-widget_type=\"button.default\">\n\t\t\t\t<div class=\"elementor-widget-container\">\n\t\t\t\t\t<div class=\"elementor-button-wrapper\">\n\t\t\t<a class=\"elementor-button elementor-button-link elementor-size-sm\" href=\"https:\/\/c.republicain-lorrain.fr\/societe\/2024\/12\/22\/la-lumiere-de-bethleem-celebree-sous-la-pluie\">\n\t\t\t\t\t\t<span class=\"elementor-button-content-wrapper\">\n\t\t\t\t\t\t\t\t\t<span class=\"elementor-button-text\">En savoir plus<\/span>\n\t\t\t\t\t<\/span>\n\t\t\t\t\t<\/a>\n\t\t<\/div>\n\t\t\t\t<\/div>\n\t\t\t\t<\/div>\n\t\t\t\t\t<\/div>\n\t\t<\/div>\n\t\t\t\t\t<\/div>\n\t\t<\/section>\n\t\t\t\t<section class=\"elementor-section elementor-top-section elementor-element elementor-element-66215ff elementor-section-content-middle elementor-section-stretched elementor-section-boxed elementor-section-height-default elementor-section-height-default\" data-id=\"66215ff\" data-element_type=\"section\" data-settings=\"{&quot;stretch_section&quot;:&quot;section-stretched&quot;,&quot;background_background&quot;:&quot;classic&quot;}\">\n\t\t\t\t\t\t<div class=\"elementor-container elementor-column-gap-no\">\n\t\t\t\t\t<div class=\"elementor-column elementor-col-100 elementor-top-column elementor-element elementor-element-7436ad0\" data-id=\"7436ad0\" data-element_type=\"column\">\n\t\t\t<div class=\"elementor-widget-wrap elementor-element-populated\">\n\t\t\t\t\t\t<div class=\"elementor-element elementor-element-bfd99f5 elementor-widget elementor-widget-image\" data-id=\"bfd99f5\" data-element_type=\"widget\" data-widget_type=\"image.default\">\n\t\t\t\t<div class=\"elementor-widget-container\">\n\t\t\t\t\t\t\t\t\t\t\t\t\t<img loading=\"lazy\" decoding=\"async\" width=\"916\" height=\"469\" src=\"https:\/\/lp-interentreprises.com\/wp-content\/uploads\/2025\/01\/Capture-decran-2025-01-16-a-08.19.18.png\" class=\"attachment-full size-full wp-image-3231\" alt=\"\" srcset=\"https:\/\/lp-interentreprises.com\/wp-content\/uploads\/2025\/01\/Capture-decran-2025-01-16-a-08.19.18.png 916w, https:\/\/lp-interentreprises.com\/wp-content\/uploads\/2025\/01\/Capture-decran-2025-01-16-a-08.19.18-300x154.png 300w, https:\/\/lp-interentreprises.com\/wp-content\/uploads\/2025\/01\/Capture-decran-2025-01-16-a-08.19.18-768x393.png 768w\" sizes=\"(max-width: 916px) 100vw, 916px\" \/>\t\t\t\t\t\t\t\t\t\t\t\t\t<\/div>\n\t\t\t\t<\/div>\n\t\t\t\t<div class=\"elementor-element elementor-element-e8ea57e elementor-widget elementor-widget-heading\" data-id=\"e8ea57e\" data-element_type=\"widget\" data-widget_type=\"heading.default\">\n\t\t\t\t<div class=\"elementor-widget-container\">\n\t\t\t<h3 class=\"elementor-heading-title elementor-size-medium\">La lumi\u00e8re de Bethl\u00e9em c\u00e9l\u00e9br\u00e9e sous la pluie<\/h3>\t\t<\/div>\n\t\t\t\t<\/div>\n\t\t\t\t<div class=\"elementor-element elementor-element-adfff7c elementor-widget elementor-widget-text-editor\" data-id=\"adfff7c\" data-element_type=\"widget\" data-widget_type=\"text-editor.default\">\n\t\t\t\t<div class=\"elementor-widget-container\">\n\t\t\t\t\t\t\t<p>Cette ann\u00e9e \u00e9tait une ann\u00e9e particuli\u00e8re pour l\u2019arriv\u00e9e de la lumi\u00e8re de Bethl\u00e9em dans l\u2019\u00e9glise Saint-R\u00e9mi de Leidingen (Sarre). Trois \u00e9v\u00eaques s\u2019\u00e9taient d\u00e9plac\u00e9s pour l\u2019occasion\u00a0: Monseigneur Ackermann, \u00e9v\u00eaque de Tr\u00e8ves, Monseigneur Ballot \u00e9v\u00eaque de Metz et Monseigneur Stenger venu de Strasbourg.<\/p><p>\u00a0<\/p><p>\u00c0 cause de la guerre dans la r\u00e9gion, la lumi\u00e8re n\u2019a pas pu \u00eatre pr\u00e9lev\u00e9e dans la grotte de la nativit\u00e9 par les scouts comme les ann\u00e9es pr\u00e9c\u00e9dentes, mais elle est arriv\u00e9e de Vienne o\u00f9 elle avait \u00e9t\u00e9 conserv\u00e9e durant toute l\u2019ann\u00e9e depuis 2023.\u00a0<span style=\"font-family: var( --e-global-typography-text-font-family ), Sans-serif;\">Apr\u00e8s l\u2019animation des enfants de Leidingen autour du th\u00e8me de la lumi\u00e8re et l\u2019intervention des scouts de Roden (Sarre) la procession des lanternes s\u2019est dirig\u00e9e vers la fronti\u00e8re sous une pluie battante, accompagn\u00e9 de la fanfare de Ihn et des pompiers allemands et fran\u00e7ais.<\/span><\/p><p><span style=\"caret-color: rgba(25, 16, 16, 0.87); color: rgba(25, 16, 16, 0.87); font-family: Merriweather, 'Lucida Bright', Georgia, serif; text-align: left;\">\u00a0<\/span><\/p><p><span style=\"caret-color: rgba(25, 16, 16, 0.87); color: rgba(25, 16, 16, 0.87); font-family: Merriweather, 'Lucida Bright', Georgia, serif; text-align: left;\">Ont suivi\u00a0: l\u2019inauguration de la structure r\u00e9alis\u00e9e par les jeunes du Lepi de Boulay, la passation de la lumi\u00e8re cot\u00e9 fran\u00e7ais, la procession jusqu\u2019\u00e0 l\u2019\u00e9glise de Leiding et la b\u00e9n\u00e9diction du groupe de marche de Remeldorff qui empotera la lumi\u00e8re pour la distribuer dans diff\u00e9rents villages avec leurs \u00e2nes. L\u2019\u00e9glise de Leiding \u00e9tait trop petite pour accueillir la foule qui s\u2019\u00e9tait d\u00e9plac\u00e9e tr\u00e8s nombreuse, des deux c\u00f4t\u00e9s de la fronti\u00e8re, pour assister \u00e0 la messe pr\u00e9sid\u00e9e par Monseigneur Ballot.<\/span><\/p><p><span style=\"caret-color: rgba(25, 16, 16, 0.87); color: rgba(25, 16, 16, 0.87); font-family: Merriweather, 'Lucida Bright', Georgia, serif; text-align: left;\">\u00a0<\/span><\/p><p><span style=\"caret-color: rgba(25, 16, 16, 0.87); color: rgba(25, 16, 16, 0.87); font-family: Merriweather, 'Lucida Bright', Georgia, serif; text-align: left;\">\u00c0 l\u2019issue de l\u2019office, les personnes qui le souhaitaient ont pu emporter la lumi\u00e8re de Bethl\u00e9em chez eux. Pour prolonger ce temps festif, une petite restauration a \u00e9t\u00e9 propos\u00e9e \u00e0 la sortie de l\u2019\u00e9glise autour de br\u00fblots qui illuminaient la nuit pour ainsi continuer \u00e0 c\u00e9l\u00e9brer cette f\u00eate de la lumi\u00e8re.<\/span><\/p>\t\t\t\t\t\t<\/div>\n\t\t\t\t<\/div>\n\t\t\t\t<div class=\"elementor-element elementor-element-7a60b28 elementor-widget elementor-widget-button\" data-id=\"7a60b28\" data-element_type=\"widget\" data-widget_type=\"button.default\">\n\t\t\t\t<div class=\"elementor-widget-container\">\n\t\t\t\t\t<div class=\"elementor-button-wrapper\">\n\t\t\t<a class=\"elementor-button elementor-button-link elementor-size-sm\" href=\"https:\/\/c.republicain-lorrain.fr\/societe\/2024\/12\/22\/la-lumiere-de-bethleem-celebree-sous-la-pluie\">\n\t\t\t\t\t\t<span class=\"elementor-button-content-wrapper\">\n\t\t\t\t\t\t\t\t\t<span class=\"elementor-button-text\">En savoir plus<\/span>\n\t\t\t\t\t<\/span>\n\t\t\t\t\t<\/a>\n\t\t<\/div>\n\t\t\t\t<\/div>\n\t\t\t\t<\/div>\n\t\t\t\t\t<\/div>\n\t\t<\/div>\n\t\t\t\t\t<\/div>\n\t\t<\/section>\n\t\t\t\t<section class=\"elementor-section elementor-top-section elementor-element elementor-element-6edba7a elementor-section-content-middle elementor-section-stretched elementor-section-boxed elementor-section-height-default elementor-section-height-default\" data-id=\"6edba7a\" data-element_type=\"section\" data-settings=\"{&quot;stretch_section&quot;:&quot;section-stretched&quot;,&quot;background_background&quot;:&quot;classic&quot;}\">\n\t\t\t\t\t\t<div class=\"elementor-container elementor-column-gap-no\">\n\t\t\t\t\t<div class=\"elementor-column elementor-col-100 elementor-top-column elementor-element elementor-element-64a3e26\" data-id=\"64a3e26\" data-element_type=\"column\">\n\t\t\t<div class=\"elementor-widget-wrap elementor-element-populated\">\n\t\t\t\t\t\t<div class=\"elementor-element elementor-element-1809f22 elementor-widget elementor-widget-image\" data-id=\"1809f22\" data-element_type=\"widget\" data-widget_type=\"image.default\">\n\t\t\t\t<div class=\"elementor-widget-container\">\n\t\t\t\t\t\t\t\t\t\t\t\t\t<img loading=\"lazy\" decoding=\"async\" width=\"1600\" height=\"838\" src=\"https:\/\/lp-interentreprises.com\/wp-content\/uploads\/2024\/09\/457849369_1035861411881373_4441144809808687653_n.jpg\" class=\"attachment-full size-full wp-image-3070\" alt=\"\" srcset=\"https:\/\/lp-interentreprises.com\/wp-content\/uploads\/2024\/09\/457849369_1035861411881373_4441144809808687653_n.jpg 1600w, https:\/\/lp-interentreprises.com\/wp-content\/uploads\/2024\/09\/457849369_1035861411881373_4441144809808687653_n-300x157.jpg 300w, https:\/\/lp-interentreprises.com\/wp-content\/uploads\/2024\/09\/457849369_1035861411881373_4441144809808687653_n-1024x536.jpg 1024w, https:\/\/lp-interentreprises.com\/wp-content\/uploads\/2024\/09\/457849369_1035861411881373_4441144809808687653_n-768x402.jpg 768w, https:\/\/lp-interentreprises.com\/wp-content\/uploads\/2024\/09\/457849369_1035861411881373_4441144809808687653_n-1536x804.jpg 1536w, https:\/\/lp-interentreprises.com\/wp-content\/uploads\/2024\/09\/457849369_1035861411881373_4441144809808687653_n-1568x821.jpg 1568w\" sizes=\"(max-width: 1600px) 100vw, 1600px\" \/>\t\t\t\t\t\t\t\t\t\t\t\t\t<\/div>\n\t\t\t\t<\/div>\n\t\t\t\t<div class=\"elementor-element elementor-element-d0dcd5d elementor-widget elementor-widget-heading\" data-id=\"d0dcd5d\" data-element_type=\"widget\" data-widget_type=\"heading.default\">\n\t\t\t\t<div class=\"elementor-widget-container\">\n\t\t\t<h3 class=\"elementor-heading-title elementor-size-medium\">Le Lyc\u00e9e Professionnel Interentreprises rejoint l\u2019enseignement priv\u00e9 catholique pour la rentr\u00e9e<\/h3>\t\t<\/div>\n\t\t\t\t<\/div>\n\t\t\t\t<div class=\"elementor-element elementor-element-c47bb70 elementor-widget elementor-widget-text-editor\" data-id=\"c47bb70\" data-element_type=\"widget\" data-widget_type=\"text-editor.default\">\n\t\t\t\t<div class=\"elementor-widget-container\">\n\t\t\t\t\t\t\t<p>Le Lyc\u00e9e Professionnel Interentreprises de Boulay &#8211; Faulquemont change de cap pour cette rentr\u00e9e : d\u2019\u00e9tablissement ind\u00e9pendant, il a rejoint l\u2019enseignement priv\u00e9 catholique en date du 1er septembre. Explications.<\/p>\t\t\t\t\t\t<\/div>\n\t\t\t\t<\/div>\n\t\t\t\t<div class=\"elementor-element elementor-element-fe3835d elementor-widget elementor-widget-button\" data-id=\"fe3835d\" data-element_type=\"widget\" data-widget_type=\"button.default\">\n\t\t\t\t<div class=\"elementor-widget-container\">\n\t\t\t\t\t<div class=\"elementor-button-wrapper\">\n\t\t\t<a class=\"elementor-button elementor-button-link elementor-size-sm\" href=\"https:\/\/l.facebook.com\/l.php?u=https%3A%2F%2Fwww.republicain-lorrain.fr%2Feducation%2F2024%2F09%2F01%2Fle-lycee-professionnel-interentreprises-rejoint-l-enseignement-prive-catholique-pour-la-rentree%3Ffbclid%3DIwZXh0bgNhZW0CMTAAAR06W11f8Uqxy4HEO-pfxFh2tvpxtDd2_MaIMZ6gckCULo-M7WnWJlSZQVs_aem_AYEasbsyJw6FEU5_om6m_g&#038;h=AT1XOalxfR70qkjKPYud-w4db0OUk-OK2Fay4sWy1h16tBd0w1L6tx3w4-6Rm5KFE2Z5fySUoc0kfPv1Gv-ZGpvu3IH_n2pqeJKKGtC639ICX8n4KH-g8LbPNFqCibgpv_806pGs0lsRyWbMEVRn8-eOSw&#038;__tn__=-UK-R&#038;c%5B0%5D=AT2_WyN1XCT4M1ioHV1BgAAJpy1s90X9RCo-WxBaqaNI84hg0DN7e1WeAl4X-M7el7_Y08KXyPXcJLHSgKbQoglpr0EtJfFUHIWxS4IYgR08XzKxbuDIAxB2hKoMz25d9v-g7m3ruMm1y-pZ_Sk0djXQufableyab9mrM9X4j1wBysMy0j08cSlz4wGyNxQs90SwXT3w2sBytyFJwnKXCQuwsjZk5wVknBu1LA\">\n\t\t\t\t\t\t<span class=\"elementor-button-content-wrapper\">\n\t\t\t\t\t\t\t\t\t<span class=\"elementor-button-text\">En savoir plus<\/span>\n\t\t\t\t\t<\/span>\n\t\t\t\t\t<\/a>\n\t\t<\/div>\n\t\t\t\t<\/div>\n\t\t\t\t<\/div>\n\t\t\t\t\t<\/div>\n\t\t<\/div>\n\t\t\t\t\t<\/div>\n\t\t<\/section>\n\t\t\t\t<section class=\"elementor-section elementor-top-section elementor-element elementor-element-f23460c elementor-section-stretched elementor-section-boxed elementor-section-height-default elementor-section-height-default\" data-id=\"f23460c\" data-element_type=\"section\" data-settings=\"{&quot;stretch_section&quot;:&quot;section-stretched&quot;}\">\n\t\t\t\t\t\t\t<div class=\"elementor-background-overlay\"><\/div>\n\t\t\t\t\t\t\t<div class=\"elementor-container elementor-column-gap-default\">\n\t\t\t\t\t<div class=\"elementor-column elementor-col-100 elementor-top-column elementor-element elementor-element-6560aeb\" data-id=\"6560aeb\" data-element_type=\"column\">\n\t\t\t<div class=\"elementor-widget-wrap elementor-element-populated\">\n\t\t\t\t\t\t<div class=\"elementor-element elementor-element-f7a3f11 elementor-widget elementor-widget-image\" data-id=\"f7a3f11\" data-element_type=\"widget\" data-widget_type=\"image.default\">\n\t\t\t\t<div class=\"elementor-widget-container\">\n\t\t\t\t\t\t\t\t\t\t\t\t\t<img loading=\"lazy\" decoding=\"async\" width=\"750\" height=\"678\" src=\"https:\/\/lp-interentreprises.com\/wp-content\/uploads\/2024\/06\/IMG_0115-1024x926.jpeg\" class=\"attachment-large size-large wp-image-3015\" alt=\"\" srcset=\"https:\/\/lp-interentreprises.com\/wp-content\/uploads\/2024\/06\/IMG_0115-1024x926.jpeg 1024w, https:\/\/lp-interentreprises.com\/wp-content\/uploads\/2024\/06\/IMG_0115-300x271.jpeg 300w, https:\/\/lp-interentreprises.com\/wp-content\/uploads\/2024\/06\/IMG_0115-768x694.jpeg 768w, https:\/\/lp-interentreprises.com\/wp-content\/uploads\/2024\/06\/IMG_0115.jpeg 1458w\" sizes=\"(max-width: 750px) 100vw, 750px\" \/>\t\t\t\t\t\t\t\t\t\t\t\t\t<\/div>\n\t\t\t\t<\/div>\n\t\t\t\t<div class=\"elementor-element elementor-element-3e0c58e elementor-widget elementor-widget-heading\" data-id=\"3e0c58e\" data-element_type=\"widget\" data-widget_type=\"heading.default\">\n\t\t\t\t<div class=\"elementor-widget-container\">\n\t\t\t<h2 class=\"elementor-heading-title elementor-size-large\">Lyc\u00e9e Professionnel : et si on parlait harc\u00e8lement?<\/h2>\t\t<\/div>\n\t\t\t\t<\/div>\n\t\t\t\t<div class=\"elementor-element elementor-element-226017c elementor-widget elementor-widget-button\" data-id=\"226017c\" data-element_type=\"widget\" data-widget_type=\"button.default\">\n\t\t\t\t<div class=\"elementor-widget-container\">\n\t\t\t\t\t<div class=\"elementor-button-wrapper\">\n\t\t\t<a class=\"elementor-button elementor-button-link elementor-size-sm\" href=\"https:\/\/www.republicain-lorrain.fr\/education\/2024\/05\/26\/lycee-professionnel-et-si-on-parlait-harcelement#:~:text=Les%2520%C3%A9l%C3%A8ves%2520de%2520troisi%C3%A8me%2520ont,fait%2520souffrir%2520beaucoup%2520de...\">\n\t\t\t\t\t\t<span class=\"elementor-button-content-wrapper\">\n\t\t\t\t\t\t\t\t\t<span class=\"elementor-button-text\">En savoir plus <\/span>\n\t\t\t\t\t<\/span>\n\t\t\t\t\t<\/a>\n\t\t<\/div>\n\t\t\t\t<\/div>\n\t\t\t\t<\/div>\n\t\t\t\t\t<\/div>\n\t\t<\/div>\n\t\t\t\t\t<\/div>\n\t\t<\/section>\n\t\t\t\t<section class=\"elementor-section elementor-top-section elementor-element elementor-element-c517906 elementor-section-content-middle elementor-section-stretched elementor-section-boxed elementor-section-height-default elementor-section-height-default\" data-id=\"c517906\" data-element_type=\"section\" data-settings=\"{&quot;stretch_section&quot;:&quot;section-stretched&quot;,&quot;background_background&quot;:&quot;classic&quot;}\">\n\t\t\t\t\t\t<div class=\"elementor-container elementor-column-gap-no\">\n\t\t\t\t\t<div class=\"elementor-column elementor-col-100 elementor-top-column elementor-element elementor-element-e643834\" data-id=\"e643834\" data-element_type=\"column\">\n\t\t\t<div class=\"elementor-widget-wrap elementor-element-populated\">\n\t\t\t\t\t\t<div class=\"elementor-element elementor-element-31b3583 elementor-widget elementor-widget-image\" data-id=\"31b3583\" data-element_type=\"widget\" data-widget_type=\"image.default\">\n\t\t\t\t<div class=\"elementor-widget-container\">\n\t\t\t\t\t\t\t\t\t\t\t\t\t<img loading=\"lazy\" decoding=\"async\" width=\"631\" height=\"467\" src=\"https:\/\/lp-interentreprises.com\/wp-content\/uploads\/2024\/04\/Capture-decran-2024-04-08-a-11.45.50.png\" class=\"attachment-full size-full wp-image-2980\" alt=\"\" srcset=\"https:\/\/lp-interentreprises.com\/wp-content\/uploads\/2024\/04\/Capture-decran-2024-04-08-a-11.45.50.png 631w, https:\/\/lp-interentreprises.com\/wp-content\/uploads\/2024\/04\/Capture-decran-2024-04-08-a-11.45.50-300x222.png 300w\" sizes=\"(max-width: 631px) 100vw, 631px\" \/>\t\t\t\t\t\t\t\t\t\t\t\t\t<\/div>\n\t\t\t\t<\/div>\n\t\t\t\t<div class=\"elementor-element elementor-element-48fb00e elementor-widget elementor-widget-heading\" data-id=\"48fb00e\" data-element_type=\"widget\" data-widget_type=\"heading.default\">\n\t\t\t\t<div class=\"elementor-widget-container\">\n\t\t\t<h3 class=\"elementor-heading-title elementor-size-medium\">Lyc\u00e9e professionnel interentreprises de Boulay-Moselle : une formation aux m\u00e9tiers qui recrutent<\/h3>\t\t<\/div>\n\t\t\t\t<\/div>\n\t\t\t\t<div class=\"elementor-element elementor-element-0acc6b9 elementor-widget elementor-widget-text-editor\" data-id=\"0acc6b9\" data-element_type=\"widget\" data-widget_type=\"text-editor.default\">\n\t\t\t\t<div class=\"elementor-widget-container\">\n\t\t\t\t\t\t\t<p>Ces vendredi\u00a022 et samedi 23\u00a0mars, le lyc\u00e9e professionnel interentreprises a ouvert ses portes au public. Les \u00e9l\u00e8ves et les enseignants ont pr\u00e9sent\u00e9 les diff\u00e9rentes fili\u00e8res qui y sont propos\u00e9es. Avec 140 \u00e9l\u00e8ves r\u00e9partis entre les sites de Boulay et Faulquemont, l\u2019\u00e9tablissement souhaite attirer de nouveaux lyc\u00e9ens. En 2030, les industries mosellanes vont conna\u00eetre une p\u00e9nurie en mati\u00e8re de main-d\u2019\u0153uvre , selon une \u00e9tude r\u00e9cemment men\u00e9e par la R\u00e9gion et le Rectorat. \u00c0 Boulay-Moselle, comme \u00e0 Faulquemont , le lyc\u00e9e professionnel interentreprises forme les jeunes aux m\u00e9tiers qui seront tr\u00e8s prochainement en tension.\u00a0<\/p>\t\t\t\t\t\t<\/div>\n\t\t\t\t<\/div>\n\t\t\t\t<div class=\"elementor-element elementor-element-3392827 elementor-widget elementor-widget-button\" data-id=\"3392827\" data-element_type=\"widget\" data-widget_type=\"button.default\">\n\t\t\t\t<div class=\"elementor-widget-container\">\n\t\t\t\t\t<div class=\"elementor-button-wrapper\">\n\t\t\t<a class=\"elementor-button elementor-button-link elementor-size-sm\" href=\"https:\/\/c.republicain-lorrain.fr\/education\/2024\/03\/23\/lycee-professionnel-interentreprises-de-boulay-moselle-une-formation-aux-metiers-qui-recrutent\">\n\t\t\t\t\t\t<span class=\"elementor-button-content-wrapper\">\n\t\t\t\t\t\t\t\t\t<span class=\"elementor-button-text\">En savoir plus<\/span>\n\t\t\t\t\t<\/span>\n\t\t\t\t\t<\/a>\n\t\t<\/div>\n\t\t\t\t<\/div>\n\t\t\t\t<\/div>\n\t\t\t\t\t<\/div>\n\t\t<\/div>\n\t\t\t\t\t<\/div>\n\t\t<\/section>\n\t\t\t\t<section class=\"elementor-section elementor-top-section elementor-element elementor-element-54c21a1 elementor-section-content-middle elementor-section-stretched elementor-section-boxed elementor-section-height-default elementor-section-height-default\" data-id=\"54c21a1\" data-element_type=\"section\" data-settings=\"{&quot;stretch_section&quot;:&quot;section-stretched&quot;,&quot;background_background&quot;:&quot;classic&quot;}\">\n\t\t\t\t\t\t<div class=\"elementor-container elementor-column-gap-no\">\n\t\t\t\t\t<div class=\"elementor-column elementor-col-100 elementor-top-column elementor-element elementor-element-e5bbe55\" data-id=\"e5bbe55\" data-element_type=\"column\">\n\t\t\t<div class=\"elementor-widget-wrap elementor-element-populated\">\n\t\t\t\t\t\t<div class=\"elementor-element elementor-element-96b2a00 elementor-widget elementor-widget-image\" data-id=\"96b2a00\" data-element_type=\"widget\" data-widget_type=\"image.default\">\n\t\t\t\t<div class=\"elementor-widget-container\">\n\t\t\t\t\t\t\t\t\t\t\t\t\t<img loading=\"lazy\" decoding=\"async\" width=\"913\" height=\"464\" src=\"https:\/\/lp-interentreprises.com\/wp-content\/uploads\/2024\/04\/Capture-decran-2024-04-08-a-11.50.13.png\" class=\"attachment-full size-full wp-image-2990\" alt=\"\" srcset=\"https:\/\/lp-interentreprises.com\/wp-content\/uploads\/2024\/04\/Capture-decran-2024-04-08-a-11.50.13.png 913w, https:\/\/lp-interentreprises.com\/wp-content\/uploads\/2024\/04\/Capture-decran-2024-04-08-a-11.50.13-300x152.png 300w, https:\/\/lp-interentreprises.com\/wp-content\/uploads\/2024\/04\/Capture-decran-2024-04-08-a-11.50.13-768x390.png 768w\" sizes=\"(max-width: 913px) 100vw, 913px\" \/>\t\t\t\t\t\t\t\t\t\t\t\t\t<\/div>\n\t\t\t\t<\/div>\n\t\t\t\t<div class=\"elementor-element elementor-element-7fa03f9 elementor-widget elementor-widget-heading\" data-id=\"7fa03f9\" data-element_type=\"widget\" data-widget_type=\"heading.default\">\n\t\t\t\t<div class=\"elementor-widget-container\">\n\t\t\t<h3 class=\"elementor-heading-title elementor-size-medium\">Portes ouvertes au lyc\u00e9e professionnel sur ses deux sites<\/h3>\t\t<\/div>\n\t\t\t\t<\/div>\n\t\t\t\t<div class=\"elementor-element elementor-element-3889afa elementor-widget elementor-widget-text-editor\" data-id=\"3889afa\" data-element_type=\"widget\" data-widget_type=\"text-editor.default\">\n\t\t\t\t<div class=\"elementor-widget-container\">\n\t\t\t\t\t\t\t<p>Le lyc\u00e9e professionnel interentreprises de Boulay et Faulquemont ouvrira les portes de ses deux sites les vendredi 22\u00a0mars de 16\u00a0h\u00a030 \u00e0 20\u00a0h et samedi\u00a023 de 9\u00a0h \u00e0 13\u00a0h, des horaires modifi\u00e9s par rapport aux ann\u00e9es pr\u00e9c\u00e9dentes.<\/p>\t\t\t\t\t\t<\/div>\n\t\t\t\t<\/div>\n\t\t\t\t<div class=\"elementor-element elementor-element-e03754a elementor-widget elementor-widget-button\" data-id=\"e03754a\" data-element_type=\"widget\" data-widget_type=\"button.default\">\n\t\t\t\t<div class=\"elementor-widget-container\">\n\t\t\t\t\t<div class=\"elementor-button-wrapper\">\n\t\t\t<a class=\"elementor-button elementor-button-link elementor-size-sm\" href=\"https:\/\/c.republicain-lorrain.fr\/education\/2024\/03\/16\/portes-ouvertes-au-lycee-professionnel-sur-ses-deux-sites\">\n\t\t\t\t\t\t<span class=\"elementor-button-content-wrapper\">\n\t\t\t\t\t\t\t\t\t<span class=\"elementor-button-text\">En savoir plus<\/span>\n\t\t\t\t\t<\/span>\n\t\t\t\t\t<\/a>\n\t\t<\/div>\n\t\t\t\t<\/div>\n\t\t\t\t<\/div>\n\t\t\t\t\t<\/div>\n\t\t<\/div>\n\t\t\t\t\t<\/div>\n\t\t<\/section>\n\t\t\t\t<section class=\"elementor-section elementor-top-section elementor-element elementor-element-5234cbe elementor-section-content-middle elementor-section-stretched elementor-section-boxed elementor-section-height-default elementor-section-height-default\" data-id=\"5234cbe\" data-element_type=\"section\" data-settings=\"{&quot;stretch_section&quot;:&quot;section-stretched&quot;,&quot;background_background&quot;:&quot;classic&quot;}\">\n\t\t\t\t\t\t<div class=\"elementor-container elementor-column-gap-no\">\n\t\t\t\t\t<div class=\"elementor-column elementor-col-100 elementor-top-column elementor-element elementor-element-39a7174\" data-id=\"39a7174\" data-element_type=\"column\">\n\t\t\t<div class=\"elementor-widget-wrap elementor-element-populated\">\n\t\t\t\t\t\t<div class=\"elementor-element elementor-element-d41a54b elementor-widget elementor-widget-image\" data-id=\"d41a54b\" data-element_type=\"widget\" data-widget_type=\"image.default\">\n\t\t\t\t<div class=\"elementor-widget-container\">\n\t\t\t\t\t\t\t\t\t\t\t\t\t<img loading=\"lazy\" decoding=\"async\" width=\"877\" height=\"468\" src=\"https:\/\/lp-interentreprises.com\/wp-content\/uploads\/2024\/04\/Capture-decran-2024-04-08-a-11.30.00.png\" class=\"attachment-full size-full wp-image-2972\" alt=\"\" srcset=\"https:\/\/lp-interentreprises.com\/wp-content\/uploads\/2024\/04\/Capture-decran-2024-04-08-a-11.30.00.png 877w, https:\/\/lp-interentreprises.com\/wp-content\/uploads\/2024\/04\/Capture-decran-2024-04-08-a-11.30.00-300x160.png 300w, https:\/\/lp-interentreprises.com\/wp-content\/uploads\/2024\/04\/Capture-decran-2024-04-08-a-11.30.00-768x410.png 768w\" sizes=\"(max-width: 877px) 100vw, 877px\" \/>\t\t\t\t\t\t\t\t\t\t\t\t\t<\/div>\n\t\t\t\t<\/div>\n\t\t\t\t<div class=\"elementor-element elementor-element-3f8263f elementor-widget elementor-widget-heading\" data-id=\"3f8263f\" data-element_type=\"widget\" data-widget_type=\"heading.default\">\n\t\t\t\t<div class=\"elementor-widget-container\">\n\t\t\t<h3 class=\"elementor-heading-title elementor-size-medium\">Deux jours pour d\u00e9couvrir les atouts du lyc\u00e9e professionnel interentreprises<\/h3>\t\t<\/div>\n\t\t\t\t<\/div>\n\t\t\t\t<div class=\"elementor-element elementor-element-8f2355f elementor-widget elementor-widget-text-editor\" data-id=\"8f2355f\" data-element_type=\"widget\" data-widget_type=\"text-editor.default\">\n\t\t\t\t<div class=\"elementor-widget-container\">\n\t\t\t\t\t\t\t<p>Le lyc\u00e9e professionnel interentreprises \u00e0 Faulquemont ouvre ses portes pour faire d\u00e9couvrir ses sp\u00e9cialit\u00e9s porteuses d\u2019emploi. Cette ann\u00e9e, les rencontres se d\u00e9rouleront sur deux jours\u00a0: vendredi\u00a022 et samedi 23\u00a0mars. Les enseignants et formateurs du lyc\u00e9e professionnel interentreprises (LPI) et de son centre de formation d\u2019apprentis seront mobilis\u00e9s ce week-end \u00e0 l\u2019occasion des portes ouvertes sur les sites de Faulquemont et Boulay. Les responsables accueilleront parents, \u00e9l\u00e8ves et \u00e9tudiants en qu\u00eate d\u2019informations ces vendredi\u00a022 et samedi 23\u00a0mars.<\/p><p>\u00ab Les \u00e9l\u00e8ves du LPI , que ce soit sur les fili\u00e8res Maintenance, Usinage, \u00c9lectricit\u00e9 ou M\u00e9tallerie-Chaudronnerie n\u2019ont aucun probl\u00e8me \u00e0 trouver un emploi ou de poursuivre leurs \u00e9tudes. Tous ces m\u00e9tiers sont en tension sur la Moselle et au-del\u00e0 des fronti\u00e8res, au Luxembourg et en Allemagne\u00a0\u00bb, souligne St\u00e9phane Becker, directeur adjoint du lyc\u00e9e professionnel interentreprises. \u00ab\u00a0Malgr\u00e9 cela et les salaires tr\u00e8s corrects d\u00e8s le d\u00e9marrage, les jeunes peinent \u00e0 s\u2019orienter dans ses fili\u00e8res surtout en usinage (Bac Pro TRPM).\u00a0\u00bb<\/p><p>\u00a0<\/p><p><strong>Deux formations en apprentissage<\/strong><\/p><p>\u00a0<\/p><p>Du c\u00f4t\u00e9 des projets, les visiteurs pourront d\u00e9couvrir les travaux en cours des \u00e9l\u00e8ves de Bac Pro en Chaudronnerie industrielle notamment autour de la th\u00e9matique des Jeux Olympiques.\u00a0Ces moments d\u2019\u00e9change seront \u00e9galement l\u2019occasion de d\u00e9couvrir le centre de formation d\u2019apprentis et ses deux formations propos\u00e9es en apprentissage\u00a0: le BTS Maintenance des syst\u00e8mes et le BTS Conception et r\u00e9alisation en chaudronnerie industrielle.<\/p><p>\u00a0<\/p><div class=\"textComponent element3\"><p>Ce vendredi 22\u00a0mars de 16\u00a0h\u00a030 \u00e0 20\u00a0h et samedi 23\u00a0mars de 9\u00a0h \u00e0 13\u00a0h\u00a0: portes ouvertes au LPI, 1 all\u00e9e Ren\u00e9-Cassin, dans les locaux de l\u2019H\u00f4tel communautaire du District urbain de Faulquemont. T\u00e9l.\u00a003\u00a087\u00a079\u00a021\u00a076. Mail\u00a0: accueil@lp-interentreprises<\/p><\/div><div class=\"insetComponent\"><div class=\"insetContent\"><p>\u00a0<\/p><\/div><\/div>\t\t\t\t\t\t<\/div>\n\t\t\t\t<\/div>\n\t\t\t\t<div class=\"elementor-element elementor-element-dce3d8f elementor-widget elementor-widget-button\" data-id=\"dce3d8f\" data-element_type=\"widget\" data-widget_type=\"button.default\">\n\t\t\t\t<div class=\"elementor-widget-container\">\n\t\t\t\t\t<div class=\"elementor-button-wrapper\">\n\t\t\t<a class=\"elementor-button elementor-button-link elementor-size-sm\" href=\"https:\/\/c.republicain-lorrain.fr\/education\/2024\/03\/21\/deux-jours-pour-decouvrir-les-atouts-du-lycee-professionnel-interentreprises?utm_medium=Social&#038;utm_source=Facebook&#038;fbclid=IwAR0OoUbJWU0VeRCw9XQ5yAk1yKrKQarkIFFVa_3s7iF31Oe-FZmSjckutEQ\">\n\t\t\t\t\t\t<span class=\"elementor-button-content-wrapper\">\n\t\t\t\t\t\t\t\t\t<span class=\"elementor-button-text\">En savoir plus<\/span>\n\t\t\t\t\t<\/span>\n\t\t\t\t\t<\/a>\n\t\t<\/div>\n\t\t\t\t<\/div>\n\t\t\t\t<\/div>\n\t\t\t\t\t<\/div>\n\t\t<\/div>\n\t\t\t\t\t<\/div>\n\t\t<\/section>\n\t\t\t\t<section class=\"elementor-section elementor-top-section elementor-element elementor-element-40f8f9c elementor-section-content-middle elementor-section-stretched elementor-section-boxed elementor-section-height-default elementor-section-height-default\" data-id=\"40f8f9c\" data-element_type=\"section\" data-settings=\"{&quot;stretch_section&quot;:&quot;section-stretched&quot;,&quot;background_background&quot;:&quot;classic&quot;}\">\n\t\t\t\t\t\t<div class=\"elementor-container elementor-column-gap-no\">\n\t\t\t\t\t<div class=\"elementor-column elementor-col-100 elementor-top-column elementor-element elementor-element-4400c51\" data-id=\"4400c51\" data-element_type=\"column\">\n\t\t\t<div class=\"elementor-widget-wrap elementor-element-populated\">\n\t\t\t\t\t\t<div class=\"elementor-element elementor-element-5195b75 elementor-widget elementor-widget-image\" data-id=\"5195b75\" data-element_type=\"widget\" data-widget_type=\"image.default\">\n\t\t\t\t<div class=\"elementor-widget-container\">\n\t\t\t\t\t\t\t\t\t\t\t\t\t<img loading=\"lazy\" decoding=\"async\" width=\"804\" height=\"493\" src=\"https:\/\/lp-interentreprises.com\/wp-content\/uploads\/2024\/01\/Capture-decran-2024-01-21-a-17.32.17.png\" class=\"attachment-full size-full wp-image-2512\" alt=\"\" srcset=\"https:\/\/lp-interentreprises.com\/wp-content\/uploads\/2024\/01\/Capture-decran-2024-01-21-a-17.32.17.png 804w, https:\/\/lp-interentreprises.com\/wp-content\/uploads\/2024\/01\/Capture-decran-2024-01-21-a-17.32.17-300x184.png 300w, https:\/\/lp-interentreprises.com\/wp-content\/uploads\/2024\/01\/Capture-decran-2024-01-21-a-17.32.17-768x471.png 768w\" sizes=\"(max-width: 804px) 100vw, 804px\" \/>\t\t\t\t\t\t\t\t\t\t\t\t\t<\/div>\n\t\t\t\t<\/div>\n\t\t\t\t<div class=\"elementor-element elementor-element-954c946 elementor-widget elementor-widget-heading\" data-id=\"954c946\" data-element_type=\"widget\" data-widget_type=\"heading.default\">\n\t\t\t\t<div class=\"elementor-widget-container\">\n\t\t\t<h3 class=\"elementor-heading-title elementor-size-medium\">Deuxi\u00e8mes au concours M\u00e9tal jeunes, les \u00e9l\u00e8ves du LPI f\u00e9licit\u00e9s<\/h3>\t\t<\/div>\n\t\t\t\t<\/div>\n\t\t\t\t<div class=\"elementor-element elementor-element-b158013 elementor-widget elementor-widget-text-editor\" data-id=\"b158013\" data-element_type=\"widget\" data-widget_type=\"text-editor.default\">\n\t\t\t\t<div class=\"elementor-widget-container\">\n\t\t\t\t\t\t\t<p>Le lyc\u00e9e professionnel interentreprises s\u2019est aur\u00e9ol\u00e9 du 2<sup>e<\/sup> prix M\u00e9tal jeunes, octroy\u00e9 par les Assises de la m\u00e9tallerie pour leur \u0153uvre \u00ab\u00a0l\u2019Aci\u00e9ro\u00efde\u00a0\u00bb, sur le th\u00e8me des r\u00e9volutions spatiales. Les laur\u00e9ats ont re\u00e7u leur dipl\u00f4me \u00e0 l\u2019occasion d\u2019une c\u00e9r\u00e9monie dans l\u2019\u00e9tablissement.\u00a0Les \u00e9l\u00e8ves de la classe de terminale de bac professionnel de technicien en chaudronnerie industrielle de Faulquemont, antenne du lyc\u00e9e professionnel interentreprises de Boulay, ont d\u00e9croch\u00e9 un troph\u00e9e national en argent au concours M\u00e9tal jeunes. C\u2019est la quatri\u00e8me r\u00e9compense obtenue par l\u2019\u00e9tablissement.<\/p>\t\t\t\t\t\t<\/div>\n\t\t\t\t<\/div>\n\t\t\t\t<div class=\"elementor-element elementor-element-5d59ed6 elementor-widget elementor-widget-button\" data-id=\"5d59ed6\" data-element_type=\"widget\" data-widget_type=\"button.default\">\n\t\t\t\t<div class=\"elementor-widget-container\">\n\t\t\t\t\t<div class=\"elementor-button-wrapper\">\n\t\t\t<a class=\"elementor-button elementor-button-link elementor-size-sm\" href=\"https:\/\/c.republicain-lorrain.fr\/education\/2024\/01\/20\/deuxiemes-au-concours-metal-jeunes-les-eleves-du-lpi-felicites?login=1\">\n\t\t\t\t\t\t<span class=\"elementor-button-content-wrapper\">\n\t\t\t\t\t\t\t\t\t<span class=\"elementor-button-text\">En savoir plus<\/span>\n\t\t\t\t\t<\/span>\n\t\t\t\t\t<\/a>\n\t\t<\/div>\n\t\t\t\t<\/div>\n\t\t\t\t<\/div>\n\t\t\t\t\t<\/div>\n\t\t<\/div>\n\t\t\t\t\t<\/div>\n\t\t<\/section>\n\t\t\t\t<section class=\"elementor-section elementor-top-section elementor-element elementor-element-d1a2d68 elementor-section-content-middle elementor-section-stretched elementor-section-boxed elementor-section-height-default elementor-section-height-default\" data-id=\"d1a2d68\" data-element_type=\"section\" data-settings=\"{&quot;stretch_section&quot;:&quot;section-stretched&quot;,&quot;background_background&quot;:&quot;classic&quot;}\">\n\t\t\t\t\t\t<div class=\"elementor-container elementor-column-gap-no\">\n\t\t\t\t\t<div class=\"elementor-column elementor-col-100 elementor-top-column elementor-element elementor-element-441edf0\" data-id=\"441edf0\" data-element_type=\"column\">\n\t\t\t<div class=\"elementor-widget-wrap elementor-element-populated\">\n\t\t\t\t\t\t<div class=\"elementor-element elementor-element-b72f97c elementor-widget elementor-widget-image\" data-id=\"b72f97c\" data-element_type=\"widget\" data-widget_type=\"image.default\">\n\t\t\t\t<div class=\"elementor-widget-container\">\n\t\t\t\t\t\t\t\t\t\t\t\t\t<img loading=\"lazy\" decoding=\"async\" width=\"2560\" height=\"1810\" src=\"https:\/\/lp-interentreprises.com\/wp-content\/uploads\/2023\/12\/4-scaled.jpg\" class=\"attachment-full size-full wp-image-2470\" alt=\"\" srcset=\"https:\/\/lp-interentreprises.com\/wp-content\/uploads\/2023\/12\/4-scaled.jpg 2560w, https:\/\/lp-interentreprises.com\/wp-content\/uploads\/2023\/12\/4-300x212.jpg 300w, https:\/\/lp-interentreprises.com\/wp-content\/uploads\/2023\/12\/4-1024x724.jpg 1024w, https:\/\/lp-interentreprises.com\/wp-content\/uploads\/2023\/12\/4-768x543.jpg 768w, https:\/\/lp-interentreprises.com\/wp-content\/uploads\/2023\/12\/4-1536x1086.jpg 1536w, https:\/\/lp-interentreprises.com\/wp-content\/uploads\/2023\/12\/4-2048x1448.jpg 2048w, https:\/\/lp-interentreprises.com\/wp-content\/uploads\/2023\/12\/4-1568x1109.jpg 1568w\" sizes=\"(max-width: 2560px) 100vw, 2560px\" \/>\t\t\t\t\t\t\t\t\t\t\t\t\t<\/div>\n\t\t\t\t<\/div>\n\t\t\t\t<div class=\"elementor-element elementor-element-9cae35a elementor-widget elementor-widget-heading\" data-id=\"9cae35a\" data-element_type=\"widget\" data-widget_type=\"heading.default\">\n\t\t\t\t<div class=\"elementor-widget-container\">\n\t\t\t<h3 class=\"elementor-heading-title elementor-size-medium\">Les coll\u00e9giens \u00e0 la d\u00e9couverte des entreprises<\/h3>\t\t<\/div>\n\t\t\t\t<\/div>\n\t\t\t\t<div class=\"elementor-element elementor-element-aa5b15d elementor-widget elementor-widget-text-editor\" data-id=\"aa5b15d\" data-element_type=\"widget\" data-widget_type=\"text-editor.default\">\n\t\t\t\t<div class=\"elementor-widget-container\">\n\t\t\t\t\t\t\t<p>Le lyc\u00e9e professionnel interentreprises de Boulay poss\u00e8de, au sein de son panel de formations \u00e0 la disposition des \u00e9l\u00e8ves, d\u2019une classe de 3e Pr\u00e9pa aux M\u00e9tiers, afin que les jeunes coll\u00e9giens qui souhaitent s\u2019orienter directement vers la voie professionnelle soient inform\u00e9s.<\/p><p>Dans le cadre de la d\u00e9couverte des m\u00e9tiers, ces \u00e9l\u00e8ves sont sortis visiter derni\u00e8rement l\u2019entreprise Setforge de Bouzonville accompagn\u00e9s de leurs professeurs Mmes Amsinger et Schneider.<\/p><p>La visite a \u00e9t\u00e9 guid\u00e9e et comment\u00e9e par M. Boulan, responsable de production et M. Schneider, responsable laboratoire, qui ont su leur donner go\u00fbt aux m\u00e9tiers du secteur industriel qui recrutent tels que l\u2019usinage, la forge, la maintenance et l\u2019automatisme.<\/p><p>Des formations qui ont de l\u2019avenir\u00a0!<\/p>\t\t\t\t\t\t<\/div>\n\t\t\t\t<\/div>\n\t\t\t\t<div class=\"elementor-element elementor-element-c084ddc elementor-widget elementor-widget-button\" data-id=\"c084ddc\" data-element_type=\"widget\" data-widget_type=\"button.default\">\n\t\t\t\t<div class=\"elementor-widget-container\">\n\t\t\t\t\t<div class=\"elementor-button-wrapper\">\n\t\t\t<a class=\"elementor-button elementor-button-link elementor-size-sm\" href=\"https:\/\/c.republicain-lorrain.fr\/education\/2023\/12\/15\/les-collegiens-a-la-decouverte-des-entreprises?login=1\">\n\t\t\t\t\t\t<span class=\"elementor-button-content-wrapper\">\n\t\t\t\t\t\t\t\t\t<span class=\"elementor-button-text\">En savoir plus<\/span>\n\t\t\t\t\t<\/span>\n\t\t\t\t\t<\/a>\n\t\t<\/div>\n\t\t\t\t<\/div>\n\t\t\t\t<\/div>\n\t\t\t\t\t<\/div>\n\t\t<\/div>\n\t\t\t\t\t<\/div>\n\t\t<\/section>\n\t\t\t\t<section class=\"elementor-section elementor-top-section elementor-element elementor-element-0c21b5f elementor-section-content-middle elementor-section-stretched elementor-section-boxed elementor-section-height-default elementor-section-height-default\" data-id=\"0c21b5f\" data-element_type=\"section\" data-settings=\"{&quot;stretch_section&quot;:&quot;section-stretched&quot;,&quot;background_background&quot;:&quot;classic&quot;}\">\n\t\t\t\t\t\t<div class=\"elementor-container elementor-column-gap-no\">\n\t\t\t\t\t<div class=\"elementor-column elementor-col-100 elementor-top-column elementor-element elementor-element-8d6142a\" data-id=\"8d6142a\" data-element_type=\"column\">\n\t\t\t<div class=\"elementor-widget-wrap elementor-element-populated\">\n\t\t\t\t\t\t<div class=\"elementor-element elementor-element-9794aa5 elementor-widget elementor-widget-image\" data-id=\"9794aa5\" data-element_type=\"widget\" data-widget_type=\"image.default\">\n\t\t\t\t<div class=\"elementor-widget-container\">\n\t\t\t\t\t\t\t\t\t\t\t\t\t<img loading=\"lazy\" decoding=\"async\" width=\"650\" height=\"471\" src=\"https:\/\/lp-interentreprises.com\/wp-content\/uploads\/2023\/11\/Capture-decran-2023-11-22-a-15.42.18.png\" class=\"attachment-full size-full wp-image-2327\" alt=\"\" srcset=\"https:\/\/lp-interentreprises.com\/wp-content\/uploads\/2023\/11\/Capture-decran-2023-11-22-a-15.42.18.png 650w, https:\/\/lp-interentreprises.com\/wp-content\/uploads\/2023\/11\/Capture-decran-2023-11-22-a-15.42.18-300x217.png 300w\" sizes=\"(max-width: 650px) 100vw, 650px\" \/>\t\t\t\t\t\t\t\t\t\t\t\t\t<\/div>\n\t\t\t\t<\/div>\n\t\t\t\t<div class=\"elementor-element elementor-element-5c7b8b7 elementor-widget elementor-widget-heading\" data-id=\"5c7b8b7\" data-element_type=\"widget\" data-widget_type=\"heading.default\">\n\t\t\t\t<div class=\"elementor-widget-container\">\n\t\t\t<h3 class=\"elementor-heading-title elementor-size-medium\">Salon Talents de femmes : \u00ab Mettre en valeur leur cr\u00e9ativit\u00e9 \u00bb<\/h3>\t\t<\/div>\n\t\t\t\t<\/div>\n\t\t\t\t<div class=\"elementor-element elementor-element-5b2de04 elementor-widget elementor-widget-text-editor\" data-id=\"5b2de04\" data-element_type=\"widget\" data-widget_type=\"text-editor.default\">\n\t\t\t\t<div class=\"elementor-widget-container\">\n\t\t\t\t\t\t\t<p>Organis\u00e9 ce samedi\u00a021 et dimanche 22\u00a0octobre \u00e0 Montigny-l\u00e8s-Metz, le salon Talents de Femmes mettra en valeur des cr\u00e9atrices mosellanes avec un prix \u00e0 la cl\u00e9. Plus de vingt artisanes seront au rendez-vous.\u00a0<span style=\"font-family: var( --e-global-typography-text-font-family ), Sans-serif;\">Mettre en lumi\u00e8re la cr\u00e9ativit\u00e9 des femmes, c\u2019est l\u2019objectif de la quatri\u00e8me \u00e9dition du salon Talents de Femmes pr\u00e9vu ce samedi\u00a021 et dimanche 22\u00a0octobre, \u00e0 la salle Pougin, \u00e0 Montigny-l\u00e8s-Metz. Mis en place par l\u2019antenne messine de l\u2019organisation non gouvernementale (ONG) Soroptimist International en partenariat avec la ville, le rendez-vous accueillera plus d\u2019une vingtaine de cr\u00e9atrices bas\u00e9es en Moselle. Parmi celles-ci, des bijouti\u00e8res, cr\u00e9atrices de parfums, confiseuses et peintres. L\u2019accent est mis sur la diversit\u00e9 des sp\u00e9cialit\u00e9s\u00a0: \u00ab\u00a0On souhaite mettre en valeur l\u2019entrepreneuriat des femmes et leur cr\u00e9ativit\u00e9\u00a0\u00bb, explique V\u00e9ronique Cousin, pr\u00e9sidente de Soroptimist International Metz. Les visiteurs pourront donc d\u00e9couvrir leurs produits et se faire plaisir.<\/span><\/p><p>\u00a0<\/p><h5>Un prix et un ch\u00e8que \u00e0 la cl\u00e9<\/h5><p>Outre les expositions, les animations musicales, les d\u00e9fil\u00e9s et la rencontre avec la journaliste et \u00e9crivaine <a href=\"https:\/\/www.republicain-lorrain.fr\/week-end\/2019\/01\/31\/benedicte-flye-sainte-marie-le-fond-et-la-forme\" target=\"_blank\" rel=\"noopener\">B\u00e9n\u00e9dicte Flye Sainte Marie<\/a>, marraine de l\u2019\u00e9v\u00e8nement, un prix \u00a0Coup de c\u0153ur du public sera remis \u00e0 la cr\u00e9atrice qui aura remport\u00e9 le vote des visiteurs. Un ch\u00e8que sera remis \u00e0 la laur\u00e9ate, un coup de pouce dans ce contexte d\u2019une flamb\u00e9e des prix des mat\u00e9riaux. Sa valeur d\u00e9pendra du b\u00e9n\u00e9fice r\u00e9alis\u00e9 sur un ap\u00e9ritif pr\u00e9vu le premier jour du salon\u00a0: \u00ab\u00a0Au-del\u00e0 de l\u2019aspect commercial, c\u2019est une initiative pour d\u00e9couvrir de nouvelles choses et faire des rencontres\u00a0\u00bb, r\u00e9sume V\u00e9ronique Cousin.<\/p>\t\t\t\t\t\t<\/div>\n\t\t\t\t<\/div>\n\t\t\t\t<div class=\"elementor-element elementor-element-d981805 elementor-widget elementor-widget-button\" data-id=\"d981805\" data-element_type=\"widget\" data-widget_type=\"button.default\">\n\t\t\t\t<div class=\"elementor-widget-container\">\n\t\t\t\t\t<div class=\"elementor-button-wrapper\">\n\t\t\t<a class=\"elementor-button elementor-button-link elementor-size-sm\" href=\"https:\/\/www.republicain-lorrain.fr\/culture-loisirs\/2023\/10\/16\/salon-talents-de-femmes-mettre-en-valeur-leur-creativite\">\n\t\t\t\t\t\t<span class=\"elementor-button-content-wrapper\">\n\t\t\t\t\t\t\t\t\t<span class=\"elementor-button-text\">En savoir plus<\/span>\n\t\t\t\t\t<\/span>\n\t\t\t\t\t<\/a>\n\t\t<\/div>\n\t\t\t\t<\/div>\n\t\t\t\t<\/div>\n\t\t\t\t\t<\/div>\n\t\t<\/div>\n\t\t\t\t\t<\/div>\n\t\t<\/section>\n\t\t\t\t<section class=\"elementor-section elementor-top-section elementor-element elementor-element-0b98bcf elementor-section-content-middle elementor-section-stretched elementor-section-boxed elementor-section-height-default elementor-section-height-default\" data-id=\"0b98bcf\" data-element_type=\"section\" data-settings=\"{&quot;stretch_section&quot;:&quot;section-stretched&quot;,&quot;background_background&quot;:&quot;classic&quot;}\">\n\t\t\t\t\t\t<div class=\"elementor-container elementor-column-gap-no\">\n\t\t\t\t\t<div class=\"elementor-column elementor-col-100 elementor-top-column elementor-element elementor-element-5459b42\" data-id=\"5459b42\" data-element_type=\"column\">\n\t\t\t<div class=\"elementor-widget-wrap elementor-element-populated\">\n\t\t\t\t\t\t<div class=\"elementor-element elementor-element-ae56d1c elementor-widget elementor-widget-image\" data-id=\"ae56d1c\" data-element_type=\"widget\" data-widget_type=\"image.default\">\n\t\t\t\t<div class=\"elementor-widget-container\">\n\t\t\t\t\t\t\t\t\t\t\t\t\t<img loading=\"lazy\" decoding=\"async\" width=\"2560\" height=\"1707\" src=\"https:\/\/lp-interentreprises.com\/wp-content\/uploads\/2023\/03\/IMG_0062-2-scaled.jpg\" class=\"attachment-full size-full wp-image-1169\" alt=\"\" srcset=\"https:\/\/lp-interentreprises.com\/wp-content\/uploads\/2023\/03\/IMG_0062-2-scaled.jpg 2560w, https:\/\/lp-interentreprises.com\/wp-content\/uploads\/2023\/03\/IMG_0062-2-300x200.jpg 300w, https:\/\/lp-interentreprises.com\/wp-content\/uploads\/2023\/03\/IMG_0062-2-1024x683.jpg 1024w, https:\/\/lp-interentreprises.com\/wp-content\/uploads\/2023\/03\/IMG_0062-2-768x512.jpg 768w, https:\/\/lp-interentreprises.com\/wp-content\/uploads\/2023\/03\/IMG_0062-2-1536x1024.jpg 1536w, https:\/\/lp-interentreprises.com\/wp-content\/uploads\/2023\/03\/IMG_0062-2-2048x1365.jpg 2048w, https:\/\/lp-interentreprises.com\/wp-content\/uploads\/2023\/03\/IMG_0062-2-1568x1045.jpg 1568w\" sizes=\"(max-width: 2560px) 100vw, 2560px\" \/>\t\t\t\t\t\t\t\t\t\t\t\t\t<\/div>\n\t\t\t\t<\/div>\n\t\t\t\t<div class=\"elementor-element elementor-element-2b73bdb elementor-widget elementor-widget-heading\" data-id=\"2b73bdb\" data-element_type=\"widget\" data-widget_type=\"heading.default\">\n\t\t\t\t<div class=\"elementor-widget-container\">\n\t\t\t<h3 class=\"elementor-heading-title elementor-size-medium\">COLL\u00c8GE VICTOR-DEMANGE ET LYC\u00c9E PROFESSIONNEL INTERENTREPRISES : LES NOUVEAUT\u00c9S DE LA RENTR\u00c9E\u200b<\/h3>\t\t<\/div>\n\t\t\t\t<\/div>\n\t\t\t\t<div class=\"elementor-element elementor-element-1b7c753 elementor-widget elementor-widget-text-editor\" data-id=\"1b7c753\" data-element_type=\"widget\" data-widget_type=\"text-editor.default\">\n\t\t\t\t<div class=\"elementor-widget-container\">\n\t\t\t\t\t\t\t<p>Pas de changement dans les \u00e9quipes de direction, mais beaucoup de nouveaux professeurs et des nouveaut\u00e9s dans les formations, tant au coll\u00e8ge Victor-Demange qu\u2019au lyc\u00e9e professionnel interentreprises \u00e0 Boulay-Moselle.<\/p><p>\u00a0<\/p><h4 class=\"point\">Lyc\u00e9e professionnel interentreprises<\/h4><div>\u00a0<\/div><p>\u00ab\u00a0Les BTS sont en place pour cette rentr\u00e9e, en maintenance des syst\u00e8mes automatis\u00e9s et en chaudronnerie industrielle\u00a0\u00bb, pr\u00e9cise Pascal Pizzinato, proviseur du <a href=\"https:\/\/www.republicain-lorrain.fr\/education\/2023\/03\/12\/lycee-professionnel-interet-marque-a-la-journee-portes-ouvertes\" target=\"_blank\" rel=\"noopener\">l<\/a>yc\u00e9e professionnel interentreprises de Boulay-Faulquemont , heureux de ces formations post-bac. Du c\u00f4t\u00e9 de l\u2019apprentissage et de la mixit\u00e9 lyc\u00e9e-entreprises, c\u2019est aussi bien parti, avec \u00ab\u00a0une formation plus adapt\u00e9e aux majeurs autonomes\u00a0\u00bb, souligne-t-il. Quatre nouveaux professeurs int\u00e8grent l\u2019\u00e9quipe p\u00e9dagogique.<\/p><p>\u00ab\u00a0On va poursuivre notre collaboration avec Soroptimist pour la place des jeunes filles dans nos formations, et une demande est en cours pour une nouvelle formation Bac pro S\u00e9curit\u00e9\u00a0\u00bb.\u00a0Cette rentr\u00e9e est marqu\u00e9e par une forte affluence en CAP, \u00ab\u00a015 \u00e9l\u00e8ves en \u00e9lectricit\u00e9, 14 en m\u00e9tallerie\u00a0\u00bb. Le lyc\u00e9e va poursuivre son travail sur le r\u00e9am\u00e9nagement des ateliers \u00ab\u00a0qui datent de 1974\u00a0\u00bb pour am\u00e9liorer le confort de vie.<\/p>\t\t\t\t\t\t<\/div>\n\t\t\t\t<\/div>\n\t\t\t\t<div class=\"elementor-element elementor-element-cb2b531 elementor-widget elementor-widget-button\" data-id=\"cb2b531\" data-element_type=\"widget\" data-widget_type=\"button.default\">\n\t\t\t\t<div class=\"elementor-widget-container\">\n\t\t\t\t\t<div class=\"elementor-button-wrapper\">\n\t\t\t<a class=\"elementor-button elementor-button-link elementor-size-sm\" href=\"https:\/\/c.republicain-lorrain.fr\/education\/2023\/09\/02\/college-victor-demange-et-lycee-professionnel-interentreprises-les-nouveautes-de-la-rentree\">\n\t\t\t\t\t\t<span class=\"elementor-button-content-wrapper\">\n\t\t\t\t\t\t\t\t\t<span class=\"elementor-button-text\">En savoir plus<\/span>\n\t\t\t\t\t<\/span>\n\t\t\t\t\t<\/a>\n\t\t<\/div>\n\t\t\t\t<\/div>\n\t\t\t\t<\/div>\n\t\t\t\t\t<\/div>\n\t\t<\/div>\n\t\t\t\t\t<\/div>\n\t\t<\/section>\n\t\t\t\t<section class=\"elementor-section elementor-top-section elementor-element elementor-element-b098132 elementor-section-content-middle elementor-section-stretched elementor-section-boxed elementor-section-height-default elementor-section-height-default\" data-id=\"b098132\" data-element_type=\"section\" data-settings=\"{&quot;stretch_section&quot;:&quot;section-stretched&quot;,&quot;background_background&quot;:&quot;classic&quot;}\">\n\t\t\t\t\t\t<div class=\"elementor-container elementor-column-gap-no\">\n\t\t\t\t\t<div class=\"elementor-column elementor-col-100 elementor-top-column elementor-element elementor-element-dd27317\" data-id=\"dd27317\" data-element_type=\"column\">\n\t\t\t<div class=\"elementor-widget-wrap elementor-element-populated\">\n\t\t\t\t\t\t<div class=\"elementor-element elementor-element-d23ef43 elementor-widget elementor-widget-image\" data-id=\"d23ef43\" data-element_type=\"widget\" data-widget_type=\"image.default\">\n\t\t\t\t<div class=\"elementor-widget-container\">\n\t\t\t\t\t\t\t\t\t\t\t\t\t<img loading=\"lazy\" decoding=\"async\" width=\"857\" height=\"525\" src=\"https:\/\/lp-interentreprises.com\/wp-content\/uploads\/2023\/07\/Capture-decran-2023-07-18-a-23.03.37.png\" class=\"attachment-full size-full wp-image-2192\" alt=\"\" srcset=\"https:\/\/lp-interentreprises.com\/wp-content\/uploads\/2023\/07\/Capture-decran-2023-07-18-a-23.03.37.png 857w, https:\/\/lp-interentreprises.com\/wp-content\/uploads\/2023\/07\/Capture-decran-2023-07-18-a-23.03.37-300x184.png 300w, https:\/\/lp-interentreprises.com\/wp-content\/uploads\/2023\/07\/Capture-decran-2023-07-18-a-23.03.37-768x470.png 768w\" sizes=\"(max-width: 857px) 100vw, 857px\" \/>\t\t\t\t\t\t\t\t\t\t\t\t\t<\/div>\n\t\t\t\t<\/div>\n\t\t\t\t<div class=\"elementor-element elementor-element-ad87b89 elementor-widget elementor-widget-heading\" data-id=\"ad87b89\" data-element_type=\"widget\" data-widget_type=\"heading.default\">\n\t\t\t\t<div class=\"elementor-widget-container\">\n\t\t\t<h3 class=\"elementor-heading-title elementor-size-medium\">Le portrait de Simone Weil, projet de 4 \u00e9l\u00e8ves, tr\u00f4ne au lyc\u00e9e professionnel<\/h3>\t\t<\/div>\n\t\t\t\t<\/div>\n\t\t\t\t<div class=\"elementor-element elementor-element-2620ad9 elementor-widget elementor-widget-text-editor\" data-id=\"2620ad9\" data-element_type=\"widget\" data-widget_type=\"text-editor.default\">\n\t\t\t\t<div class=\"elementor-widget-container\">\n\t\t\t\t\t\t\t<p>Quatre \u00e9l\u00e8ves du lyc\u00e9e professionnel de Boulay-Moselle ont r\u00e9alis\u00e9 le portrait de Simone Veil. Elles ont \u00e9t\u00e9 prim\u00e9es lors de l\u2019inauguration. L\u2019\u0153uvre, produite en deux exemplaires, sera expos\u00e9e conjointement au lyc\u00e9e de Boulay et \u00e0 celui de Faulquemont.<\/p>\n<p>Depuis quelques jours, le portrait de Simone Veil tr\u00f4ne au lyc\u00e9e professionnel de Boulay-Moselle. Son inauguration a eu lieu le jour des vacances d\u2019\u00e9t\u00e9, en pr\u00e9sence d\u2019une d\u00e9l\u00e9gation Soroptimist conduite par V\u00e9ronique Cousin, de l\u2019association messine. \u00ab&nbsp;Soroptimist, c\u2019est les femmes pour le meilleur&nbsp;\u00bb a-t-elle r\u00e9sum\u00e9.<\/p>\n<p>La gen\u00e8se&nbsp;? Un groupe de jeunes filles du lyc\u00e9e, engag\u00e9es dans des formations class\u00e9es comme \u00e9tant plut\u00f4t masculines, telles la chaudronnerie ou la m\u00e9tallerie, se sont lanc\u00e9es dans la d\u00e9couverte de Simone Veil, f\u00e9ministe engag\u00e9e. Elles ont d\u00e9cid\u00e9 de r\u00e9aliser son portrait avec des techniques de leur formation&nbsp;: r\u00e9alisation d\u2019un plan, d\u2019une maquette, d\u00e9coupage plasma des t\u00f4les pour aboutir \u00e0 un portrait en relief, avec l\u2019aide de leurs professeurs.<\/p>\n<p>La gageure a \u00e9t\u00e9 men\u00e9e \u00e0 terme, et Simone Veil tr\u00f4ne maintenant sur son pi\u00e9destal, apr\u00e8s plus de 300&nbsp;heures de travail.<\/p>\t\t\t\t\t\t<\/div>\n\t\t\t\t<\/div>\n\t\t\t\t<div class=\"elementor-element elementor-element-21fa448 elementor-widget elementor-widget-button\" data-id=\"21fa448\" data-element_type=\"widget\" data-widget_type=\"button.default\">\n\t\t\t\t<div class=\"elementor-widget-container\">\n\t\t\t\t\t<div class=\"elementor-button-wrapper\">\n\t\t\t<a class=\"elementor-button elementor-button-link elementor-size-sm\" href=\"https:\/\/c.republicain-lorrain.fr\/education\/2023\/07\/11\/le-portrait-de-simone-weil-projet-de-4-eleves-trone-au-lycee-professionnel\">\n\t\t\t\t\t\t<span class=\"elementor-button-content-wrapper\">\n\t\t\t\t\t\t\t\t\t<span class=\"elementor-button-text\">En savoir plus<\/span>\n\t\t\t\t\t<\/span>\n\t\t\t\t\t<\/a>\n\t\t<\/div>\n\t\t\t\t<\/div>\n\t\t\t\t<\/div>\n\t\t\t\t\t<\/div>\n\t\t<\/div>\n\t\t\t\t\t<\/div>\n\t\t<\/section>\n\t\t\t\t<section class=\"elementor-section elementor-top-section elementor-element elementor-element-89a0ed0 elementor-section-content-middle elementor-section-stretched elementor-section-boxed elementor-section-height-default elementor-section-height-default\" data-id=\"89a0ed0\" data-element_type=\"section\" data-settings=\"{&quot;stretch_section&quot;:&quot;section-stretched&quot;,&quot;background_background&quot;:&quot;classic&quot;}\">\n\t\t\t\t\t\t<div class=\"elementor-container elementor-column-gap-no\">\n\t\t\t\t\t<div class=\"elementor-column elementor-col-100 elementor-top-column elementor-element elementor-element-90e74c9\" data-id=\"90e74c9\" data-element_type=\"column\">\n\t\t\t<div class=\"elementor-widget-wrap elementor-element-populated\">\n\t\t\t\t\t\t<div class=\"elementor-element elementor-element-ab22171 elementor-widget elementor-widget-image\" data-id=\"ab22171\" data-element_type=\"widget\" data-widget_type=\"image.default\">\n\t\t\t\t<div class=\"elementor-widget-container\">\n\t\t\t\t\t\t\t\t\t\t\t\t\t<img loading=\"lazy\" decoding=\"async\" width=\"1593\" height=\"721\" src=\"https:\/\/lp-interentreprises.com\/wp-content\/uploads\/2023\/07\/la-visite-de-chantier-de-la-delegation-de-soroptimist-metz-au-lycee-professionnel-de-boulay-photo-rl-1684951047.jpg\" class=\"attachment-full size-full wp-image-2187\" alt=\"\" srcset=\"https:\/\/lp-interentreprises.com\/wp-content\/uploads\/2023\/07\/la-visite-de-chantier-de-la-delegation-de-soroptimist-metz-au-lycee-professionnel-de-boulay-photo-rl-1684951047.jpg 1593w, https:\/\/lp-interentreprises.com\/wp-content\/uploads\/2023\/07\/la-visite-de-chantier-de-la-delegation-de-soroptimist-metz-au-lycee-professionnel-de-boulay-photo-rl-1684951047-300x136.jpg 300w, https:\/\/lp-interentreprises.com\/wp-content\/uploads\/2023\/07\/la-visite-de-chantier-de-la-delegation-de-soroptimist-metz-au-lycee-professionnel-de-boulay-photo-rl-1684951047-1024x463.jpg 1024w, https:\/\/lp-interentreprises.com\/wp-content\/uploads\/2023\/07\/la-visite-de-chantier-de-la-delegation-de-soroptimist-metz-au-lycee-professionnel-de-boulay-photo-rl-1684951047-768x348.jpg 768w, https:\/\/lp-interentreprises.com\/wp-content\/uploads\/2023\/07\/la-visite-de-chantier-de-la-delegation-de-soroptimist-metz-au-lycee-professionnel-de-boulay-photo-rl-1684951047-1536x695.jpg 1536w, https:\/\/lp-interentreprises.com\/wp-content\/uploads\/2023\/07\/la-visite-de-chantier-de-la-delegation-de-soroptimist-metz-au-lycee-professionnel-de-boulay-photo-rl-1684951047-1568x710.jpg 1568w\" sizes=\"(max-width: 1593px) 100vw, 1593px\" \/>\t\t\t\t\t\t\t\t\t\t\t\t\t<\/div>\n\t\t\t\t<\/div>\n\t\t\t\t<div class=\"elementor-element elementor-element-f9a103a elementor-widget elementor-widget-heading\" data-id=\"f9a103a\" data-element_type=\"widget\" data-widget_type=\"heading.default\">\n\t\t\t\t<div class=\"elementor-widget-container\">\n\t\t\t<h3 class=\"elementor-heading-title elementor-size-medium\">Femmes dans la soci\u00e9t\u00e9 : un partenariat entre le lyc\u00e9e professionnel et l\u2019association Soroptimist<\/h3>\t\t<\/div>\n\t\t\t\t<\/div>\n\t\t\t\t<div class=\"elementor-element elementor-element-2aef123 elementor-widget elementor-widget-text-editor\" data-id=\"2aef123\" data-element_type=\"widget\" data-widget_type=\"text-editor.default\">\n\t\t\t\t<div class=\"elementor-widget-container\">\n\t\t\t\t\t\t\t<p>La premi\u00e8re op\u00e9ration du partenariat entre Soroptimist, l\u2019association qui entend faire toute leur place aux femmes dans la soci\u00e9t\u00e9, et le lyc\u00e9e professionnel interentreprises de Boulay est en voie de finition. Leur projet commun\u00a0: un tableau constitu\u00e9 de pi\u00e8ces de m\u00e9tal superpos\u00e9es, permet de voir si l\u2019on est bien en face du portrait de Simone Veil. Avec l\u2019utilisation de la technique de l\u2019anamorphose.<\/p><p>\u00a0<\/p><p>V\u00e9ronique Cousin, pr\u00e9sidente de Soroptimist Metz, ainsi que son comit\u00e9 de direction, est venue se rendre compte sur place de l\u2019avanc\u00e9e des travaux et de la place des jeunes filles dans l\u2019enseignement professionnel. \u00ab\u00a0Avec Pascal Pizzinato, le directeur du lyc\u00e9e, on a \u00e9voqu\u00e9 l\u2019avenir. L\u2019id\u00e9e est de mettre en place de nouvelles r\u00e9alisations, en variant les domaines, pour mettre en valeur la formation des jeunes filles de l\u2019\u00e9tablissement. Leur nombre ne cesse de cro\u00eetre dans des m\u00e9tiers r\u00e9put\u00e9s autrefois masculins, mais que les techniques actuelles rendent plus attrayants pour toutes et tous\u00a0\u00bb constate-t-elle.<\/p><p>\u00a0<\/p><p>Quid de la suite\u00a0? De nouvelles r\u00e9alisations sont \u00e0 d\u00e9finir, en collaboration entre \u00e9l\u00e8ves, professeurs, l\u2019association Soroptimist, et pourquoi pas une rencontre tripartite (lyc\u00e9e, entreprises, Soroptimist) avec des entreprises afin de faciliter leur acc\u00e8s aux jeunes filles form\u00e9es dans l\u2019\u00e9tablissement\u00a0?<\/p><p>Un chantier qui s\u2019annonce de longue haleine mais prometteur pour les prochaines ann\u00e9es.<\/p>\t\t\t\t\t\t<\/div>\n\t\t\t\t<\/div>\n\t\t\t\t<div class=\"elementor-element elementor-element-08020f1 elementor-widget elementor-widget-button\" data-id=\"08020f1\" data-element_type=\"widget\" data-widget_type=\"button.default\">\n\t\t\t\t<div class=\"elementor-widget-container\">\n\t\t\t\t\t<div class=\"elementor-button-wrapper\">\n\t\t\t<a class=\"elementor-button elementor-button-link elementor-size-sm\" href=\"https:\/\/c.republicain-lorrain.fr\/education\/2023\/05\/24\/femmes-dans-la-societe-un-partenariat-entre-le-lycee-professionnel-et-l-association-soroptimist\">\n\t\t\t\t\t\t<span class=\"elementor-button-content-wrapper\">\n\t\t\t\t\t\t\t\t\t<span class=\"elementor-button-text\">En savoir plus<\/span>\n\t\t\t\t\t<\/span>\n\t\t\t\t\t<\/a>\n\t\t<\/div>\n\t\t\t\t<\/div>\n\t\t\t\t<\/div>\n\t\t\t\t\t<\/div>\n\t\t<\/div>\n\t\t\t\t\t<\/div>\n\t\t<\/section>\n\t\t\t\t<section class=\"elementor-section elementor-top-section elementor-element elementor-element-95927cc elementor-section-content-middle elementor-section-stretched elementor-section-boxed elementor-section-height-default elementor-section-height-default\" data-id=\"95927cc\" data-element_type=\"section\" data-settings=\"{&quot;stretch_section&quot;:&quot;section-stretched&quot;,&quot;background_background&quot;:&quot;classic&quot;}\">\n\t\t\t\t\t\t<div class=\"elementor-container elementor-column-gap-no\">\n\t\t\t\t\t<div class=\"elementor-column elementor-col-50 elementor-top-column elementor-element elementor-element-9c392a9\" data-id=\"9c392a9\" data-element_type=\"column\">\n\t\t\t<div class=\"elementor-widget-wrap elementor-element-populated\">\n\t\t\t\t\t\t<div class=\"elementor-element elementor-element-6ca4396 elementor-widget elementor-widget-image\" data-id=\"6ca4396\" data-element_type=\"widget\" data-widget_type=\"image.default\">\n\t\t\t\t<div class=\"elementor-widget-container\">\n\t\t\t\t\t\t\t\t\t\t\t\t\t<img loading=\"lazy\" decoding=\"async\" width=\"462\" height=\"297\" src=\"https:\/\/lp-interentreprises.com\/wp-content\/uploads\/2023\/07\/Capture-decran-2023-07-18-a-22.59.19.png\" class=\"attachment-full size-full wp-image-2183\" alt=\"\" srcset=\"https:\/\/lp-interentreprises.com\/wp-content\/uploads\/2023\/07\/Capture-decran-2023-07-18-a-22.59.19.png 462w, https:\/\/lp-interentreprises.com\/wp-content\/uploads\/2023\/07\/Capture-decran-2023-07-18-a-22.59.19-300x193.png 300w\" sizes=\"(max-width: 462px) 100vw, 462px\" \/>\t\t\t\t\t\t\t\t\t\t\t\t\t<\/div>\n\t\t\t\t<\/div>\n\t\t\t\t\t<\/div>\n\t\t<\/div>\n\t\t\t\t<div class=\"elementor-column elementor-col-50 elementor-top-column elementor-element elementor-element-ec64a90\" data-id=\"ec64a90\" data-element_type=\"column\">\n\t\t\t<div class=\"elementor-widget-wrap elementor-element-populated\">\n\t\t\t\t\t\t<div class=\"elementor-element elementor-element-09cff2c elementor-widget elementor-widget-heading\" data-id=\"09cff2c\" data-element_type=\"widget\" data-widget_type=\"heading.default\">\n\t\t\t\t<div class=\"elementor-widget-container\">\n\t\t\t<h3 class=\"elementor-heading-title elementor-size-medium\">Au lyc\u00e9e professionnel, rien ne se perd !<\/h3>\t\t<\/div>\n\t\t\t\t<\/div>\n\t\t\t\t<div class=\"elementor-element elementor-element-9b898e4 elementor-widget elementor-widget-text-editor\" data-id=\"9b898e4\" data-element_type=\"widget\" data-widget_type=\"text-editor.default\">\n\t\t\t\t<div class=\"elementor-widget-container\">\n\t\t\t\t\t\t\t<p>Tous les anciens ont connu ces pi\u00e8ces dites poubelles qu\u2019il fallait r\u00e9aliser en respectant tous les crit\u00e8res impos\u00e9s, mais qui n\u2019avaient aucune utilit\u00e9 r\u00e9elle et finissaient, comme leur nom l\u2019indique, \u00e0 la poubelle. Une option que le <a href=\"https:\/\/www.republicain-lorrain.fr\/education\/2023\/03\/12\/lycee-professionnel-interet-marque-a-la-journee-portes-ouvertes\" target=\"_blank\" rel=\"noopener\">lyc\u00e9e professionnel interentreprises de Boulay<\/a> ne partage plus. Ainsi, les \u00e9l\u00e8ves de terminale CAP m\u00e9tallerie se sont attaqu\u00e9s \u00e0 la r\u00e9alisation d\u2019une grille en fer plat qui ornera l\u2019entr\u00e9e du ch\u00e2teau de Bouy, \u00e0 l\u2019aide de ces \u00e9l\u00e9ments. Une commande qui met \u00e9l\u00e8ves et professeurs en situation r\u00e9elle. Apr\u00e8s r\u00e9alisation d\u2019un plan grandeur nature (2,08\u00a0m x 0,95\u00a0m), place \u00e0 la d\u00e9coupe et la mise en forme des volutes, que l\u2019on place sur le plan pour les valider.<\/p><p>\u00a0<\/p><p>De plus en plus de pi\u00e8ces r\u00e9alis\u00e9es correspondent \u00e0 des commandes, comme les grilles des vitraux de la <a href=\"https:\/\/www.republicain-lorrain.fr\/education\/2022\/12\/13\/chapelle-de-brecklange-les-derniers-vitraux-renoves\" target=\"_blank\" rel=\"noopener\">chapelle de Brecklange<\/a> ou la d\u00e9coration du rond-point de Mengen \u00e0 la sortie de Boulay. Avec pour les \u00e9l\u00e8ves, le plaisir et la fiert\u00e9 de pouvoir se dire \u00e0 chaque fois qu\u2019ils voient leur travail\u00a0: \u00ab\u00a0J\u2019y ai particip\u00e9\u00a0!\u00a0\u00bb.<\/p>\t\t\t\t\t\t<\/div>\n\t\t\t\t<\/div>\n\t\t\t\t<div class=\"elementor-element elementor-element-406c42e elementor-widget elementor-widget-button\" data-id=\"406c42e\" data-element_type=\"widget\" data-widget_type=\"button.default\">\n\t\t\t\t<div class=\"elementor-widget-container\">\n\t\t\t\t\t<div class=\"elementor-button-wrapper\">\n\t\t\t<a class=\"elementor-button elementor-button-link elementor-size-sm\" href=\"https:\/\/c.republicain-lorrain.fr\/education\/2023\/05\/03\/au-lycee-professionnel-rien-ne-se-perd\">\n\t\t\t\t\t\t<span class=\"elementor-button-content-wrapper\">\n\t\t\t\t\t\t\t\t\t<span class=\"elementor-button-text\">En savoir plus<\/span>\n\t\t\t\t\t<\/span>\n\t\t\t\t\t<\/a>\n\t\t<\/div>\n\t\t\t\t<\/div>\n\t\t\t\t<\/div>\n\t\t\t\t\t<\/div>\n\t\t<\/div>\n\t\t\t\t\t<\/div>\n\t\t<\/section>\n\t\t\t\t<section class=\"elementor-section elementor-top-section elementor-element elementor-element-c2cfb91 elementor-section-content-middle elementor-section-stretched elementor-section-boxed elementor-section-height-default elementor-section-height-default\" data-id=\"c2cfb91\" data-element_type=\"section\" data-settings=\"{&quot;stretch_section&quot;:&quot;section-stretched&quot;,&quot;background_background&quot;:&quot;classic&quot;}\">\n\t\t\t\t\t\t<div class=\"elementor-container elementor-column-gap-no\">\n\t\t\t\t\t<div class=\"elementor-column elementor-col-50 elementor-top-column elementor-element elementor-element-3e7ba51\" data-id=\"3e7ba51\" data-element_type=\"column\">\n\t\t\t<div class=\"elementor-widget-wrap elementor-element-populated\">\n\t\t\t\t\t\t<div class=\"elementor-element elementor-element-10c35df elementor-widget elementor-widget-image\" data-id=\"10c35df\" data-element_type=\"widget\" data-widget_type=\"image.default\">\n\t\t\t\t<div class=\"elementor-widget-container\">\n\t\t\t\t\t\t\t\t\t\t\t\t\t<img loading=\"lazy\" decoding=\"async\" width=\"781\" height=\"509\" src=\"https:\/\/lp-interentreprises.com\/wp-content\/uploads\/2023\/04\/image-soro.jpeg\" class=\"attachment-full size-full wp-image-1715\" alt=\"\" srcset=\"https:\/\/lp-interentreprises.com\/wp-content\/uploads\/2023\/04\/image-soro.jpeg 781w, https:\/\/lp-interentreprises.com\/wp-content\/uploads\/2023\/04\/image-soro-300x196.jpeg 300w, https:\/\/lp-interentreprises.com\/wp-content\/uploads\/2023\/04\/image-soro-768x501.jpeg 768w\" sizes=\"(max-width: 781px) 100vw, 781px\" \/>\t\t\t\t\t\t\t\t\t\t\t\t\t<\/div>\n\t\t\t\t<\/div>\n\t\t\t\t\t<\/div>\n\t\t<\/div>\n\t\t\t\t<div class=\"elementor-column elementor-col-50 elementor-top-column elementor-element elementor-element-ab64d0b\" data-id=\"ab64d0b\" data-element_type=\"column\">\n\t\t\t<div class=\"elementor-widget-wrap elementor-element-populated\">\n\t\t\t\t\t\t<div class=\"elementor-element elementor-element-971a8d4 elementor-widget elementor-widget-heading\" data-id=\"971a8d4\" data-element_type=\"widget\" data-widget_type=\"heading.default\">\n\t\t\t\t<div class=\"elementor-widget-container\">\n\t\t\t<h3 class=\"elementor-heading-title elementor-size-medium\">Lyc\u00e9e professionnel : des jeunes filles r\u00e9alisent un tableau en m\u00e9tal de Simone Veil<\/h3>\t\t<\/div>\n\t\t\t\t<\/div>\n\t\t\t\t<div class=\"elementor-element elementor-element-116d3db elementor-widget elementor-widget-text-editor\" data-id=\"116d3db\" data-element_type=\"widget\" data-widget_type=\"text-editor.default\">\n\t\t\t\t<div class=\"elementor-widget-container\">\n\t\t\t\t\t\t\t<p>Si les m\u00e9tiers de l\u2019industrie ont \u00e9t\u00e9 longtemps r\u00e9serv\u00e9s aux hommes, cette discrimination est maintenant d\u00e9pass\u00e9e. Huit jeunes filles du lyc\u00e9e professionnel interentreprises de Boulay-Faulquemont en t\u00e9moignent, elles qui sont parfois seules&#8230;<\/p>\t\t\t\t\t\t<\/div>\n\t\t\t\t<\/div>\n\t\t\t\t<div class=\"elementor-element elementor-element-3c2194a elementor-widget elementor-widget-button\" data-id=\"3c2194a\" data-element_type=\"widget\" data-widget_type=\"button.default\">\n\t\t\t\t<div class=\"elementor-widget-container\">\n\t\t\t\t\t<div class=\"elementor-button-wrapper\">\n\t\t\t<a class=\"elementor-button elementor-button-link elementor-size-sm\" href=\"https:\/\/www.republicain-lorrain.fr\/education\/2023\/04\/15\/lycee-professionnel-des-jeunes-filles-realisent-un-tableau-en-metal-de-simone-veil\">\n\t\t\t\t\t\t<span class=\"elementor-button-content-wrapper\">\n\t\t\t\t\t\t\t\t\t<span class=\"elementor-button-text\">En savoir plus<\/span>\n\t\t\t\t\t<\/span>\n\t\t\t\t\t<\/a>\n\t\t<\/div>\n\t\t\t\t<\/div>\n\t\t\t\t<\/div>\n\t\t\t\t\t<\/div>\n\t\t<\/div>\n\t\t\t\t\t<\/div>\n\t\t<\/section>\n\t\t\t\t<section class=\"elementor-section elementor-top-section elementor-element elementor-element-1beb0ae elementor-section-content-middle elementor-section-stretched elementor-section-boxed elementor-section-height-default elementor-section-height-default\" data-id=\"1beb0ae\" data-element_type=\"section\" data-settings=\"{&quot;stretch_section&quot;:&quot;section-stretched&quot;,&quot;background_background&quot;:&quot;classic&quot;}\">\n\t\t\t\t\t\t<div class=\"elementor-container elementor-column-gap-no\">\n\t\t\t\t\t<div class=\"elementor-column elementor-col-50 elementor-top-column elementor-element elementor-element-2c8e032\" data-id=\"2c8e032\" data-element_type=\"column\">\n\t\t\t<div class=\"elementor-widget-wrap elementor-element-populated\">\n\t\t\t\t\t\t<div class=\"elementor-element elementor-element-0b476c0 elementor-widget elementor-widget-image\" data-id=\"0b476c0\" data-element_type=\"widget\" data-widget_type=\"image.default\">\n\t\t\t\t<div class=\"elementor-widget-container\">\n\t\t\t\t\t\t\t\t\t\t\t\t\t<img loading=\"lazy\" decoding=\"async\" width=\"760\" height=\"500\" src=\"https:\/\/lp-interentreprises.com\/wp-content\/uploads\/2023\/04\/title-1678646139-e1681743926259.jpg\" class=\"attachment-full size-full wp-image-1755\" alt=\"\" srcset=\"https:\/\/lp-interentreprises.com\/wp-content\/uploads\/2023\/04\/title-1678646139-e1681743926259.jpg 760w, https:\/\/lp-interentreprises.com\/wp-content\/uploads\/2023\/04\/title-1678646139-e1681743926259-300x197.jpg 300w\" sizes=\"(max-width: 760px) 100vw, 760px\" \/>\t\t\t\t\t\t\t\t\t\t\t\t\t<\/div>\n\t\t\t\t<\/div>\n\t\t\t\t\t<\/div>\n\t\t<\/div>\n\t\t\t\t<div class=\"elementor-column elementor-col-50 elementor-top-column elementor-element elementor-element-fc7b1f8\" data-id=\"fc7b1f8\" data-element_type=\"column\">\n\t\t\t<div class=\"elementor-widget-wrap elementor-element-populated\">\n\t\t\t\t\t\t<div class=\"elementor-element elementor-element-f2529ae elementor-widget elementor-widget-heading\" data-id=\"f2529ae\" data-element_type=\"widget\" data-widget_type=\"heading.default\">\n\t\t\t\t<div class=\"elementor-widget-container\">\n\t\t\t<h3 class=\"elementor-heading-title elementor-size-medium\">Lyc\u00e9e professionnel : int\u00e9r\u00eat marqu\u00e9 \u00e0 la journ\u00e9e portes ouvertes<\/h3>\t\t<\/div>\n\t\t\t\t<\/div>\n\t\t\t\t<div class=\"elementor-element elementor-element-b7fe95a elementor-widget elementor-widget-text-editor\" data-id=\"b7fe95a\" data-element_type=\"widget\" data-widget_type=\"text-editor.default\">\n\t\t\t\t<div class=\"elementor-widget-container\">\n\t\t\t\t\t\t\t<p>Le lyc\u00e9e professionnel interentreprises de Boulay &#8211; Faulquemont a ouvert toutes grandes ses portes ce samedi 11\u00a0mars. Retour sur cette journ\u00e9e qui a eu pour but d\u2019informer sur les enseignements prodigu\u00e9s au sein de l\u2019\u00e9tablissement.<\/p>\n<p>\u00a0<\/p>\n<p>On est venu de toute la r\u00e9gion, m\u00eame de plus loin parfois, pour la journ\u00e9e portes ouvertes au lyc\u00e9e professionnel interentreprises. La possibilit\u00e9 \u00ab\u00a0d\u2019une place en internat ne limite plus la distance\u00a0\u00bb, explique un couple venu avec son fils se renseigner sur les formations enseign\u00e9es dans l\u2019\u00e9tablissement.<\/p>\t\t\t\t\t\t<\/div>\n\t\t\t\t<\/div>\n\t\t\t\t<div class=\"elementor-element elementor-element-fe844cb elementor-widget elementor-widget-button\" data-id=\"fe844cb\" data-element_type=\"widget\" data-widget_type=\"button.default\">\n\t\t\t\t<div class=\"elementor-widget-container\">\n\t\t\t\t\t<div class=\"elementor-button-wrapper\">\n\t\t\t<a class=\"elementor-button elementor-button-link elementor-size-sm\" href=\"https:\/\/www.republicain-lorrain.fr\/education\/2023\/03\/12\/lycee-professionnel-interet-marque-a-la-journee-portes-ouvertes\">\n\t\t\t\t\t\t<span class=\"elementor-button-content-wrapper\">\n\t\t\t\t\t\t\t\t\t<span class=\"elementor-button-text\">En savoir plus<\/span>\n\t\t\t\t\t<\/span>\n\t\t\t\t\t<\/a>\n\t\t<\/div>\n\t\t\t\t<\/div>\n\t\t\t\t<\/div>\n\t\t\t\t\t<\/div>\n\t\t<\/div>\n\t\t\t\t\t<\/div>\n\t\t<\/section>\n\t\t\t\t<section class=\"elementor-section elementor-top-section elementor-element elementor-element-0dfab68 elementor-section-content-middle elementor-section-stretched elementor-section-boxed elementor-section-height-default elementor-section-height-default\" data-id=\"0dfab68\" data-element_type=\"section\" data-settings=\"{&quot;stretch_section&quot;:&quot;section-stretched&quot;,&quot;background_background&quot;:&quot;classic&quot;}\">\n\t\t\t\t\t\t<div class=\"elementor-container elementor-column-gap-no\">\n\t\t\t\t\t<div class=\"elementor-column elementor-col-50 elementor-top-column elementor-element elementor-element-f61d705\" data-id=\"f61d705\" data-element_type=\"column\">\n\t\t\t<div class=\"elementor-widget-wrap elementor-element-populated\">\n\t\t\t\t\t\t<div class=\"elementor-element elementor-element-aca48cb elementor-widget elementor-widget-image\" data-id=\"aca48cb\" data-element_type=\"widget\" data-widget_type=\"image.default\">\n\t\t\t\t<div class=\"elementor-widget-container\">\n\t\t\t\t\t\t\t\t\t\t\t\t\t<img loading=\"lazy\" decoding=\"async\" width=\"649\" height=\"483\" src=\"https:\/\/lp-interentreprises.com\/wp-content\/uploads\/2023\/03\/Capture-decran-2023-03-08-a-23.41.44.png\" class=\"attachment-full size-full wp-image-1623\" alt=\"\" srcset=\"https:\/\/lp-interentreprises.com\/wp-content\/uploads\/2023\/03\/Capture-decran-2023-03-08-a-23.41.44.png 649w, https:\/\/lp-interentreprises.com\/wp-content\/uploads\/2023\/03\/Capture-decran-2023-03-08-a-23.41.44-300x223.png 300w\" sizes=\"(max-width: 649px) 100vw, 649px\" \/>\t\t\t\t\t\t\t\t\t\t\t\t\t<\/div>\n\t\t\t\t<\/div>\n\t\t\t\t\t<\/div>\n\t\t<\/div>\n\t\t\t\t<div class=\"elementor-column elementor-col-50 elementor-top-column elementor-element elementor-element-11f43b6\" data-id=\"11f43b6\" data-element_type=\"column\">\n\t\t\t<div class=\"elementor-widget-wrap elementor-element-populated\">\n\t\t\t\t\t\t<div class=\"elementor-element elementor-element-1db13de elementor-widget elementor-widget-heading\" data-id=\"1db13de\" data-element_type=\"widget\" data-widget_type=\"heading.default\">\n\t\t\t\t<div class=\"elementor-widget-container\">\n\t\t\t<h3 class=\"elementor-heading-title elementor-size-medium\">Lyc\u00e9e professionnel Interentreprises : portes ouvertes ce samedi<\/h3>\t\t<\/div>\n\t\t\t\t<\/div>\n\t\t\t\t<div class=\"elementor-element elementor-element-3e73321 elementor-widget elementor-widget-text-editor\" data-id=\"3e73321\" data-element_type=\"widget\" data-widget_type=\"text-editor.default\">\n\t\t\t\t<div class=\"elementor-widget-container\">\n\t\t\t\t\t\t\t<p>St\u00e9phane Becker, directeur adjoint du lyc\u00e9e professionnel Interentreprises (LPI), et l\u2019\u00e9quipe p\u00e9dagogique seront \u00e0 pied d\u2019\u0153uvre ce samedi 11\u00a0mars afin d\u2019accueillir les visiteurs. L\u2019occasion de mettre en avant des fili\u00e8res qui recrutent.<\/p>\n<p>\u00a0<\/p>\n<p>\u00ab\u00a0Nous avons fait le choix d\u2019organiser la journ\u00e9e portes ouvertes sur Faulquemont et Boulay le m\u00eame jour, afin d\u2019informer les \u00e9l\u00e8ves int\u00e9ress\u00e9s par la voie professionnelle, ainsi que leurs parents. Sur le site de Faulquemont, le public pourra voir les \u00e9l\u00e8ves travailler sur les diff\u00e9rents projets en cours\u00a0\u00bb, informe St\u00e9phane Becker. \u00ab\u00a0Nous serons \u00e0 la disposition des familles dont les enfants seraient scolaris\u00e9s en 3e coll\u00e8ge, mais aussi en 4e, puisque l\u2019\u00e9tablissement propose deux classes de 3e pr\u00e9pa-m\u00e9tier, une \u00e0 Faulquemont et une \u00e0 Boulay.\u00a0\u00bb<\/p>\n<div id=\"pub-dfp-p6\" class=\"pub\" data-google-query-id=\"CMXK3Ljx6P4CFTFKpAQdQWMP3g\" data-adloox-type=\"slot\" data-adloox-sid=\"57577179930\">\u00a0<\/div>\t\t\t\t\t\t<\/div>\n\t\t\t\t<\/div>\n\t\t\t\t<div class=\"elementor-element elementor-element-3837201 elementor-widget elementor-widget-button\" data-id=\"3837201\" data-element_type=\"widget\" data-widget_type=\"button.default\">\n\t\t\t\t<div class=\"elementor-widget-container\">\n\t\t\t\t\t<div class=\"elementor-button-wrapper\">\n\t\t\t<a class=\"elementor-button elementor-button-link elementor-size-sm\" href=\"https:\/\/www.republicain-lorrain.fr\/education\/2023\/03\/07\/lycee-professionnel-interentreprises-portes-ouvertes-ce-samedi\">\n\t\t\t\t\t\t<span class=\"elementor-button-content-wrapper\">\n\t\t\t\t\t\t\t\t\t<span class=\"elementor-button-text\">En savoir plus<\/span>\n\t\t\t\t\t<\/span>\n\t\t\t\t\t<\/a>\n\t\t<\/div>\n\t\t\t\t<\/div>\n\t\t\t\t<\/div>\n\t\t\t\t\t<\/div>\n\t\t<\/div>\n\t\t\t\t\t<\/div>\n\t\t<\/section>\n\t\t\t\t<section class=\"elementor-section elementor-top-section elementor-element elementor-element-f32b597 elementor-section-content-middle elementor-section-stretched elementor-section-boxed elementor-section-height-default elementor-section-height-default\" data-id=\"f32b597\" data-element_type=\"section\" data-settings=\"{&quot;stretch_section&quot;:&quot;section-stretched&quot;,&quot;background_background&quot;:&quot;classic&quot;}\">\n\t\t\t\t\t\t<div class=\"elementor-container elementor-column-gap-no\">\n\t\t\t\t\t<div class=\"elementor-column elementor-col-50 elementor-top-column elementor-element elementor-element-adb82cd\" data-id=\"adb82cd\" data-element_type=\"column\">\n\t\t\t<div class=\"elementor-widget-wrap elementor-element-populated\">\n\t\t\t\t\t\t<div class=\"elementor-element elementor-element-5722baf elementor-widget elementor-widget-image\" data-id=\"5722baf\" data-element_type=\"widget\" data-widget_type=\"image.default\">\n\t\t\t\t<div class=\"elementor-widget-container\">\n\t\t\t\t\t\t\t\t\t\t\t\t\t<img loading=\"lazy\" decoding=\"async\" width=\"738\" height=\"484\" src=\"https:\/\/lp-interentreprises.com\/wp-content\/uploads\/2023\/03\/Capture-decran-2023-03-08-a-23.43.51.png\" class=\"attachment-full size-full wp-image-1627\" alt=\"\" srcset=\"https:\/\/lp-interentreprises.com\/wp-content\/uploads\/2023\/03\/Capture-decran-2023-03-08-a-23.43.51.png 738w, https:\/\/lp-interentreprises.com\/wp-content\/uploads\/2023\/03\/Capture-decran-2023-03-08-a-23.43.51-300x197.png 300w\" sizes=\"(max-width: 738px) 100vw, 738px\" \/>\t\t\t\t\t\t\t\t\t\t\t\t\t<\/div>\n\t\t\t\t<\/div>\n\t\t\t\t\t<\/div>\n\t\t<\/div>\n\t\t\t\t<div class=\"elementor-column elementor-col-50 elementor-top-column elementor-element elementor-element-44a16ec\" data-id=\"44a16ec\" data-element_type=\"column\">\n\t\t\t<div class=\"elementor-widget-wrap elementor-element-populated\">\n\t\t\t\t\t\t<div class=\"elementor-element elementor-element-6adc8d5 elementor-widget elementor-widget-heading\" data-id=\"6adc8d5\" data-element_type=\"widget\" data-widget_type=\"heading.default\">\n\t\t\t\t<div class=\"elementor-widget-container\">\n\t\t\t<h3 class=\"elementor-heading-title elementor-size-medium\">Lyc\u00e9e professionnel : des portes ouvertes le samedi 11 mars<\/h3>\t\t<\/div>\n\t\t\t\t<\/div>\n\t\t\t\t<div class=\"elementor-element elementor-element-c0fe8ca elementor-widget elementor-widget-text-editor\" data-id=\"c0fe8ca\" data-element_type=\"widget\" data-widget_type=\"text-editor.default\">\n\t\t\t\t<div class=\"elementor-widget-container\">\n\t\t\t\t\t\t\t<p>La date est fix\u00e9e. Le lyc\u00e9e professionnel interentreprises de Boulay-Moselle ouvrira ses portes le samedi 11\u00a0mars de 9\u00a0h \u00e0 16\u00a0h, simultan\u00e9ment sur ses deux sites de Boulay et de Bouzonville.<\/p>\n<p>\u00a0<\/p>\n<div class=\"preview non-paywall2\">\n<div class=\"previewContent\">\n<p>Le samedi 11\u00a0mars, le lyc\u00e9e professionnel interentreprises ouvrira ses portes au public pour pr\u00e9senter ses fili\u00e8res. Avec un plus qui permettra l\u2019immersion totale dans les deux sites en n\u2019en visitant qu\u2019un seul\u00a0: les deux entit\u00e9s seront film\u00e9es en continu. Les \u00e9v\u00e9nements des deux \u00e9tablissements seront retransmis, en temps r\u00e9el, sur tablettes et \u00e9crans&#8230;.<\/p>\n<\/div>\n<\/div>\n<div id=\"poool-widget\">\u00a0<\/div>\t\t\t\t\t\t<\/div>\n\t\t\t\t<\/div>\n\t\t\t\t<div class=\"elementor-element elementor-element-5b0c3b0 elementor-widget elementor-widget-button\" data-id=\"5b0c3b0\" data-element_type=\"widget\" data-widget_type=\"button.default\">\n\t\t\t\t<div class=\"elementor-widget-container\">\n\t\t\t\t\t<div class=\"elementor-button-wrapper\">\n\t\t\t<a class=\"elementor-button elementor-button-link elementor-size-sm\" href=\"https:\/\/www.republicain-lorrain.fr\/education\/2023\/03\/03\/lycee-professionnel-des-portes-ouvertes-le-samedi-11-mars\">\n\t\t\t\t\t\t<span class=\"elementor-button-content-wrapper\">\n\t\t\t\t\t\t\t\t\t<span class=\"elementor-button-text\">En savoir plus<\/span>\n\t\t\t\t\t<\/span>\n\t\t\t\t\t<\/a>\n\t\t<\/div>\n\t\t\t\t<\/div>\n\t\t\t\t<\/div>\n\t\t\t\t\t<\/div>\n\t\t<\/div>\n\t\t\t\t\t<\/div>\n\t\t<\/section>\n\t\t\t\t<section class=\"elementor-section elementor-top-section elementor-element elementor-element-b41f509 elementor-section-content-middle elementor-section-stretched elementor-section-boxed elementor-section-height-default elementor-section-height-default\" data-id=\"b41f509\" data-element_type=\"section\" data-settings=\"{&quot;stretch_section&quot;:&quot;section-stretched&quot;,&quot;background_background&quot;:&quot;classic&quot;}\">\n\t\t\t\t\t\t<div class=\"elementor-container elementor-column-gap-no\">\n\t\t\t\t\t<div class=\"elementor-column elementor-col-50 elementor-top-column elementor-element elementor-element-9917c98\" data-id=\"9917c98\" data-element_type=\"column\">\n\t\t\t<div class=\"elementor-widget-wrap elementor-element-populated\">\n\t\t\t\t\t\t<div class=\"elementor-element elementor-element-2f8c704 elementor-widget elementor-widget-image\" data-id=\"2f8c704\" data-element_type=\"widget\" data-widget_type=\"image.default\">\n\t\t\t\t<div class=\"elementor-widget-container\">\n\t\t\t\t\t\t\t\t\t\t\t\t\t<img loading=\"lazy\" decoding=\"async\" width=\"639\" height=\"479\" src=\"https:\/\/lp-interentreprises.com\/wp-content\/uploads\/2023\/03\/Capture-decran-2023-03-08-a-23.37.18.png\" class=\"attachment-full size-full wp-image-1615\" alt=\"\" srcset=\"https:\/\/lp-interentreprises.com\/wp-content\/uploads\/2023\/03\/Capture-decran-2023-03-08-a-23.37.18.png 639w, https:\/\/lp-interentreprises.com\/wp-content\/uploads\/2023\/03\/Capture-decran-2023-03-08-a-23.37.18-300x225.png 300w\" sizes=\"(max-width: 639px) 100vw, 639px\" \/>\t\t\t\t\t\t\t\t\t\t\t\t\t<\/div>\n\t\t\t\t<\/div>\n\t\t\t\t\t<\/div>\n\t\t<\/div>\n\t\t\t\t<div class=\"elementor-column elementor-col-50 elementor-top-column elementor-element elementor-element-d9faa55\" data-id=\"d9faa55\" data-element_type=\"column\">\n\t\t\t<div class=\"elementor-widget-wrap elementor-element-populated\">\n\t\t\t\t\t\t<div class=\"elementor-element elementor-element-7aaf162 elementor-widget elementor-widget-heading\" data-id=\"7aaf162\" data-element_type=\"widget\" data-widget_type=\"heading.default\">\n\t\t\t\t<div class=\"elementor-widget-container\">\n\t\t\t<h3 class=\"elementor-heading-title elementor-size-medium\">Lyc\u00e9e professionnel Interentreprises : retour aux portes ouvertes en pr\u00e9sentiel samedi 12 mars<\/h3>\t\t<\/div>\n\t\t\t\t<\/div>\n\t\t\t\t<div class=\"elementor-element elementor-element-551e7d4 elementor-widget elementor-widget-text-editor\" data-id=\"551e7d4\" data-element_type=\"widget\" data-widget_type=\"text-editor.default\">\n\t\t\t\t<div class=\"elementor-widget-container\">\n\t\t\t\t\t\t\t<p>Samedi 12\u00a0mars, de 9\u00a0h \u00e0 16\u00a0h, apr\u00e8s une \u00e9dition 2021 en virtuel, les deux antennes de Boulay-Moselle et de Faulquemont du lyc\u00e9e professionnel Interentreprises ouvrent leurs portes. L\u2019objectif\u00a0: toujours plus de partenariat avec des entreprises locales et plus lointaines, mais aussi attirer de nouveaux \u00e9l\u00e8ves.<\/p>\n<p>\u00a0<\/p>\n<p>\u00ab\u00a0On part dans l\u2019inconnu\u00a0\u00bb, confiaient en mars\u00a02021 Pascal Pizzinato et St\u00e9phane Becker, respectivement directeur et directeur adjoint des deux antennes du lyc\u00e9e professionnel Interentreprises (LPI), \u00e0 Boulay-Moselle et Faulquemont. Pour la premi\u00e8re fois, l\u2019\u00e9tablissement a organis\u00e9 des portes ouvertes de fa\u00e7on totalement virtuelle.<\/p>\n<p>\u00a0<\/p>\n<p>Cette ann\u00e9e, retour \u00e0 une formule classique, en pr\u00e9sentiel, samedi 12\u00a0mars, de 9\u00a0h \u00e0 16\u00a0h. \u00ab\u00a0La performance au service de la r\u00e9ussite\u00a0\u00bb, le slogan de l\u2019\u00e9tablissement g\u00e9r\u00e9 par les intercommunalit\u00e9s et les entreprises partenaires, devrait \u00eatre l\u2019impression laiss\u00e9e aux visiteurs de l\u2019\u00e9tablissement. L\u2019\u00e9ventail des fili\u00e8res propos\u00e9es est de plus en plus large, allant de la 3e pr\u00e9pa jusqu\u2019aux BTS en passant par les CAP et les bacs professionnels.<\/p>\t\t\t\t\t\t<\/div>\n\t\t\t\t<\/div>\n\t\t\t\t<div class=\"elementor-element elementor-element-48249ed elementor-widget elementor-widget-button\" data-id=\"48249ed\" data-element_type=\"widget\" data-widget_type=\"button.default\">\n\t\t\t\t<div class=\"elementor-widget-container\">\n\t\t\t\t\t<div class=\"elementor-button-wrapper\">\n\t\t\t<a class=\"elementor-button elementor-button-link elementor-size-sm\" href=\"https:\/\/www.republicain-lorrain.fr\/education\/2022\/02\/24\/lycee-professionnel-interentreprises-retour-aux-portes-ouvertes-en-presentiel-samedi-12-mars\">\n\t\t\t\t\t\t<span class=\"elementor-button-content-wrapper\">\n\t\t\t\t\t\t\t\t\t<span class=\"elementor-button-text\">En savoir plus<\/span>\n\t\t\t\t\t<\/span>\n\t\t\t\t\t<\/a>\n\t\t<\/div>\n\t\t\t\t<\/div>\n\t\t\t\t<\/div>\n\t\t\t\t\t<\/div>\n\t\t<\/div>\n\t\t\t\t\t<\/div>\n\t\t<\/section>\n\t\t\t\t<section class=\"elementor-section elementor-top-section elementor-element elementor-element-cc17048 elementor-section-content-middle elementor-section-stretched elementor-section-boxed elementor-section-height-default elementor-section-height-default\" data-id=\"cc17048\" data-element_type=\"section\" data-settings=\"{&quot;stretch_section&quot;:&quot;section-stretched&quot;,&quot;background_background&quot;:&quot;classic&quot;}\">\n\t\t\t\t\t\t<div class=\"elementor-container elementor-column-gap-no\">\n\t\t\t\t\t<div class=\"elementor-column elementor-col-50 elementor-top-column elementor-element elementor-element-42219e2\" data-id=\"42219e2\" data-element_type=\"column\">\n\t\t\t<div class=\"elementor-widget-wrap elementor-element-populated\">\n\t\t\t\t\t\t<div class=\"elementor-element elementor-element-3950ee3 elementor-widget elementor-widget-image\" data-id=\"3950ee3\" data-element_type=\"widget\" data-widget_type=\"image.default\">\n\t\t\t\t<div class=\"elementor-widget-container\">\n\t\t\t\t\t\t\t\t\t\t\t\t\t<img loading=\"lazy\" decoding=\"async\" width=\"338\" height=\"245\" src=\"https:\/\/lp-interentreprises.com\/wp-content\/uploads\/2023\/04\/Image1-e1681743132688.jpg\" class=\"attachment-full size-full wp-image-1744\" alt=\"\" srcset=\"https:\/\/lp-interentreprises.com\/wp-content\/uploads\/2023\/04\/Image1-e1681743132688.jpg 338w, https:\/\/lp-interentreprises.com\/wp-content\/uploads\/2023\/04\/Image1-e1681743132688-300x217.jpg 300w\" sizes=\"(max-width: 338px) 100vw, 338px\" \/>\t\t\t\t\t\t\t\t\t\t\t\t\t<\/div>\n\t\t\t\t<\/div>\n\t\t\t\t\t<\/div>\n\t\t<\/div>\n\t\t\t\t<div class=\"elementor-column elementor-col-50 elementor-top-column elementor-element elementor-element-08b4e36\" data-id=\"08b4e36\" data-element_type=\"column\">\n\t\t\t<div class=\"elementor-widget-wrap elementor-element-populated\">\n\t\t\t\t\t\t<div class=\"elementor-element elementor-element-318693d elementor-widget elementor-widget-heading\" data-id=\"318693d\" data-element_type=\"widget\" data-widget_type=\"heading.default\">\n\t\t\t\t<div class=\"elementor-widget-container\">\n\t\t\t<h3 class=\"elementor-heading-title elementor-size-medium\">LPI: la pr\u00e9rentr\u00e9e des profs... autour du cochonnet ! <\/h3>\t\t<\/div>\n\t\t\t\t<\/div>\n\t\t\t\t<div class=\"elementor-element elementor-element-fe9751e elementor-widget elementor-widget-text-editor\" data-id=\"fe9751e\" data-element_type=\"widget\" data-widget_type=\"text-editor.default\">\n\t\t\t\t<div class=\"elementor-widget-container\">\n\t\t\t\t\t\t\t<p>Le personnel du lyc\u00e9e se met \u00e0 la p\u00e9tanque\u00a0<\/p>\n<p>Qu\u2019on se rassure !\u00a0<\/p>\n<p>Ils n\u2019ont pas jou\u00e9 \u00e0 la p\u00e9tanque toute la journ\u00e9e, seulement en fin&#8230;<\/p>\t\t\t\t\t\t<\/div>\n\t\t\t\t<\/div>\n\t\t\t\t<div class=\"elementor-element elementor-element-e17dceb elementor-widget elementor-widget-button\" data-id=\"e17dceb\" data-element_type=\"widget\" data-widget_type=\"button.default\">\n\t\t\t\t<div class=\"elementor-widget-container\">\n\t\t\t\t\t<div class=\"elementor-button-wrapper\">\n\t\t\t<a class=\"elementor-button elementor-button-link elementor-size-sm\" href=\"https:\/\/www.republicain-lorrain.fr\/insolite\/2022\/09\/02\/lpi-la-prerentree-des-profs-autour-du-cochonnet\">\n\t\t\t\t\t\t<span class=\"elementor-button-content-wrapper\">\n\t\t\t\t\t\t\t\t\t<span class=\"elementor-button-text\">En savoir plus<\/span>\n\t\t\t\t\t<\/span>\n\t\t\t\t\t<\/a>\n\t\t<\/div>\n\t\t\t\t<\/div>\n\t\t\t\t<\/div>\n\t\t\t\t\t<\/div>\n\t\t<\/div>\n\t\t\t\t\t<\/div>\n\t\t<\/section>\n\t\t\t\t<section class=\"elementor-section elementor-top-section elementor-element elementor-element-45d4561 elementor-section-content-middle elementor-section-stretched elementor-section-boxed elementor-section-height-default elementor-section-height-default\" data-id=\"45d4561\" data-element_type=\"section\" data-settings=\"{&quot;stretch_section&quot;:&quot;section-stretched&quot;,&quot;background_background&quot;:&quot;classic&quot;}\">\n\t\t\t\t\t\t<div class=\"elementor-container elementor-column-gap-no\">\n\t\t\t\t\t<div class=\"elementor-column elementor-col-50 elementor-top-column elementor-element elementor-element-02fa6bd\" data-id=\"02fa6bd\" data-element_type=\"column\">\n\t\t\t<div class=\"elementor-widget-wrap elementor-element-populated\">\n\t\t\t\t\t\t<div class=\"elementor-element elementor-element-ba00465 elementor-widget elementor-widget-image\" data-id=\"ba00465\" data-element_type=\"widget\" data-widget_type=\"image.default\">\n\t\t\t\t<div class=\"elementor-widget-container\">\n\t\t\t\t\t\t\t\t\t\t\t\t\t<img loading=\"lazy\" decoding=\"async\" width=\"626\" height=\"479\" src=\"https:\/\/lp-interentreprises.com\/wp-content\/uploads\/2023\/03\/Capture-decran-2023-03-08-a-23.38.33.png\" class=\"attachment-full size-full wp-image-1619\" alt=\"\" srcset=\"https:\/\/lp-interentreprises.com\/wp-content\/uploads\/2023\/03\/Capture-decran-2023-03-08-a-23.38.33.png 626w, https:\/\/lp-interentreprises.com\/wp-content\/uploads\/2023\/03\/Capture-decran-2023-03-08-a-23.38.33-300x230.png 300w\" sizes=\"(max-width: 626px) 100vw, 626px\" \/>\t\t\t\t\t\t\t\t\t\t\t\t\t<\/div>\n\t\t\t\t<\/div>\n\t\t\t\t\t<\/div>\n\t\t<\/div>\n\t\t\t\t<div class=\"elementor-column elementor-col-50 elementor-top-column elementor-element elementor-element-a83d263\" data-id=\"a83d263\" data-element_type=\"column\">\n\t\t\t<div class=\"elementor-widget-wrap elementor-element-populated\">\n\t\t\t\t\t\t<div class=\"elementor-element elementor-element-9710976 elementor-widget elementor-widget-heading\" data-id=\"9710976\" data-element_type=\"widget\" data-widget_type=\"heading.default\">\n\t\t\t\t<div class=\"elementor-widget-container\">\n\t\t\t<h3 class=\"elementor-heading-title elementor-size-medium\">LPI : de nouveaux panneaux pour guider les visiteurs lors des portes ouvertes<\/h3>\t\t<\/div>\n\t\t\t\t<\/div>\n\t\t\t\t<div class=\"elementor-element elementor-element-879c8da elementor-widget elementor-widget-text-editor\" data-id=\"879c8da\" data-element_type=\"widget\" data-widget_type=\"text-editor.default\">\n\t\t\t\t<div class=\"elementor-widget-container\">\n\t\t\t\t\t\t\t<p>De nouveaux panneaux permettent de mieux circuler au lyc\u00e9e professionnel de Boulay-Moselle. Les \u00e9l\u00e8ves ont proc\u00e9d\u00e9 eux-m\u00eames \u00e0 leur mise en place. Ils seront utiles lors de la journ\u00e9e portes ouvertes qui aura lieu ce samedi 12\u00a0mars.<\/p>\n<p>\u00a0<\/p>\n<p>Quand la signalisation est claire et pr\u00e9cise, on va dans la bonne direction, celle de l\u2019atelier que l\u2019on souhaite visiter. Afin de faciliter la&#8230;<\/p>\t\t\t\t\t\t<\/div>\n\t\t\t\t<\/div>\n\t\t\t\t<div class=\"elementor-element elementor-element-f266aa3 elementor-widget elementor-widget-button\" data-id=\"f266aa3\" data-element_type=\"widget\" data-widget_type=\"button.default\">\n\t\t\t\t<div class=\"elementor-widget-container\">\n\t\t\t\t\t<div class=\"elementor-button-wrapper\">\n\t\t\t<a class=\"elementor-button elementor-button-link elementor-size-sm\" href=\"https:\/\/www.republicain-lorrain.fr\/education\/2022\/03\/09\/lpi-de-nouveaux-panneaux-pour-guider-les-visiteurs-lors-des-portes-ouvertes\">\n\t\t\t\t\t\t<span class=\"elementor-button-content-wrapper\">\n\t\t\t\t\t\t\t\t\t<span class=\"elementor-button-text\">En savoir plus<\/span>\n\t\t\t\t\t<\/span>\n\t\t\t\t\t<\/a>\n\t\t<\/div>\n\t\t\t\t<\/div>\n\t\t\t\t<\/div>\n\t\t\t\t\t<\/div>\n\t\t<\/div>\n\t\t\t\t\t<\/div>\n\t\t<\/section>\n\t\t\t\t<section class=\"elementor-section elementor-top-section elementor-element elementor-element-ba099be elementor-section-content-middle elementor-section-stretched elementor-section-boxed elementor-section-height-default elementor-section-height-default\" data-id=\"ba099be\" data-element_type=\"section\" data-settings=\"{&quot;stretch_section&quot;:&quot;section-stretched&quot;,&quot;background_background&quot;:&quot;classic&quot;}\">\n\t\t\t\t\t\t<div class=\"elementor-container elementor-column-gap-no\">\n\t\t\t\t\t<div class=\"elementor-column elementor-col-50 elementor-top-column elementor-element elementor-element-10ea025\" data-id=\"10ea025\" data-element_type=\"column\">\n\t\t\t<div class=\"elementor-widget-wrap elementor-element-populated\">\n\t\t\t\t\t\t<div class=\"elementor-element elementor-element-603f066 elementor-widget elementor-widget-image\" data-id=\"603f066\" data-element_type=\"widget\" data-widget_type=\"image.default\">\n\t\t\t\t<div class=\"elementor-widget-container\">\n\t\t\t\t\t\t\t\t\t\t\t\t\t<img loading=\"lazy\" decoding=\"async\" width=\"1024\" height=\"683\" src=\"https:\/\/lp-interentreprises.com\/wp-content\/uploads\/2023\/03\/1-2.jpg\" class=\"attachment-full size-full wp-image-1533\" alt=\"\" srcset=\"https:\/\/lp-interentreprises.com\/wp-content\/uploads\/2023\/03\/1-2.jpg 1024w, https:\/\/lp-interentreprises.com\/wp-content\/uploads\/2023\/03\/1-2-300x200.jpg 300w, https:\/\/lp-interentreprises.com\/wp-content\/uploads\/2023\/03\/1-2-768x512.jpg 768w\" sizes=\"(max-width: 1024px) 100vw, 1024px\" \/>\t\t\t\t\t\t\t\t\t\t\t\t\t<\/div>\n\t\t\t\t<\/div>\n\t\t\t\t\t<\/div>\n\t\t<\/div>\n\t\t\t\t<div class=\"elementor-column elementor-col-50 elementor-top-column elementor-element elementor-element-a4bd876\" data-id=\"a4bd876\" data-element_type=\"column\">\n\t\t\t<div class=\"elementor-widget-wrap elementor-element-populated\">\n\t\t\t\t\t\t<div class=\"elementor-element elementor-element-5df857c elementor-widget elementor-widget-heading\" data-id=\"5df857c\" data-element_type=\"widget\" data-widget_type=\"heading.default\">\n\t\t\t\t<div class=\"elementor-widget-container\">\n\t\t\t<h3 class=\"elementor-heading-title elementor-size-medium\">Un co-enseignement en r\u00e9flexion au lyc\u00e9e professionnel<\/h3>\t\t<\/div>\n\t\t\t\t<\/div>\n\t\t\t\t<div class=\"elementor-element elementor-element-5706870 elementor-widget elementor-widget-text-editor\" data-id=\"5706870\" data-element_type=\"widget\" data-widget_type=\"text-editor.default\">\n\t\t\t\t<div class=\"elementor-widget-container\">\n\t\t\t\t\t\t\t<p>Depuis le d\u00e9but de la rentr\u00e9e scolaire, les professeurs du lyc\u00e9e professionnel de Boulay-Moselle r\u00e9fl\u00e9chissent \u00e0 l\u2019id\u00e9e d\u2019un enseignement compl\u00e9mentaire entre les formations techniques et les mati\u00e8res g\u00e9n\u00e9rales.<\/p>\n<p>\u00a0<\/p>\n<p>Au lyc\u00e9e professionnel de Boulay-Moselle, on essaye de faire co\u00efncider au mieux la formation technique avec l\u2019enseignement g\u00e9n\u00e9ral.<\/p>\t\t\t\t\t\t<\/div>\n\t\t\t\t<\/div>\n\t\t\t\t<div class=\"elementor-element elementor-element-d9d9847 elementor-widget elementor-widget-button\" data-id=\"d9d9847\" data-element_type=\"widget\" data-widget_type=\"button.default\">\n\t\t\t\t<div class=\"elementor-widget-container\">\n\t\t\t\t\t<div class=\"elementor-button-wrapper\">\n\t\t\t<a class=\"elementor-button elementor-button-link elementor-size-sm\" href=\"https:\/\/www.republicain-lorrain.fr\/education\/2022\/11\/09\/un-co-enseignement-en-reflexion-au-lycee-professionnel\">\n\t\t\t\t\t\t<span class=\"elementor-button-content-wrapper\">\n\t\t\t\t\t\t\t\t\t<span class=\"elementor-button-text\">En savoir plus<\/span>\n\t\t\t\t\t<\/span>\n\t\t\t\t\t<\/a>\n\t\t<\/div>\n\t\t\t\t<\/div>\n\t\t\t\t<\/div>\n\t\t\t\t\t<\/div>\n\t\t<\/div>\n\t\t\t\t\t<\/div>\n\t\t<\/section>\n\t\t\t\t<section class=\"elementor-section elementor-top-section elementor-element elementor-element-f3c2451 elementor-section-content-middle elementor-section-stretched elementor-section-boxed elementor-section-height-default elementor-section-height-default\" data-id=\"f3c2451\" data-element_type=\"section\" data-settings=\"{&quot;stretch_section&quot;:&quot;section-stretched&quot;,&quot;background_background&quot;:&quot;classic&quot;}\">\n\t\t\t\t\t\t<div class=\"elementor-container elementor-column-gap-no\">\n\t\t\t\t\t<div class=\"elementor-column elementor-col-50 elementor-top-column elementor-element elementor-element-adf287c\" data-id=\"adf287c\" data-element_type=\"column\">\n\t\t\t<div class=\"elementor-widget-wrap elementor-element-populated\">\n\t\t\t\t\t\t<div class=\"elementor-element elementor-element-6df4781 elementor-widget elementor-widget-image\" data-id=\"6df4781\" data-element_type=\"widget\" data-widget_type=\"image.default\">\n\t\t\t\t<div class=\"elementor-widget-container\">\n\t\t\t\t\t\t\t\t\t\t\t\t\t<img loading=\"lazy\" decoding=\"async\" width=\"650\" height=\"437\" src=\"https:\/\/lp-interentreprises.com\/wp-content\/uploads\/2023\/03\/Capture-decran-2023-03-08-a-23.17.30.png\" class=\"attachment-full size-full wp-image-1542\" alt=\"\" srcset=\"https:\/\/lp-interentreprises.com\/wp-content\/uploads\/2023\/03\/Capture-decran-2023-03-08-a-23.17.30.png 650w, https:\/\/lp-interentreprises.com\/wp-content\/uploads\/2023\/03\/Capture-decran-2023-03-08-a-23.17.30-300x202.png 300w\" sizes=\"(max-width: 650px) 100vw, 650px\" \/>\t\t\t\t\t\t\t\t\t\t\t\t\t<\/div>\n\t\t\t\t<\/div>\n\t\t\t\t\t<\/div>\n\t\t<\/div>\n\t\t\t\t<div class=\"elementor-column elementor-col-50 elementor-top-column elementor-element elementor-element-9c0ecae\" data-id=\"9c0ecae\" data-element_type=\"column\">\n\t\t\t<div class=\"elementor-widget-wrap elementor-element-populated\">\n\t\t\t\t\t\t<div class=\"elementor-element elementor-element-d5090ad elementor-widget elementor-widget-heading\" data-id=\"d5090ad\" data-element_type=\"widget\" data-widget_type=\"heading.default\">\n\t\t\t\t<div class=\"elementor-widget-container\">\n\t\t\t<h3 class=\"elementor-heading-title elementor-size-medium\">Lyc\u00e9e professionnel interentreprises : un second BTS cette ann\u00e9e<\/h3>\t\t<\/div>\n\t\t\t\t<\/div>\n\t\t\t\t<div class=\"elementor-element elementor-element-45d3290 elementor-widget elementor-widget-text-editor\" data-id=\"45d3290\" data-element_type=\"widget\" data-widget_type=\"text-editor.default\">\n\t\t\t\t<div class=\"elementor-widget-container\">\n\t\t\t\t\t\t\t<p>Apr\u00e8s le BTS maintenance ouvert l\u2019an dernier, le lyc\u00e9e professionnel interentreprises (LPI) de Boulay-Faulquemont ouvre cette ann\u00e9e la voie au brevet de technicien sup\u00e9rieur (BTS) conception et r\u00e9alisation en chaudronnerie industrielle.<\/p>\n<p>\u00a0<\/p>\n<div class=\"preview non-paywall2\">\n<div class=\"previewContent\">\n<p>L\u2019an dernier, un BTS maintenance avait fait son apparition au\u00a0lyc\u00e9e professionnel interentreprises (LPI) de Boulay-Moselle. Cette ann\u00e9e, c\u2019est au tour du brevet de technicien sup\u00e9rieur (BTS) conception et r\u00e9alisation en chaudronnerie industrielle d\u2019\u00eatre ouvert dans l\u2019\u00e9tablissement. \u00ab\u00a0C\u2019est la suite logique du bac pro de m\u00eame sp\u00e9cialit\u00e9\u00a0\u00bb, pr\u00e9cise Pascal Pizzinato, proviseur du lyc\u00e9e.<\/p>\n<p>\u00a0<\/p>\n<\/div>\n<\/div>\n<div id=\"poool-widget\">\u00a0<\/div>\t\t\t\t\t\t<\/div>\n\t\t\t\t<\/div>\n\t\t\t\t<div class=\"elementor-element elementor-element-6d89f4b elementor-widget elementor-widget-button\" data-id=\"6d89f4b\" data-element_type=\"widget\" data-widget_type=\"button.default\">\n\t\t\t\t<div class=\"elementor-widget-container\">\n\t\t\t\t\t<div class=\"elementor-button-wrapper\">\n\t\t\t<a class=\"elementor-button elementor-button-link elementor-size-sm\" href=\"https:\/\/www.republicain-lorrain.fr\/education\/2022\/09\/01\/lycee-professionnel-interentreprises-un-second-bts-cette-annee\">\n\t\t\t\t\t\t<span class=\"elementor-button-content-wrapper\">\n\t\t\t\t\t\t\t\t\t<span class=\"elementor-button-text\">En savoir plus<\/span>\n\t\t\t\t\t<\/span>\n\t\t\t\t\t<\/a>\n\t\t<\/div>\n\t\t\t\t<\/div>\n\t\t\t\t<\/div>\n\t\t\t\t\t<\/div>\n\t\t<\/div>\n\t\t\t\t\t<\/div>\n\t\t<\/section>\n\t\t\t\t<section class=\"elementor-section elementor-top-section elementor-element elementor-element-1666fc3 elementor-section-content-middle elementor-section-stretched elementor-section-boxed elementor-section-height-default elementor-section-height-default\" data-id=\"1666fc3\" data-element_type=\"section\" data-settings=\"{&quot;stretch_section&quot;:&quot;section-stretched&quot;,&quot;background_background&quot;:&quot;classic&quot;}\">\n\t\t\t\t\t\t<div class=\"elementor-container elementor-column-gap-no\">\n\t\t\t\t\t<div class=\"elementor-column elementor-col-50 elementor-top-column elementor-element elementor-element-4ad6d3a\" data-id=\"4ad6d3a\" data-element_type=\"column\">\n\t\t\t<div class=\"elementor-widget-wrap elementor-element-populated\">\n\t\t\t\t\t\t<div class=\"elementor-element elementor-element-91f6257 elementor-widget elementor-widget-image\" data-id=\"91f6257\" data-element_type=\"widget\" data-widget_type=\"image.default\">\n\t\t\t\t<div class=\"elementor-widget-container\">\n\t\t\t\t\t\t\t\t\t\t\t\t\t<img loading=\"lazy\" decoding=\"async\" width=\"734\" height=\"473\" src=\"https:\/\/lp-interentreprises.com\/wp-content\/uploads\/2023\/03\/Capture-decran-2023-03-08-a-23.18.59.png\" class=\"attachment-full size-full wp-image-1549\" alt=\"\" srcset=\"https:\/\/lp-interentreprises.com\/wp-content\/uploads\/2023\/03\/Capture-decran-2023-03-08-a-23.18.59.png 734w, https:\/\/lp-interentreprises.com\/wp-content\/uploads\/2023\/03\/Capture-decran-2023-03-08-a-23.18.59-300x193.png 300w\" sizes=\"(max-width: 734px) 100vw, 734px\" \/>\t\t\t\t\t\t\t\t\t\t\t\t\t<\/div>\n\t\t\t\t<\/div>\n\t\t\t\t\t<\/div>\n\t\t<\/div>\n\t\t\t\t<div class=\"elementor-column elementor-col-50 elementor-top-column elementor-element elementor-element-90e445e\" data-id=\"90e445e\" data-element_type=\"column\">\n\t\t\t<div class=\"elementor-widget-wrap elementor-element-populated\">\n\t\t\t\t\t\t<div class=\"elementor-element elementor-element-43deb17 elementor-widget elementor-widget-heading\" data-id=\"43deb17\" data-element_type=\"widget\" data-widget_type=\"heading.default\">\n\t\t\t\t<div class=\"elementor-widget-container\">\n\t\t\t<h3 class=\"elementor-heading-title elementor-size-medium\">Lyc\u00e9e interentreprises : un BTS maintenance industrielle \u00e0 l\u2019\u00e9tude<\/h3>\t\t<\/div>\n\t\t\t\t<\/div>\n\t\t\t\t<div class=\"elementor-element elementor-element-1964525 elementor-widget elementor-widget-text-editor\" data-id=\"1964525\" data-element_type=\"widget\" data-widget_type=\"text-editor.default\">\n\t\t\t\t<div class=\"elementor-widget-container\">\n\t\t\t\t\t\t\t<p>Faciliter l\u2019emploi par le biais de la formation\u00a0: un sujet qui reste plus que jamais d\u2019actualit\u00e9 au sein du District urbain de Faulquemont (DUF). Le territoire veut soutenir la formation des jeunes \u00e0 des emplois qui correspondent aux besoins locaux.<\/p>\n<p>\u00a0<\/p>\n<p>L\u2019Afpa (<a href=\"https:\/\/www.republicain-lorrain.fr\/education\/2020\/09\/17\/saint-avold-zoom-sur-l-afpa-le-centre-de-formation-favorisant-l-acces-a-l-emploi\" target=\"_blank\" rel=\"noopener\">Agence nationale pour la formation professionnelle des adultes<\/a>) avait jusqu\u2019\u00e0 2019 une antenne sur l\u2019ancien carreau de la mine, les locaux ayant \u00e9t\u00e9 mis \u00e0 disposition par l\u2019intercommunalit\u00e9. Le <a href=\"https:\/\/www.republicain-lorrain.fr\/encadres\/2020\/11\/16\/des-projets-d-implantation-et-d-extension\" target=\"_blank\" rel=\"noopener\">Duf (District urbain de Faulquemont)<\/a> ne souhaitait pas sp\u00e9cialement cette d\u00e9fection. \u00ab\u00a0On d\u00e9veloppe des formations qui&#8230;<\/p>\t\t\t\t\t\t<\/div>\n\t\t\t\t<\/div>\n\t\t\t\t<div class=\"elementor-element elementor-element-a2bbe3a elementor-widget elementor-widget-button\" data-id=\"a2bbe3a\" data-element_type=\"widget\" data-widget_type=\"button.default\">\n\t\t\t\t<div class=\"elementor-widget-container\">\n\t\t\t\t\t<div class=\"elementor-button-wrapper\">\n\t\t\t<a class=\"elementor-button elementor-button-link elementor-size-sm\" href=\"https:\/\/www.republicain-lorrain.fr\/economie\/2020\/12\/27\/lycee-interentreprises-un-bts-maintenance-industrielle-a-l-etude\">\n\t\t\t\t\t\t<span class=\"elementor-button-content-wrapper\">\n\t\t\t\t\t\t\t\t\t<span class=\"elementor-button-text\">En savoir plus<\/span>\n\t\t\t\t\t<\/span>\n\t\t\t\t\t<\/a>\n\t\t<\/div>\n\t\t\t\t<\/div>\n\t\t\t\t<\/div>\n\t\t\t\t\t<\/div>\n\t\t<\/div>\n\t\t\t\t\t<\/div>\n\t\t<\/section>\n\t\t\t\t<section class=\"elementor-section elementor-top-section elementor-element elementor-element-bd3c329 elementor-section-content-middle elementor-section-stretched elementor-section-boxed elementor-section-height-default elementor-section-height-default\" data-id=\"bd3c329\" data-element_type=\"section\" data-settings=\"{&quot;stretch_section&quot;:&quot;section-stretched&quot;,&quot;background_background&quot;:&quot;classic&quot;}\">\n\t\t\t\t\t\t<div class=\"elementor-container elementor-column-gap-no\">\n\t\t\t\t\t<div class=\"elementor-column elementor-col-50 elementor-top-column elementor-element elementor-element-8b08ddd\" data-id=\"8b08ddd\" data-element_type=\"column\">\n\t\t\t<div class=\"elementor-widget-wrap elementor-element-populated\">\n\t\t\t\t\t\t<div class=\"elementor-element elementor-element-a26e7c3 elementor-widget elementor-widget-image\" data-id=\"a26e7c3\" data-element_type=\"widget\" data-widget_type=\"image.default\">\n\t\t\t\t<div class=\"elementor-widget-container\">\n\t\t\t\t\t\t\t\t\t\t\t\t\t<img loading=\"lazy\" decoding=\"async\" width=\"714\" height=\"465\" src=\"https:\/\/lp-interentreprises.com\/wp-content\/uploads\/2023\/03\/Capture-decran-2023-03-08-a-23.21.16.png\" class=\"attachment-full size-full wp-image-1556\" alt=\"\" srcset=\"https:\/\/lp-interentreprises.com\/wp-content\/uploads\/2023\/03\/Capture-decran-2023-03-08-a-23.21.16.png 714w, https:\/\/lp-interentreprises.com\/wp-content\/uploads\/2023\/03\/Capture-decran-2023-03-08-a-23.21.16-300x195.png 300w\" sizes=\"(max-width: 714px) 100vw, 714px\" \/>\t\t\t\t\t\t\t\t\t\t\t\t\t<\/div>\n\t\t\t\t<\/div>\n\t\t\t\t\t<\/div>\n\t\t<\/div>\n\t\t\t\t<div class=\"elementor-column elementor-col-50 elementor-top-column elementor-element elementor-element-a0bc2c8\" data-id=\"a0bc2c8\" data-element_type=\"column\">\n\t\t\t<div class=\"elementor-widget-wrap elementor-element-populated\">\n\t\t\t\t\t\t<div class=\"elementor-element elementor-element-bbd6ec3 elementor-widget elementor-widget-heading\" data-id=\"bbd6ec3\" data-element_type=\"widget\" data-widget_type=\"heading.default\">\n\t\t\t\t<div class=\"elementor-widget-container\">\n\t\t\t<h3 class=\"elementor-heading-title elementor-size-medium\">Troubles \u201cdys\u201d : mieux accompagner les \u00e9l\u00e8ves du lyc\u00e9e professionnel<\/h3>\t\t<\/div>\n\t\t\t\t<\/div>\n\t\t\t\t<div class=\"elementor-element elementor-element-4e5691e elementor-widget elementor-widget-text-editor\" data-id=\"4e5691e\" data-element_type=\"widget\" data-widget_type=\"text-editor.default\">\n\t\t\t\t<div class=\"elementor-widget-container\">\n\t\t\t\t\t\t\t<p>Dans toutes les classes, \u00e0 tous les niveaux, certains \u00e9l\u00e8ves \u00e9prouvent plus de difficult\u00e9s que d\u2019autres. Elles sont souvent dues \u00e0 des handicaps cognitifs, les fameux \u201cdys\u201d qui ne sont pas forc\u00e9ment connus ni mesur\u00e9s, tant par les \u00e9l\u00e8ves que leurs parents ou l\u2019\u00e9quipe enseignante. Le lyc\u00e9e professionnel de Boulay &#8211; Faulquemont a d\u00e9cid\u00e9 de prendre le probl\u00e8me \u00e0 bras-le-corps. Pascal Pizzinato, proviseur, estime que \u00ab quand on a reconnu et accept\u00e9 ce probl\u00e8me, la moiti\u00e9 du chemin pour le r\u00e9soudre est effectu\u00e9e \u00bb.<\/p>\n<p>\u00a0<\/p>\n<h5>L\u2019\u00e9quipe \u00e9ducative form\u00e9e<\/h5>\n<p>\u00a0<\/p>\n<p>Aussi, une formation de trois jours de toute l\u2019\u00e9quipe \u00e9ducative sur le th\u00e8me des handicaps cognitifs a d\u00e9but\u00e9. La premi\u00e8re de ces journ\u00e9es a eu lieu le vendredi 18 d\u00e9cembre pour permettre de mieux comprendre les handicaps tels que la dyslexie, la dyspraxie et autres \u00ab dys \u00bb. Le but est de mieux accompagner ces \u00e9l\u00e8ves fragilis\u00e9s qui, \u00ab dot\u00e9s de la m\u00eame intelligence que leurs camarades \u00bb, peuvent avoir aussi les m\u00eames chances de r\u00e9ussite. L\u2019objectif est de pouvoir les accueillir avec des m\u00e9thodes p\u00e9dagogiques adapt\u00e9es et permettre \u00e0 chaque membre de l\u2019\u00e9quipe \u00e9ducative de bien comprendre pour mieux aider.<\/p>\t\t\t\t\t\t<\/div>\n\t\t\t\t<\/div>\n\t\t\t\t<div class=\"elementor-element elementor-element-ad3947b elementor-widget elementor-widget-button\" data-id=\"ad3947b\" data-element_type=\"widget\" data-widget_type=\"button.default\">\n\t\t\t\t<div class=\"elementor-widget-container\">\n\t\t\t\t\t<div class=\"elementor-button-wrapper\">\n\t\t\t<a class=\"elementor-button elementor-button-link elementor-size-sm\" href=\"https:\/\/www.republicain-lorrain.fr\/education\/2020\/12\/19\/troubles-dys-mieux-accompagner-les-eleves-du-lycee-professionnel\">\n\t\t\t\t\t\t<span class=\"elementor-button-content-wrapper\">\n\t\t\t\t\t\t\t\t\t<span class=\"elementor-button-text\">En savoir plus<\/span>\n\t\t\t\t\t<\/span>\n\t\t\t\t\t<\/a>\n\t\t<\/div>\n\t\t\t\t<\/div>\n\t\t\t\t<\/div>\n\t\t\t\t\t<\/div>\n\t\t<\/div>\n\t\t\t\t\t<\/div>\n\t\t<\/section>\n\t\t\t\t<section class=\"elementor-section elementor-top-section elementor-element elementor-element-08a21b7 elementor-section-content-middle elementor-section-stretched elementor-section-boxed elementor-section-height-default elementor-section-height-default\" data-id=\"08a21b7\" data-element_type=\"section\" data-settings=\"{&quot;stretch_section&quot;:&quot;section-stretched&quot;,&quot;background_background&quot;:&quot;classic&quot;}\">\n\t\t\t\t\t\t<div class=\"elementor-container elementor-column-gap-no\">\n\t\t\t\t\t<div class=\"elementor-column elementor-col-50 elementor-top-column elementor-element elementor-element-38d4b40\" data-id=\"38d4b40\" data-element_type=\"column\">\n\t\t\t<div class=\"elementor-widget-wrap elementor-element-populated\">\n\t\t\t\t\t\t<div class=\"elementor-element elementor-element-39934f5 elementor-widget elementor-widget-image\" data-id=\"39934f5\" data-element_type=\"widget\" data-widget_type=\"image.default\">\n\t\t\t\t<div class=\"elementor-widget-container\">\n\t\t\t\t\t\t\t\t\t\t\t\t\t<img loading=\"lazy\" decoding=\"async\" width=\"734\" height=\"473\" src=\"https:\/\/lp-interentreprises.com\/wp-content\/uploads\/2023\/03\/Capture-decran-2023-03-08-a-23.18.59.png\" class=\"attachment-full size-full wp-image-1549\" alt=\"\" srcset=\"https:\/\/lp-interentreprises.com\/wp-content\/uploads\/2023\/03\/Capture-decran-2023-03-08-a-23.18.59.png 734w, https:\/\/lp-interentreprises.com\/wp-content\/uploads\/2023\/03\/Capture-decran-2023-03-08-a-23.18.59-300x193.png 300w\" sizes=\"(max-width: 734px) 100vw, 734px\" \/>\t\t\t\t\t\t\t\t\t\t\t\t\t<\/div>\n\t\t\t\t<\/div>\n\t\t\t\t\t<\/div>\n\t\t<\/div>\n\t\t\t\t<div class=\"elementor-column elementor-col-50 elementor-top-column elementor-element elementor-element-4dfea19\" data-id=\"4dfea19\" data-element_type=\"column\">\n\t\t\t<div class=\"elementor-widget-wrap elementor-element-populated\">\n\t\t\t\t\t\t<div class=\"elementor-element elementor-element-8a58421 elementor-widget elementor-widget-heading\" data-id=\"8a58421\" data-element_type=\"widget\" data-widget_type=\"heading.default\">\n\t\t\t\t<div class=\"elementor-widget-container\">\n\t\t\t<h3 class=\"elementor-heading-title elementor-size-medium\">Lyc\u00e9e interentreprises : un BTS maintenance industrielle \u00e0 l\u2019\u00e9tude<\/h3>\t\t<\/div>\n\t\t\t\t<\/div>\n\t\t\t\t<div class=\"elementor-element elementor-element-d1ef7bc elementor-widget elementor-widget-text-editor\" data-id=\"d1ef7bc\" data-element_type=\"widget\" data-widget_type=\"text-editor.default\">\n\t\t\t\t<div class=\"elementor-widget-container\">\n\t\t\t\t\t\t\t<p>Faciliter l\u2019emploi par le biais de la formation\u00a0: un sujet qui reste plus que jamais d\u2019actualit\u00e9 au sein du District urbain de Faulquemont (DUF). Le territoire veut soutenir la formation des jeunes \u00e0 des emplois qui correspondent aux besoins locaux.<\/p>\n<p>\u00a0<\/p>\n<p>L\u2019Afpa (<a href=\"https:\/\/www.republicain-lorrain.fr\/education\/2020\/09\/17\/saint-avold-zoom-sur-l-afpa-le-centre-de-formation-favorisant-l-acces-a-l-emploi\" target=\"_blank\" rel=\"noopener\">Agence nationale pour la formation professionnelle des adultes<\/a>) avait jusqu\u2019\u00e0 2019 une antenne sur l\u2019ancien carreau de la mine, les locaux ayant \u00e9t\u00e9 mis \u00e0 disposition par l\u2019intercommunalit\u00e9. Le <a href=\"https:\/\/www.republicain-lorrain.fr\/encadres\/2020\/11\/16\/des-projets-d-implantation-et-d-extension\" target=\"_blank\" rel=\"noopener\">Duf (District urbain de Faulquemont)<\/a> ne souhaitait pas sp\u00e9cialement cette d\u00e9fection. \u00ab\u00a0On d\u00e9veloppe des formations qui&#8230;<\/p>\t\t\t\t\t\t<\/div>\n\t\t\t\t<\/div>\n\t\t\t\t<div class=\"elementor-element elementor-element-35f8cee elementor-widget elementor-widget-button\" data-id=\"35f8cee\" data-element_type=\"widget\" data-widget_type=\"button.default\">\n\t\t\t\t<div class=\"elementor-widget-container\">\n\t\t\t\t\t<div class=\"elementor-button-wrapper\">\n\t\t\t<a class=\"elementor-button elementor-button-link elementor-size-sm\" href=\"https:\/\/www.republicain-lorrain.fr\/economie\/2020\/12\/27\/lycee-interentreprises-un-bts-maintenance-industrielle-a-l-etude\">\n\t\t\t\t\t\t<span class=\"elementor-button-content-wrapper\">\n\t\t\t\t\t\t\t\t\t<span class=\"elementor-button-text\">En savoir plus<\/span>\n\t\t\t\t\t<\/span>\n\t\t\t\t\t<\/a>\n\t\t<\/div>\n\t\t\t\t<\/div>\n\t\t\t\t<\/div>\n\t\t\t\t\t<\/div>\n\t\t<\/div>\n\t\t\t\t\t<\/div>\n\t\t<\/section>\n\t\t\t\t<section class=\"elementor-section elementor-top-section elementor-element elementor-element-a1e96de elementor-section-content-middle elementor-section-stretched elementor-section-boxed elementor-section-height-default elementor-section-height-default\" data-id=\"a1e96de\" data-element_type=\"section\" data-settings=\"{&quot;stretch_section&quot;:&quot;section-stretched&quot;,&quot;background_background&quot;:&quot;classic&quot;}\">\n\t\t\t\t\t\t<div class=\"elementor-container elementor-column-gap-no\">\n\t\t\t\t\t<div class=\"elementor-column elementor-col-50 elementor-top-column elementor-element elementor-element-2f9e807\" data-id=\"2f9e807\" data-element_type=\"column\">\n\t\t\t<div class=\"elementor-widget-wrap elementor-element-populated\">\n\t\t\t\t\t\t<div class=\"elementor-element elementor-element-21948fe elementor-widget elementor-widget-image\" data-id=\"21948fe\" data-element_type=\"widget\" data-widget_type=\"image.default\">\n\t\t\t\t<div class=\"elementor-widget-container\">\n\t\t\t\t\t\t\t\t\t\t\t\t\t<img loading=\"lazy\" decoding=\"async\" width=\"663\" height=\"494\" src=\"https:\/\/lp-interentreprises.com\/wp-content\/uploads\/2023\/03\/Capture-decran-2023-03-08-a-23.24.04.png\" class=\"attachment-full size-full wp-image-1560\" alt=\"\" srcset=\"https:\/\/lp-interentreprises.com\/wp-content\/uploads\/2023\/03\/Capture-decran-2023-03-08-a-23.24.04.png 663w, https:\/\/lp-interentreprises.com\/wp-content\/uploads\/2023\/03\/Capture-decran-2023-03-08-a-23.24.04-300x224.png 300w\" sizes=\"(max-width: 663px) 100vw, 663px\" \/>\t\t\t\t\t\t\t\t\t\t\t\t\t<\/div>\n\t\t\t\t<\/div>\n\t\t\t\t\t<\/div>\n\t\t<\/div>\n\t\t\t\t<div class=\"elementor-column elementor-col-50 elementor-top-column elementor-element elementor-element-5149332\" data-id=\"5149332\" data-element_type=\"column\">\n\t\t\t<div class=\"elementor-widget-wrap elementor-element-populated\">\n\t\t\t\t\t\t<div class=\"elementor-element elementor-element-e08e478 elementor-widget elementor-widget-heading\" data-id=\"e08e478\" data-element_type=\"widget\" data-widget_type=\"heading.default\">\n\t\t\t\t<div class=\"elementor-widget-container\">\n\t\t\t<h3 class=\"elementor-heading-title elementor-size-medium\">L\u2019environnement, fili\u00e8re d\u2019avenir, pour le lyc\u00e9e professionnel<\/h3>\t\t<\/div>\n\t\t\t\t<\/div>\n\t\t\t\t<div class=\"elementor-element elementor-element-f9b1630 elementor-widget elementor-widget-text-editor\" data-id=\"f9b1630\" data-element_type=\"widget\" data-widget_type=\"text-editor.default\">\n\t\t\t\t<div class=\"elementor-widget-container\">\n\t\t\t\t\t\t\t<p>Depuis trois ans, le lyc\u00e9e professionnel interentreprises de Boulay\/Faulquemont propose une section gestion des pollutions et protection de l\u2019environnement. Innovante, tourn\u00e9e vers l\u2019avenir, cette fili\u00e8re est peu connue mais garantit de solides d\u00e9bouch\u00e9s aux \u00e9l\u00e8ves. Elle esp\u00e8re recruter \u00e0 la rentr\u00e9e.<\/p>\n<p>\u00a0<\/p>\n<div class=\"preview non-paywall2\">\n<div class=\"previewContent\">\n<p>Il y a des fili\u00e8res professionnelles qui m\u00e8nent dans les cuisines des grands restaurants ou dans des usines de derni\u00e8res g\u00e9n\u00e9rations. \u00c0 Boulay, au lyc\u00e9e professionnel interentreprises, la section gestion des pollutions et protection de l\u2019environnement m\u00e8ne tout droit \u00e0 l\u2019avenir. Mont\u00e9 il y a trois ans, ce bac professionnel est encore peu connu. Il n\u2019en existe que six en France&#8230;.<\/p>\n<\/div>\n<\/div>\n<div id=\"poool-widget\">\u00a0<\/div>\t\t\t\t\t\t<\/div>\n\t\t\t\t<\/div>\n\t\t\t\t<div class=\"elementor-element elementor-element-f481325 elementor-widget elementor-widget-button\" data-id=\"f481325\" data-element_type=\"widget\" data-widget_type=\"button.default\">\n\t\t\t\t<div class=\"elementor-widget-container\">\n\t\t\t\t\t<div class=\"elementor-button-wrapper\">\n\t\t\t<a class=\"elementor-button elementor-button-link elementor-size-sm\" href=\"https:\/\/www.republicain-lorrain.fr\/education\/2020\/07\/20\/l-environnement-filiere-d-avenir-pour-le-lycee-professionnel\">\n\t\t\t\t\t\t<span class=\"elementor-button-content-wrapper\">\n\t\t\t\t\t\t\t\t\t<span class=\"elementor-button-text\">En savoir plus<\/span>\n\t\t\t\t\t<\/span>\n\t\t\t\t\t<\/a>\n\t\t<\/div>\n\t\t\t\t<\/div>\n\t\t\t\t<\/div>\n\t\t\t\t\t<\/div>\n\t\t<\/div>\n\t\t\t\t\t<\/div>\n\t\t<\/section>\n\t\t\t\t<section class=\"elementor-section elementor-top-section elementor-element elementor-element-fa7c866 elementor-section-content-middle elementor-section-stretched elementor-section-boxed elementor-section-height-default elementor-section-height-default\" data-id=\"fa7c866\" data-element_type=\"section\" data-settings=\"{&quot;stretch_section&quot;:&quot;section-stretched&quot;,&quot;background_background&quot;:&quot;classic&quot;}\">\n\t\t\t\t\t\t<div class=\"elementor-container elementor-column-gap-no\">\n\t\t\t\t\t<div class=\"elementor-column elementor-col-50 elementor-top-column elementor-element elementor-element-7dc50aa\" data-id=\"7dc50aa\" data-element_type=\"column\">\n\t\t\t<div class=\"elementor-widget-wrap elementor-element-populated\">\n\t\t\t\t\t\t<div class=\"elementor-element elementor-element-85ef00b elementor-widget elementor-widget-image\" data-id=\"85ef00b\" data-element_type=\"widget\" data-widget_type=\"image.default\">\n\t\t\t\t<div class=\"elementor-widget-container\">\n\t\t\t\t\t\t\t\t\t\t\t\t\t<img loading=\"lazy\" decoding=\"async\" width=\"650\" height=\"482\" src=\"https:\/\/lp-interentreprises.com\/wp-content\/uploads\/2023\/03\/Capture-decran-2023-03-08-a-23.26.10.png\" class=\"attachment-full size-full wp-image-1567\" alt=\"\" srcset=\"https:\/\/lp-interentreprises.com\/wp-content\/uploads\/2023\/03\/Capture-decran-2023-03-08-a-23.26.10.png 650w, https:\/\/lp-interentreprises.com\/wp-content\/uploads\/2023\/03\/Capture-decran-2023-03-08-a-23.26.10-300x222.png 300w\" sizes=\"(max-width: 650px) 100vw, 650px\" \/>\t\t\t\t\t\t\t\t\t\t\t\t\t<\/div>\n\t\t\t\t<\/div>\n\t\t\t\t\t<\/div>\n\t\t<\/div>\n\t\t\t\t<div class=\"elementor-column elementor-col-50 elementor-top-column elementor-element elementor-element-566d991\" data-id=\"566d991\" data-element_type=\"column\">\n\t\t\t<div class=\"elementor-widget-wrap elementor-element-populated\">\n\t\t\t\t\t\t<div class=\"elementor-element elementor-element-c504434 elementor-widget elementor-widget-heading\" data-id=\"c504434\" data-element_type=\"widget\" data-widget_type=\"heading.default\">\n\t\t\t\t<div class=\"elementor-widget-container\">\n\t\t\t<h3 class=\"elementor-heading-title elementor-size-medium\">Une journ\u00e9e d\u2019int\u00e9gration en pleine nature au lyc\u00e9e professionnel<\/h3>\t\t<\/div>\n\t\t\t\t<\/div>\n\t\t\t\t<div class=\"elementor-element elementor-element-d98ad78 elementor-widget elementor-widget-text-editor\" data-id=\"d98ad78\" data-element_type=\"widget\" data-widget_type=\"text-editor.default\">\n\t\t\t\t<div class=\"elementor-widget-container\">\n\t\t\t\t\t\t\t<p>Premi\u00e8re pour l\u2019\u00e9tablissement\u00a0: les deux p\u00f4les du lyc\u00e9e professionnel interentreprises, Boulay et Faulquemont, ont banalis\u00e9 chacun une journ\u00e9e de classe pour mieux se d\u00e9couvrir et se conna\u00eetre dans un cadre autre que scolaire sous forme d\u2019une journ\u00e9e d\u2019int\u00e9gration.<\/p>\n<p>\u00a0<\/p>\n<p>\u00c0 Faulquemont, on a profit\u00e9 de l\u2019exposition photo au golf, dont les supports ont \u00e9t\u00e9 con\u00e7us par le lyc\u00e9e, pour d\u00e9couvrir le site industriel qui a fait la richesse de la commune, site sur lequel un pique-nique a \u00e9t\u00e9 organis\u00e9 pr\u00e8s de la chapelle du bois, avec chacun son panier-repas.<\/p>\n<p>\u00a0<\/p>\n<p>\u00c0 Boulay, c\u2019est la for\u00eat du Buchwald qui a pr\u00eat\u00e9 son cadre \u00e0 cette sortie \u00e0 la fois \u00e9cologique et historique, sur un site riche et vari\u00e9 avec sa rivi\u00e8re pr\u00e9texte \u00e0 tests, ses arbres aux essences vari\u00e9es dont a d\u00e9termin\u00e9 l\u2019\u00e2ge avec l\u2019appui de professeurs sp\u00e9cialis\u00e9s, le d\u00e9jeuner \u00e9tant pris sur l\u2019espace de l\u2019ancienne maison foresti\u00e8re.<\/p>\t\t\t\t\t\t<\/div>\n\t\t\t\t<\/div>\n\t\t\t\t<div class=\"elementor-element elementor-element-f1bdbe4 elementor-widget elementor-widget-button\" data-id=\"f1bdbe4\" data-element_type=\"widget\" data-widget_type=\"button.default\">\n\t\t\t\t<div class=\"elementor-widget-container\">\n\t\t\t\t\t<div class=\"elementor-button-wrapper\">\n\t\t\t<a class=\"elementor-button elementor-button-link elementor-size-sm\" href=\"https:\/\/www.republicain-lorrain.fr\/education\/2020\/09\/25\/une-journee-d-integration-en-pleine-nature-au-lycee-professionnel\">\n\t\t\t\t\t\t<span class=\"elementor-button-content-wrapper\">\n\t\t\t\t\t\t\t\t\t<span class=\"elementor-button-text\">En savoir plus<\/span>\n\t\t\t\t\t<\/span>\n\t\t\t\t\t<\/a>\n\t\t<\/div>\n\t\t\t\t<\/div>\n\t\t\t\t<\/div>\n\t\t\t\t\t<\/div>\n\t\t<\/div>\n\t\t\t\t\t<\/div>\n\t\t<\/section>\n\t\t\t\t<section class=\"elementor-section elementor-top-section elementor-element elementor-element-184dd8b elementor-section-content-middle elementor-section-stretched elementor-section-boxed elementor-section-height-default elementor-section-height-default\" data-id=\"184dd8b\" data-element_type=\"section\" data-settings=\"{&quot;stretch_section&quot;:&quot;section-stretched&quot;,&quot;background_background&quot;:&quot;classic&quot;}\">\n\t\t\t\t\t\t<div class=\"elementor-container elementor-column-gap-no\">\n\t\t\t\t\t<div class=\"elementor-column elementor-col-50 elementor-top-column elementor-element elementor-element-0c3410c\" data-id=\"0c3410c\" data-element_type=\"column\">\n\t\t\t<div class=\"elementor-widget-wrap elementor-element-populated\">\n\t\t\t\t\t\t<div class=\"elementor-element elementor-element-ca0a5a9 elementor-widget elementor-widget-image\" data-id=\"ca0a5a9\" data-element_type=\"widget\" data-widget_type=\"image.default\">\n\t\t\t\t<div class=\"elementor-widget-container\">\n\t\t\t\t\t\t\t\t\t\t\t\t\t<img loading=\"lazy\" decoding=\"async\" width=\"725\" height=\"480\" src=\"https:\/\/lp-interentreprises.com\/wp-content\/uploads\/2023\/03\/Capture-decran-2023-03-08-a-23.27.15.png\" class=\"attachment-full size-full wp-image-1574\" alt=\"\" srcset=\"https:\/\/lp-interentreprises.com\/wp-content\/uploads\/2023\/03\/Capture-decran-2023-03-08-a-23.27.15.png 725w, https:\/\/lp-interentreprises.com\/wp-content\/uploads\/2023\/03\/Capture-decran-2023-03-08-a-23.27.15-300x199.png 300w\" sizes=\"(max-width: 725px) 100vw, 725px\" \/>\t\t\t\t\t\t\t\t\t\t\t\t\t<\/div>\n\t\t\t\t<\/div>\n\t\t\t\t\t<\/div>\n\t\t<\/div>\n\t\t\t\t<div class=\"elementor-column elementor-col-50 elementor-top-column elementor-element elementor-element-5d9411b\" data-id=\"5d9411b\" data-element_type=\"column\">\n\t\t\t<div class=\"elementor-widget-wrap elementor-element-populated\">\n\t\t\t\t\t\t<div class=\"elementor-element elementor-element-d00efcb elementor-widget elementor-widget-heading\" data-id=\"d00efcb\" data-element_type=\"widget\" data-widget_type=\"heading.default\">\n\t\t\t\t<div class=\"elementor-widget-container\">\n\t\t\t<h3 class=\"elementor-heading-title elementor-size-medium\">\u00c9l\u00e8ves d\u00e9crocheurs : le lyc\u00e9e professionnel renforce son suivi<\/h3>\t\t<\/div>\n\t\t\t\t<\/div>\n\t\t\t\t<div class=\"elementor-element elementor-element-08e89d0 elementor-widget elementor-widget-text-editor\" data-id=\"08e89d0\" data-element_type=\"widget\" data-widget_type=\"text-editor.default\">\n\t\t\t\t<div class=\"elementor-widget-container\">\n\t\t\t\t\t\t\t<p>La direction du lyc\u00e9e professionnel interentreprises, Pascal Pizzinato \u00e0 Boulay, proviseur, et St\u00e9phane Becker \u00e0 Faulquemont, directeur adjoint depuis cette rentr\u00e9e, peaufine le retour en classe\u00a0du 1er \u00a0septembre. Le point.<\/p>\n<p>\u00a0<\/p>\n<h5>Effectifs et r\u00e9sultats<\/h5>\n<p>\u00a0<\/p>\n<p>\u00ab Un peu plus de 200 \u00e9l\u00e8ves sont attendus pour cette rentr\u00e9e, un peu plus chaque ann\u00e9e \u00bb, confie Pascal Pizzinato, proviseur du lyc\u00e9e professionnel interentreprises, par ailleurs particuli\u00e8rement satisfait des r\u00e9sultats de l\u2019ann\u00e9e pass\u00e9e : \u00ab Pr\u00e8s de 100 % de r\u00e9ussite aux bacs pro et aux CAP, des r\u00e9sultats conformes aux profils des \u00e9l\u00e8ves, les primo-arrivants ayant&#8230;<\/p>\t\t\t\t\t\t<\/div>\n\t\t\t\t<\/div>\n\t\t\t\t<div class=\"elementor-element elementor-element-20aa9e5 elementor-widget elementor-widget-button\" data-id=\"20aa9e5\" data-element_type=\"widget\" data-widget_type=\"button.default\">\n\t\t\t\t<div class=\"elementor-widget-container\">\n\t\t\t\t\t<div class=\"elementor-button-wrapper\">\n\t\t\t<a class=\"elementor-button elementor-button-link elementor-size-sm\" href=\"https:\/\/www.republicain-lorrain.fr\/education\/2020\/08\/28\/eleves-decrocheurs-le-lycee-professionnel-renforce-son-suivi\">\n\t\t\t\t\t\t<span class=\"elementor-button-content-wrapper\">\n\t\t\t\t\t\t\t\t\t<span class=\"elementor-button-text\">En savoir plus<\/span>\n\t\t\t\t\t<\/span>\n\t\t\t\t\t<\/a>\n\t\t<\/div>\n\t\t\t\t<\/div>\n\t\t\t\t<\/div>\n\t\t\t\t\t<\/div>\n\t\t<\/div>\n\t\t\t\t\t<\/div>\n\t\t<\/section>\n\t\t\t\t<section class=\"elementor-section elementor-top-section elementor-element elementor-element-adbc7cb elementor-section-content-middle elementor-section-stretched elementor-section-boxed elementor-section-height-default elementor-section-height-default\" data-id=\"adbc7cb\" data-element_type=\"section\" data-settings=\"{&quot;stretch_section&quot;:&quot;section-stretched&quot;,&quot;background_background&quot;:&quot;classic&quot;}\">\n\t\t\t\t\t\t<div class=\"elementor-container elementor-column-gap-no\">\n\t\t\t\t\t<div class=\"elementor-column elementor-col-50 elementor-top-column elementor-element elementor-element-29a0ae8\" data-id=\"29a0ae8\" data-element_type=\"column\">\n\t\t\t<div class=\"elementor-widget-wrap elementor-element-populated\">\n\t\t\t\t\t\t<div class=\"elementor-element elementor-element-58a3850 elementor-widget elementor-widget-image\" data-id=\"58a3850\" data-element_type=\"widget\" data-widget_type=\"image.default\">\n\t\t\t\t<div class=\"elementor-widget-container\">\n\t\t\t\t\t\t\t\t\t\t\t\t\t<img loading=\"lazy\" decoding=\"async\" width=\"1024\" height=\"683\" src=\"https:\/\/lp-interentreprises.com\/wp-content\/uploads\/2023\/03\/unnamed-file.jpg\" class=\"attachment-full size-full wp-image-1578\" alt=\"\" srcset=\"https:\/\/lp-interentreprises.com\/wp-content\/uploads\/2023\/03\/unnamed-file.jpg 1024w, https:\/\/lp-interentreprises.com\/wp-content\/uploads\/2023\/03\/unnamed-file-300x200.jpg 300w, https:\/\/lp-interentreprises.com\/wp-content\/uploads\/2023\/03\/unnamed-file-768x512.jpg 768w\" sizes=\"(max-width: 1024px) 100vw, 1024px\" \/>\t\t\t\t\t\t\t\t\t\t\t\t\t<\/div>\n\t\t\t\t<\/div>\n\t\t\t\t\t<\/div>\n\t\t<\/div>\n\t\t\t\t<div class=\"elementor-column elementor-col-50 elementor-top-column elementor-element elementor-element-6491903\" data-id=\"6491903\" data-element_type=\"column\">\n\t\t\t<div class=\"elementor-widget-wrap elementor-element-populated\">\n\t\t\t\t\t\t<div class=\"elementor-element elementor-element-88ed4db elementor-widget elementor-widget-heading\" data-id=\"88ed4db\" data-element_type=\"widget\" data-widget_type=\"heading.default\">\n\t\t\t\t<div class=\"elementor-widget-container\">\n\t\t\t<h3 class=\"elementor-heading-title elementor-size-medium\">Faulquemont: les lyc\u00e9ens laur\u00e9ats du concours M\u00e9tal Jeunes<\/h3>\t\t<\/div>\n\t\t\t\t<\/div>\n\t\t\t\t<div class=\"elementor-element elementor-element-de38883 elementor-widget elementor-widget-text-editor\" data-id=\"de38883\" data-element_type=\"widget\" data-widget_type=\"text-editor.default\">\n\t\t\t\t<div class=\"elementor-widget-container\">\n\t\t\t\t\t\t\t<p>Lors de la journ\u00e9e des assises de la m\u00e9tallurgie \u00e0 Paris, les \u00e9l\u00e8ves du LPI de Faulquemont se sont vus d\u00e9cerner le 1er prix national du concours M\u00e9tal jeunes pour leur \u0153uvre d\u2019art.<\/p>\n<p>\u00a0<\/p>\n<p>Le concours M\u00e9tal Jeunes a pour objet de mettre en valeur le travail des m\u00e9taux et les techniques qui leur sont associ\u00e9es sous des formes vari\u00e9es et est organis\u00e9\u0301 par l\u2019Union des M\u00e9talliers. Il s\u2019adresse aux jeunes form\u00e9s aux m\u00e9tiers de la m\u00e9tallerie. Le lyc\u00e9e professionnel interentreprises de Faulquemont vient de d\u00e9crocher le 1<span class=\"exposant\">er<\/span> prix. Sur les 51 \u00e9quipes initialement inscrites, 36 d\u2019entre elles sont finalement parvenues au terme de la comp\u00e9tition en exp\u00e9diant leur \u0153uvre dans le d\u00e9lai imparti. En effet, le simple fait de participer au concours est un v\u00e9ritable challenge pour les enseignants et les \u00e9quipes de jeunes dont le travail en groupe est morcel\u00e9 par les vacances scolaires, les stages ou le rythme en alternance.<\/p>\t\t\t\t\t\t<\/div>\n\t\t\t\t<\/div>\n\t\t\t\t<div class=\"elementor-element elementor-element-b64983e elementor-widget elementor-widget-button\" data-id=\"b64983e\" data-element_type=\"widget\" data-widget_type=\"button.default\">\n\t\t\t\t<div class=\"elementor-widget-container\">\n\t\t\t\t\t<div class=\"elementor-button-wrapper\">\n\t\t\t<a class=\"elementor-button elementor-button-link elementor-size-sm\" href=\"https:\/\/www.republicain-lorrain.fr\/edition-de-saint-avold-creutzwald\/2016\/06\/06\/faulquemont-les-lyceens-laureats-du-concours-metal-jeunes\">\n\t\t\t\t\t\t<span class=\"elementor-button-content-wrapper\">\n\t\t\t\t\t\t\t\t\t<span class=\"elementor-button-text\">En savoir plus<\/span>\n\t\t\t\t\t<\/span>\n\t\t\t\t\t<\/a>\n\t\t<\/div>\n\t\t\t\t<\/div>\n\t\t\t\t<\/div>\n\t\t\t\t\t<\/div>\n\t\t<\/div>\n\t\t\t\t\t<\/div>\n\t\t<\/section>\n\t\t\t\t<section class=\"elementor-section elementor-top-section elementor-element elementor-element-11682af elementor-section-content-middle elementor-section-stretched elementor-section-boxed elementor-section-height-default elementor-section-height-default\" data-id=\"11682af\" data-element_type=\"section\" data-settings=\"{&quot;stretch_section&quot;:&quot;section-stretched&quot;,&quot;background_background&quot;:&quot;classic&quot;}\">\n\t\t\t\t\t\t<div class=\"elementor-container elementor-column-gap-no\">\n\t\t\t\t\t<div class=\"elementor-column elementor-col-50 elementor-top-column elementor-element elementor-element-66def18\" data-id=\"66def18\" data-element_type=\"column\">\n\t\t\t<div class=\"elementor-widget-wrap elementor-element-populated\">\n\t\t\t\t\t\t<div class=\"elementor-element elementor-element-d2f13b2 elementor-widget elementor-widget-image\" data-id=\"d2f13b2\" data-element_type=\"widget\" data-widget_type=\"image.default\">\n\t\t\t\t<div class=\"elementor-widget-container\">\n\t\t\t\t\t\t\t\t\t\t\t\t\t<img loading=\"lazy\" decoding=\"async\" width=\"1024\" height=\"683\" src=\"https:\/\/lp-interentreprises.com\/wp-content\/uploads\/2023\/03\/34.jpg\" class=\"attachment-full size-full wp-image-1591\" alt=\"\" srcset=\"https:\/\/lp-interentreprises.com\/wp-content\/uploads\/2023\/03\/34.jpg 1024w, https:\/\/lp-interentreprises.com\/wp-content\/uploads\/2023\/03\/34-300x200.jpg 300w, https:\/\/lp-interentreprises.com\/wp-content\/uploads\/2023\/03\/34-768x512.jpg 768w\" sizes=\"(max-width: 1024px) 100vw, 1024px\" \/>\t\t\t\t\t\t\t\t\t\t\t\t\t<\/div>\n\t\t\t\t<\/div>\n\t\t\t\t\t<\/div>\n\t\t<\/div>\n\t\t\t\t<div class=\"elementor-column elementor-col-50 elementor-top-column elementor-element elementor-element-10a54bb\" data-id=\"10a54bb\" data-element_type=\"column\">\n\t\t\t<div class=\"elementor-widget-wrap elementor-element-populated\">\n\t\t\t\t\t\t<div class=\"elementor-element elementor-element-c9d11b9 elementor-widget elementor-widget-heading\" data-id=\"c9d11b9\" data-element_type=\"widget\" data-widget_type=\"heading.default\">\n\t\t\t\t<div class=\"elementor-widget-container\">\n\t\t\t<h3 class=\"elementor-heading-title elementor-size-medium\">A la d\u00e9couverte du lyc\u00e9e professionnel \u00e0 Boulay-Moselle<\/h3>\t\t<\/div>\n\t\t\t\t<\/div>\n\t\t\t\t<div class=\"elementor-element elementor-element-9fc2591 elementor-widget elementor-widget-text-editor\" data-id=\"9fc2591\" data-element_type=\"widget\" data-widget_type=\"text-editor.default\">\n\t\t\t\t<div class=\"elementor-widget-container\">\n\t\t\t\t\t\t\t<p>Une journ\u00e9e portes ouvertes sera organis\u00e9e ce samedi 11 mars, de 9 h \u00e0 15 h, au lyc\u00e9e professionnel interentreprises, \u00e0 Boulay-Moselle. L\u2019occasion de d\u00e9couvrir le nouveau bac pro, mis en place \u00e0 la rentr\u00e9e prochaine, qui traite de l\u2019environnement.<\/p>\n<p>\u00a0<\/p>\n<p>D\u00e9j\u00e0 annonc\u00e9 pour la rent\u00e9e pr\u00e9c\u00e9dente, c&#8217;est maintenant officiel : le nouveau baccalaur\u00e9at \u00ab Gestion des pollutions et protection de l\u2019environnement \u00bb sera au programme de la prochaine rentr\u00e9e au lyc\u00e9e professionnel interentreprises de Boulay-Moselle. El\u00e8ves et parents int\u00e9ress\u00e9s sont d\u00e9j\u00e0 convi\u00e9s \u00e0 venir se renseigner sur place.<\/p>\n<p>\u00a0<\/p>\n<p>Ce nouveau baccalaur\u00e9at professionnel ne concerne pour le moment que cinq \u00e9tablissements en France, Boulay \u00e9tant le seul centre destin\u00e9 \u00e0 le pr\u00e9parer dans toute la r\u00e9gion ALCA : \u00ab Les plus proches sont ensuite \u00e0 Aubervilliers ou \u00e0 Saint Omer \u00bb, souligne le proviseur, Manuel Pisula. Et de pr\u00e9ciser : \u00ab on reste dans le domaine industriel mais cette fois on n\u2019est plus du c\u00f4t\u00e9 production \u00bb. Les autres baccalaur\u00e9ats pr\u00e9par\u00e9s dans l\u2019\u00e9tablissement sont, quant \u00e0 eux, bien \u00e9videmment maintenus.<\/p>\n<p>\u00a0<\/p>\n<p>Une classe de seconde ouvrira donc ses portes \u00e0 la rentr\u00e9e de septembre, et concernera 12 \u00e0 15 \u00e9l\u00e8ves, avec un premier Bac pro de gestion des pollutions et protection de l\u2019environnement en juin 2020 \u00ab qui ouvre les portes de l\u2019emploi aussi bien dans le secteur public que dans le secteur priv\u00e9 \u00bb.<\/p>\t\t\t\t\t\t<\/div>\n\t\t\t\t<\/div>\n\t\t\t\t<div class=\"elementor-element elementor-element-f4d9dfb elementor-widget elementor-widget-button\" data-id=\"f4d9dfb\" data-element_type=\"widget\" data-widget_type=\"button.default\">\n\t\t\t\t<div class=\"elementor-widget-container\">\n\t\t\t\t\t<div class=\"elementor-button-wrapper\">\n\t\t\t<a class=\"elementor-button elementor-button-link elementor-size-sm\" href=\"https:\/\/www.republicain-lorrain.fr\/edition-de-saint-avold-creutzwald\/2017\/03\/05\/a-la-decouverte-du-lycee-professionnel-a-boulay-moselle\">\n\t\t\t\t\t\t<span class=\"elementor-button-content-wrapper\">\n\t\t\t\t\t\t\t\t\t<span class=\"elementor-button-text\">En savoir plus<\/span>\n\t\t\t\t\t<\/span>\n\t\t\t\t\t<\/a>\n\t\t<\/div>\n\t\t\t\t<\/div>\n\t\t\t\t<\/div>\n\t\t\t\t\t<\/div>\n\t\t<\/div>\n\t\t\t\t\t<\/div>\n\t\t<\/section>\n\t\t\t\t<section class=\"elementor-section elementor-top-section elementor-element elementor-element-512dfb1 elementor-section-content-middle elementor-section-stretched elementor-section-boxed elementor-section-height-default elementor-section-height-default\" data-id=\"512dfb1\" data-element_type=\"section\" data-settings=\"{&quot;stretch_section&quot;:&quot;section-stretched&quot;,&quot;background_background&quot;:&quot;classic&quot;}\">\n\t\t\t\t\t\t<div class=\"elementor-container elementor-column-gap-no\">\n\t\t\t\t\t<div class=\"elementor-column elementor-col-50 elementor-top-column elementor-element elementor-element-f8f0e4d\" data-id=\"f8f0e4d\" data-element_type=\"column\">\n\t\t\t<div class=\"elementor-widget-wrap elementor-element-populated\">\n\t\t\t\t\t\t<div class=\"elementor-element elementor-element-0ad2249 elementor-widget elementor-widget-image\" data-id=\"0ad2249\" data-element_type=\"widget\" data-widget_type=\"image.default\">\n\t\t\t\t<div class=\"elementor-widget-container\">\n\t\t\t\t\t\t\t\t\t\t\t\t\t<img loading=\"lazy\" decoding=\"async\" width=\"1024\" height=\"683\" src=\"https:\/\/lp-interentreprises.com\/wp-content\/uploads\/2023\/03\/2d.jpg\" class=\"attachment-full size-full wp-image-1595\" alt=\"\" srcset=\"https:\/\/lp-interentreprises.com\/wp-content\/uploads\/2023\/03\/2d.jpg 1024w, https:\/\/lp-interentreprises.com\/wp-content\/uploads\/2023\/03\/2d-300x200.jpg 300w, https:\/\/lp-interentreprises.com\/wp-content\/uploads\/2023\/03\/2d-768x512.jpg 768w\" sizes=\"(max-width: 1024px) 100vw, 1024px\" \/>\t\t\t\t\t\t\t\t\t\t\t\t\t<\/div>\n\t\t\t\t<\/div>\n\t\t\t\t\t<\/div>\n\t\t<\/div>\n\t\t\t\t<div class=\"elementor-column elementor-col-50 elementor-top-column elementor-element elementor-element-7694a68\" data-id=\"7694a68\" data-element_type=\"column\">\n\t\t\t<div class=\"elementor-widget-wrap elementor-element-populated\">\n\t\t\t\t\t\t<div class=\"elementor-element elementor-element-19a0562 elementor-widget elementor-widget-heading\" data-id=\"19a0562\" data-element_type=\"widget\" data-widget_type=\"heading.default\">\n\t\t\t\t<div class=\"elementor-widget-container\">\n\t\t\t<h3 class=\"elementor-heading-title elementor-size-medium\">Boulay : le bac pro environnement report\u00e9 \u00e0 l\u2019an prochain<\/h3>\t\t<\/div>\n\t\t\t\t<\/div>\n\t\t\t\t<div class=\"elementor-element elementor-element-e44ab5e elementor-widget elementor-widget-text-editor\" data-id=\"e44ab5e\" data-element_type=\"widget\" data-widget_type=\"text-editor.default\">\n\t\t\t\t<div class=\"elementor-widget-container\">\n\t\t\t\t\t\t\t<p>Il devait ouvrir pour cette rentr\u00e9e mais faute d\u2019inscriptions suffisantes, le baccalaur\u00e9at professionnel \u00ab gestion de la pollution et protection de l\u2019environnement \u00bb est gel\u00e9 pour un an au LEPI de Boulay.<\/p>\n<p>\u00a0<\/p>\n<p>\u00ab Nous avions cinq candidatures \u00bb indique Manuel Pisula proviseur de l\u2019\u00e9tablissement, pour expliquer le report de la cr\u00e9ation du bac pro environnement dans son \u00e9tablissement. \u00ab La formation aurait pu d\u00e9buter de mani\u00e8re viable avec dix \u00e9l\u00e8ves, le financement \u00e9tant pr\u00e9vu pour quinze \u00bb, poursuit-il.<\/p>\t\t\t\t\t\t<\/div>\n\t\t\t\t<\/div>\n\t\t\t\t<div class=\"elementor-element elementor-element-45a97d5 elementor-widget elementor-widget-button\" data-id=\"45a97d5\" data-element_type=\"widget\" data-widget_type=\"button.default\">\n\t\t\t\t<div class=\"elementor-widget-container\">\n\t\t\t\t\t<div class=\"elementor-button-wrapper\">\n\t\t\t<a class=\"elementor-button elementor-button-link elementor-size-sm\" href=\"https:\/\/www.republicain-lorrain.fr\/edition-de-saint-avold-creutzwald\/2016\/09\/01\/le-bac-pro-environnement-remis-a-l-an-prochain\">\n\t\t\t\t\t\t<span class=\"elementor-button-content-wrapper\">\n\t\t\t\t\t\t\t\t\t<span class=\"elementor-button-text\">En savoir plus<\/span>\n\t\t\t\t\t<\/span>\n\t\t\t\t\t<\/a>\n\t\t<\/div>\n\t\t\t\t<\/div>\n\t\t\t\t<\/div>\n\t\t\t\t\t<\/div>\n\t\t<\/div>\n\t\t\t\t\t<\/div>\n\t\t<\/section>\n\t\t\t\t<section class=\"elementor-section elementor-top-section elementor-element elementor-element-765ebe5 elementor-section-content-middle elementor-section-stretched elementor-section-boxed elementor-section-height-default elementor-section-height-default\" data-id=\"765ebe5\" data-element_type=\"section\" data-settings=\"{&quot;stretch_section&quot;:&quot;section-stretched&quot;,&quot;background_background&quot;:&quot;classic&quot;}\">\n\t\t\t\t\t\t<div class=\"elementor-container elementor-column-gap-no\">\n\t\t\t\t\t<div class=\"elementor-column elementor-col-50 elementor-top-column elementor-element elementor-element-4951d5e\" data-id=\"4951d5e\" data-element_type=\"column\">\n\t\t\t<div class=\"elementor-widget-wrap elementor-element-populated\">\n\t\t\t\t\t\t<div class=\"elementor-element elementor-element-468e880 elementor-widget elementor-widget-image\" data-id=\"468e880\" data-element_type=\"widget\" data-widget_type=\"image.default\">\n\t\t\t\t<div class=\"elementor-widget-container\">\n\t\t\t\t\t\t\t\t\t\t\t\t\t<img loading=\"lazy\" decoding=\"async\" width=\"1024\" height=\"683\" src=\"https:\/\/lp-interentreprises.com\/wp-content\/uploads\/2023\/03\/34-1.jpg\" class=\"attachment-full size-full wp-image-1602\" alt=\"\" srcset=\"https:\/\/lp-interentreprises.com\/wp-content\/uploads\/2023\/03\/34-1.jpg 1024w, https:\/\/lp-interentreprises.com\/wp-content\/uploads\/2023\/03\/34-1-300x200.jpg 300w, https:\/\/lp-interentreprises.com\/wp-content\/uploads\/2023\/03\/34-1-768x512.jpg 768w\" sizes=\"(max-width: 1024px) 100vw, 1024px\" \/>\t\t\t\t\t\t\t\t\t\t\t\t\t<\/div>\n\t\t\t\t<\/div>\n\t\t\t\t\t<\/div>\n\t\t<\/div>\n\t\t\t\t<div class=\"elementor-column elementor-col-50 elementor-top-column elementor-element elementor-element-bceca7f\" data-id=\"bceca7f\" data-element_type=\"column\">\n\t\t\t<div class=\"elementor-widget-wrap elementor-element-populated\">\n\t\t\t\t\t\t<div class=\"elementor-element elementor-element-1fac10f elementor-widget elementor-widget-heading\" data-id=\"1fac10f\" data-element_type=\"widget\" data-widget_type=\"heading.default\">\n\t\t\t\t<div class=\"elementor-widget-container\">\n\t\t\t<h3 class=\"elementor-heading-title elementor-size-medium\">Un skate-parc con\u00e7u par les \u00e9l\u00e8ves<\/h3>\t\t<\/div>\n\t\t\t\t<\/div>\n\t\t\t\t<div class=\"elementor-element elementor-element-53e5ea5 elementor-widget elementor-widget-text-editor\" data-id=\"53e5ea5\" data-element_type=\"widget\" data-widget_type=\"text-editor.default\">\n\t\t\t\t<div class=\"elementor-widget-container\">\n\t\t\t\t\t\t\t<div class=\"preview non-paywall2\">\n<div class=\"previewContent\">\n<p>Le complexe sportif de Cr\u00e9hange est d\u00e9sormais dot\u00e9 d\u2019un skate-parc, accessible \u00e0 tous. Sa construction ne d\u00e9coule pas de la seule volont\u00e9 de la municipalit\u00e9. En d\u00e9but d\u2019ann\u00e9e 2017 deux \u00e9l\u00e8ves de lyc\u00e9e, l\u2019un du LPI de Faulquemont, l\u2019autre du lyc\u00e9e technologique et professionnel Charles-Jully de Saint-Avold ont rencontr\u00e9 l\u2019adjoint au maire Georges Kirchner, puis le maire pour pr\u00e9senter leur projet : ouvrir une association de skate-board et&#8230;<\/p>\n<\/div>\n<\/div>\n<div id=\"poool-widget\">\u00a0<\/div>\t\t\t\t\t\t<\/div>\n\t\t\t\t<\/div>\n\t\t\t\t<div class=\"elementor-element elementor-element-3f6996c elementor-widget elementor-widget-button\" data-id=\"3f6996c\" data-element_type=\"widget\" data-widget_type=\"button.default\">\n\t\t\t\t<div class=\"elementor-widget-container\">\n\t\t\t\t\t<div class=\"elementor-button-wrapper\">\n\t\t\t<a class=\"elementor-button elementor-button-link elementor-size-sm\" href=\"https:\/\/www.republicain-lorrain.fr\/edition-de-saint-avold-creutzwald\/2017\/07\/01\/un-skate-parc-concu-par-les-eleves\">\n\t\t\t\t\t\t<span class=\"elementor-button-content-wrapper\">\n\t\t\t\t\t\t\t\t\t<span class=\"elementor-button-text\">En savoir plus<\/span>\n\t\t\t\t\t<\/span>\n\t\t\t\t\t<\/a>\n\t\t<\/div>\n\t\t\t\t<\/div>\n\t\t\t\t<\/div>\n\t\t\t\t\t<\/div>\n\t\t<\/div>\n\t\t\t\t\t<\/div>\n\t\t<\/section>\n\t\t\t\t<section class=\"elementor-section elementor-top-section elementor-element elementor-element-b24357c elementor-section-stretched elementor-section-boxed elementor-section-height-default elementor-section-height-default\" data-id=\"b24357c\" data-element_type=\"section\" data-settings=\"{&quot;stretch_section&quot;:&quot;section-stretched&quot;,&quot;background_background&quot;:&quot;classic&quot;}\">\n\t\t\t\t\t\t<div class=\"elementor-container elementor-column-gap-default\">\n\t\t\t\t\t<div class=\"elementor-column elementor-col-33 elementor-top-column elementor-element elementor-element-18ee609\" data-id=\"18ee609\" data-element_type=\"column\">\n\t\t\t<div class=\"elementor-widget-wrap elementor-element-populated\">\n\t\t\t\t\t\t<div class=\"elementor-element elementor-element-533aacd elementor-widget elementor-widget-text-editor\" data-id=\"533aacd\" data-element_type=\"widget\" data-widget_type=\"text-editor.default\">\n\t\t\t\t<div class=\"elementor-widget-container\">\n\t\t\t\t\t\t\t<h5><br><\/h5><h5>HORAIRES<\/h5>\n<p><br><\/p>\n<p>Lundi au vendredi &nbsp;: 8h30 \u2013 16h30<br><\/p>\t\t\t\t\t\t<\/div>\n\t\t\t\t<\/div>\n\t\t\t\t\t<\/div>\n\t\t<\/div>\n\t\t\t\t<div class=\"elementor-column elementor-col-33 elementor-top-column elementor-element elementor-element-02dbe57\" data-id=\"02dbe57\" data-element_type=\"column\">\n\t\t\t<div class=\"elementor-widget-wrap elementor-element-populated\">\n\t\t\t\t\t\t<div class=\"elementor-element elementor-element-1741293 elementor-widget elementor-widget-text-editor\" data-id=\"1741293\" data-element_type=\"widget\" data-widget_type=\"text-editor.default\">\n\t\t\t\t<div class=\"elementor-widget-container\">\n\t\t\t\t\t\t\t<h5>\u00a0<\/h5><h5>ADRESSES<\/h5><div>\u00a0<\/div><p>2B Rue des Huiliers<\/p><p>\u00a057220 BOULAY<\/p><p>1 All\u00e9e Ren\u00e9 Cassin\u00a0<\/p><p>57380 FAULQUEMONT<\/p><p style=\"margin-top: 32px; margin-bottom: 32px; text-transform: uppercase;\">\u00a0<\/p>\t\t\t\t\t\t<\/div>\n\t\t\t\t<\/div>\n\t\t\t\t\t<\/div>\n\t\t<\/div>\n\t\t\t\t<div class=\"elementor-column elementor-col-33 elementor-top-column elementor-element elementor-element-a0983a8\" data-id=\"a0983a8\" data-element_type=\"column\">\n\t\t\t<div class=\"elementor-widget-wrap elementor-element-populated\">\n\t\t\t\t\t\t<div class=\"elementor-element elementor-element-68a39a7 elementor-widget elementor-widget-text-editor\" data-id=\"68a39a7\" data-element_type=\"widget\" data-widget_type=\"text-editor.default\">\n\t\t\t\t<div class=\"elementor-widget-container\">\n\t\t\t\t\t\t\t<h5>\u00a0<\/h5><h5>CONTACT<\/h5><div>\u00a0<\/div><div><span style=\"color: var( --e-global-color-text ); font-family: var( --e-global-typography-text-font-family ), Sans-serif; font-size: 1rem;\">03 87 79 21 76<\/span><\/div><p><a href=\"mailto:accueil@lp-interentreprises.fr\">accueil@lp-interentreprises.fr<\/a><\/p><p>\u00a0<\/p>\t\t\t\t\t\t<\/div>\n\t\t\t\t<\/div>\n\t\t\t\t\t<\/div>\n\t\t<\/div>\n\t\t\t\t\t<\/div>\n\t\t<\/section>\n\t\t\t\t<section class=\"elementor-section elementor-top-section elementor-element elementor-element-e73b60a elementor-section-content-middle elementor-section-stretched elementor-section-boxed elementor-section-height-default elementor-section-height-default\" data-id=\"e73b60a\" data-element_type=\"section\" data-settings=\"{&quot;stretch_section&quot;:&quot;section-stretched&quot;,&quot;background_background&quot;:&quot;classic&quot;}\">\n\t\t\t\t\t\t<div class=\"elementor-container elementor-column-gap-no\">\n\t\t\t\t\t<div class=\"elementor-column elementor-col-100 elementor-top-column elementor-element elementor-element-8ed4ab0\" data-id=\"8ed4ab0\" data-element_type=\"column\">\n\t\t\t<div class=\"elementor-widget-wrap elementor-element-populated\">\n\t\t\t\t\t\t<div class=\"elementor-element elementor-element-1a4e8f9 elementor-widget elementor-widget-image\" data-id=\"1a4e8f9\" data-element_type=\"widget\" data-widget_type=\"image.default\">\n\t\t\t\t<div class=\"elementor-widget-container\">\n\t\t\t\t\t\t\t\t\t\t\t\t\t<img loading=\"lazy\" decoding=\"async\" width=\"786\" height=\"704\" src=\"https:\/\/lp-interentreprises.com\/wp-content\/uploads\/2025\/03\/Capture-decran-2025-03-21-a-18.00.52.png\" class=\"attachment-full size-full wp-image-3419\" alt=\"\" srcset=\"https:\/\/lp-interentreprises.com\/wp-content\/uploads\/2025\/03\/Capture-decran-2025-03-21-a-18.00.52.png 786w, https:\/\/lp-interentreprises.com\/wp-content\/uploads\/2025\/03\/Capture-decran-2025-03-21-a-18.00.52-300x269.png 300w, https:\/\/lp-interentreprises.com\/wp-content\/uploads\/2025\/03\/Capture-decran-2025-03-21-a-18.00.52-768x688.png 768w\" sizes=\"(max-width: 786px) 100vw, 786px\" \/>\t\t\t\t\t\t\t\t\t\t\t\t\t<\/div>\n\t\t\t\t<\/div>\n\t\t\t\t<div class=\"elementor-element elementor-element-b2aab3d elementor-widget elementor-widget-heading\" data-id=\"b2aab3d\" data-element_type=\"widget\" data-widget_type=\"heading.default\">\n\t\t\t\t<div class=\"elementor-widget-container\">\n\t\t\t<h3 class=\"elementor-heading-title elementor-size-medium\">Le lyc\u00e9e professionnel d\u00e9voile ses atouts<\/h3>\t\t<\/div>\n\t\t\t\t<\/div>\n\t\t\t\t<div class=\"elementor-element elementor-element-67f6939 elementor-widget elementor-widget-text-editor\" data-id=\"67f6939\" data-element_type=\"widget\" data-widget_type=\"text-editor.default\">\n\t\t\t\t<div class=\"elementor-widget-container\">\n\t\t\t\t\t\t\t<p>Les enseignants et \u00e9l\u00e8ves du lyc\u00e9e professionnel interentreprises (LPI) se sont mobilis\u00e9s \u00e0 l\u2019occasion des portes ouvertes de l\u2019\u00e9tablissement de Faulquemont. Une op\u00e9ration qui a rencontr\u00e9 un franc succ\u00e8s, attirant de nombreux visiteurs.<\/p><p>\u00a0<\/p><p>\u00ab\u00a0L\u2019objectif de cette journ\u00e9e \u00e9tait de pr\u00e9senter nos fili\u00e8res industrielles sur nos deux sites, Faulquemont et Boulay\u00a0\u00bb, explique St\u00e9phane Mostefa, responsable de l\u2019antenne du LPI (lyc\u00e9e professionnel interentreprises) de Faulquemont. Sur ce site, les formations propos\u00e9es incluent le bac pro technicien en chaudronnerie industrielle (TCI), et dans la continuit\u00e9 le BTS conception et r\u00e9alisation en chaudronnerie industrielle, le BTS maintenance des syst\u00e8mes (MS) et la 3<sup>e<\/sup> Pr\u00e9pa m\u00e9tiers, qui pr\u00e9pare les \u00e9l\u00e8ves aux formations professionnelles.<\/p><p>\u00a0<\/p><p>Du c\u00f4t\u00e9 de Boulay, le lyc\u00e9e propose le bac pro technicien en r\u00e9alisation de produits m\u00e9caniques (TRPM) \u2013 option r\u00e9alisation et suivi de production, le bac pro maintenance, le CAP \u00e9lectricien, le CAP serrurier-m\u00e9tallier et une 3e Pr\u00e9pa m\u00e9tiers.<\/p>\t\t\t\t\t\t<\/div>\n\t\t\t\t<\/div>\n\t\t\t\t<div class=\"elementor-element elementor-element-a494c06 elementor-widget elementor-widget-button\" data-id=\"a494c06\" data-element_type=\"widget\" data-widget_type=\"button.default\">\n\t\t\t\t<div class=\"elementor-widget-container\">\n\t\t\t\t\t<div class=\"elementor-button-wrapper\">\n\t\t\t<a class=\"elementor-button elementor-button-link elementor-size-sm\" href=\"https:\/\/c.republicain-lorrain.fr\/education\/2025\/03\/19\/le-lycee-professionnel-devoile-ses-atouts\">\n\t\t\t\t\t\t<span class=\"elementor-button-content-wrapper\">\n\t\t\t\t\t\t\t\t\t<span class=\"elementor-button-text\">En savoir plus<\/span>\n\t\t\t\t\t<\/span>\n\t\t\t\t\t<\/a>\n\t\t<\/div>\n\t\t\t\t<\/div>\n\t\t\t\t<\/div>\n\t\t\t\t\t<\/div>\n\t\t<\/div>\n\t\t\t\t\t<\/div>\n\t\t<\/section>\n\t\t\t\t<section class=\"elementor-section elementor-top-section elementor-element elementor-element-504f633 elementor-section-content-middle elementor-section-stretched elementor-section-boxed elementor-section-height-default elementor-section-height-default\" data-id=\"504f633\" data-element_type=\"section\" data-settings=\"{&quot;stretch_section&quot;:&quot;section-stretched&quot;,&quot;background_background&quot;:&quot;classic&quot;}\">\n\t\t\t\t\t\t<div class=\"elementor-container elementor-column-gap-no\">\n\t\t\t\t\t<div class=\"elementor-column elementor-col-100 elementor-top-column elementor-element elementor-element-ef4cd5f\" data-id=\"ef4cd5f\" data-element_type=\"column\">\n\t\t\t<div class=\"elementor-widget-wrap elementor-element-populated\">\n\t\t\t\t\t\t<div class=\"elementor-element elementor-element-b08f6c0 elementor-widget elementor-widget-image\" data-id=\"b08f6c0\" data-element_type=\"widget\" data-widget_type=\"image.default\">\n\t\t\t\t<div class=\"elementor-widget-container\">\n\t\t\t\t\t\t\t\t\t\t\t\t\t<img loading=\"lazy\" decoding=\"async\" width=\"786\" height=\"704\" src=\"https:\/\/lp-interentreprises.com\/wp-content\/uploads\/2025\/03\/Capture-decran-2025-03-21-a-18.00.52.png\" class=\"attachment-full size-full wp-image-3419\" alt=\"\" srcset=\"https:\/\/lp-interentreprises.com\/wp-content\/uploads\/2025\/03\/Capture-decran-2025-03-21-a-18.00.52.png 786w, https:\/\/lp-interentreprises.com\/wp-content\/uploads\/2025\/03\/Capture-decran-2025-03-21-a-18.00.52-300x269.png 300w, https:\/\/lp-interentreprises.com\/wp-content\/uploads\/2025\/03\/Capture-decran-2025-03-21-a-18.00.52-768x688.png 768w\" sizes=\"(max-width: 786px) 100vw, 786px\" \/>\t\t\t\t\t\t\t\t\t\t\t\t\t<\/div>\n\t\t\t\t<\/div>\n\t\t\t\t<div class=\"elementor-element elementor-element-70cf1fa elementor-widget elementor-widget-heading\" data-id=\"70cf1fa\" data-element_type=\"widget\" data-widget_type=\"heading.default\">\n\t\t\t\t<div class=\"elementor-widget-container\">\n\t\t\t<h3 class=\"elementor-heading-title elementor-size-medium\">Le lyc\u00e9e professionnel d\u00e9voile ses atouts<\/h3>\t\t<\/div>\n\t\t\t\t<\/div>\n\t\t\t\t<div class=\"elementor-element elementor-element-f7d70d9 elementor-widget elementor-widget-text-editor\" data-id=\"f7d70d9\" data-element_type=\"widget\" data-widget_type=\"text-editor.default\">\n\t\t\t\t<div class=\"elementor-widget-container\">\n\t\t\t\t\t\t\t<p>Les enseignants et \u00e9l\u00e8ves du lyc\u00e9e professionnel interentreprises (LPI) se sont mobilis\u00e9s \u00e0 l\u2019occasion des portes ouvertes de l\u2019\u00e9tablissement de Faulquemont. Une op\u00e9ration qui a rencontr\u00e9 un franc succ\u00e8s, attirant de nombreux visiteurs.<\/p><p>\u00a0<\/p><p>\u00ab\u00a0L\u2019objectif de cette journ\u00e9e \u00e9tait de pr\u00e9senter nos fili\u00e8res industrielles sur nos deux sites, Faulquemont et Boulay\u00a0\u00bb, explique St\u00e9phane Mostefa, responsable de l\u2019antenne du LPI (lyc\u00e9e professionnel interentreprises) de Faulquemont. Sur ce site, les formations propos\u00e9es incluent le bac pro technicien en chaudronnerie industrielle (TCI), et dans la continuit\u00e9 le BTS conception et r\u00e9alisation en chaudronnerie industrielle, le BTS maintenance des syst\u00e8mes (MS) et la 3<sup>e<\/sup> Pr\u00e9pa m\u00e9tiers, qui pr\u00e9pare les \u00e9l\u00e8ves aux formations professionnelles.<\/p><p>\u00a0<\/p><p>Du c\u00f4t\u00e9 de Boulay, le lyc\u00e9e propose le bac pro technicien en r\u00e9alisation de produits m\u00e9caniques (TRPM) \u2013 option r\u00e9alisation et suivi de production, le bac pro maintenance, le CAP \u00e9lectricien, le CAP serrurier-m\u00e9tallier et une 3e Pr\u00e9pa m\u00e9tiers.<\/p>\t\t\t\t\t\t<\/div>\n\t\t\t\t<\/div>\n\t\t\t\t<div class=\"elementor-element elementor-element-6f32d54 elementor-widget elementor-widget-button\" data-id=\"6f32d54\" data-element_type=\"widget\" data-widget_type=\"button.default\">\n\t\t\t\t<div class=\"elementor-widget-container\">\n\t\t\t\t\t<div class=\"elementor-button-wrapper\">\n\t\t\t<a class=\"elementor-button elementor-button-link elementor-size-sm\" href=\"https:\/\/c.republicain-lorrain.fr\/education\/2025\/03\/19\/le-lycee-professionnel-devoile-ses-atouts\">\n\t\t\t\t\t\t<span class=\"elementor-button-content-wrapper\">\n\t\t\t\t\t\t\t\t\t<span class=\"elementor-button-text\">En savoir plus<\/span>\n\t\t\t\t\t<\/span>\n\t\t\t\t\t<\/a>\n\t\t<\/div>\n\t\t\t\t<\/div>\n\t\t\t\t<\/div>\n\t\t\t\t\t<\/div>\n\t\t<\/div>\n\t\t\t\t\t<\/div>\n\t\t<\/section>\n\t\t\t\t<\/div>\n\t\t","protected":false},"excerpt":{"rendered":"<p>Le lyc\u00e9e professionnel a fait d\u00e9couvrir ses installations et ses fili\u00e8res Le lyc\u00e9e professionnel a fait d\u00e9couvrir ses installations et ses fili\u00e8resLa journ\u00e9e de samedi a \u00e9t\u00e9 anim\u00e9e au lyc\u00e9e professionnel interentreprises, \u00e0 l\u2019occasion des portes ouvertes. M\u00eame si l\u2019op\u00e9ration n\u2019a pas accueilli la grande foule, elle a attir\u00e9 parents et futurs \u00e9l\u00e8ves potentiels, le<a class=\"more-link\" href=\"https:\/\/lp-interentreprises.com\/index.php\/article-de-presse\/\">Lire la suite <span class=\"screen-reader-text\">&#8220;PRESSE&#8221;<\/span><\/a><\/p>\n","protected":false},"author":1,"featured_media":0,"parent":0,"menu_order":0,"comment_status":"closed","ping_status":"closed","template":"","meta":{"footnotes":""},"class_list":["post-187","page","type-page","status-publish","hentry","entry"],"jetpack_sharing_enabled":true,"_links":{"self":[{"href":"https:\/\/lp-interentreprises.com\/index.php\/wp-json\/wp\/v2\/pages\/187","targetHints":{"allow":["GET"]}}],"collection":[{"href":"https:\/\/lp-interentreprises.com\/index.php\/wp-json\/wp\/v2\/pages"}],"about":[{"href":"https:\/\/lp-interentreprises.com\/index.php\/wp-json\/wp\/v2\/types\/page"}],"author":[{"embeddable":true,"href":"https:\/\/lp-interentreprises.com\/index.php\/wp-json\/wp\/v2\/users\/1"}],"replies":[{"embeddable":true,"href":"https:\/\/lp-interentreprises.com\/index.php\/wp-json\/wp\/v2\/comments?post=187"}],"version-history":[{"count":438,"href":"https:\/\/lp-interentreprises.com\/index.php\/wp-json\/wp\/v2\/pages\/187\/revisions"}],"predecessor-version":[{"id":3511,"href":"https:\/\/lp-interentreprises.com\/index.php\/wp-json\/wp\/v2\/pages\/187\/revisions\/3511"}],"wp:attachment":[{"href":"https:\/\/lp-interentreprises.com\/index.php\/wp-json\/wp\/v2\/media?parent=187"}],"curies":[{"name":"wp","href":"https:\/\/api.w.org\/{rel}","templated":true}]}}